{"id":7619,"date":"2025-10-13T18:17:22","date_gmt":"2025-10-13T21:17:22","guid":{"rendered":"https:\/\/ficer.com.ar\/2025\/?page_id=7619"},"modified":"2025-11-19T14:51:05","modified_gmt":"2025-11-19T17:51:05","slug":"noticias-del-festival-ficer-2025","status":"publish","type":"page","link":"https:\/\/ficer.com.ar\/2025\/noticias-del-festival-ficer-2025\/","title":{"rendered":"Noticias"},"content":{"rendered":"\t\t<div data-elementor-type=\"wp-page\" data-elementor-id=\"7619\" class=\"elementor elementor-7619\" data-elementor-post-type=\"page\">\n\t\t\t\t<div class=\"elementor-element elementor-element-5e62408 e-flex e-con-boxed wpr-particle-no wpr-jarallax-no wpr-parallax-no wpr-sticky-section-no wpr-equal-height-no e-con e-parent\" data-id=\"5e62408\" data-element_type=\"container\" data-e-type=\"container\">\n\t\t\t\t\t<div class=\"e-con-inner\">\n\t\t\t\t<div class=\"elementor-element elementor-element-06823db elementor-widget__width-initial elementor-widget elementor-widget-heading\" data-id=\"06823db\" data-element_type=\"widget\" data-e-type=\"widget\" data-widget_type=\"heading.default\">\n\t\t\t\t\t<h2 class=\"elementor-heading-title elementor-size-default\">NOTICIAS<\/h2>\t\t\t\t<\/div>\n\t\t\t\t\t<\/div>\n\t\t\t\t<\/div>\n\t\t<div class=\"elementor-element elementor-element-6f27708 e-flex e-con-boxed wpr-particle-no wpr-jarallax-no wpr-parallax-no wpr-sticky-section-no wpr-equal-height-no e-con e-parent\" data-id=\"6f27708\" data-element_type=\"container\" data-e-type=\"container\">\n\t\t\t\t\t<div class=\"e-con-inner\">\n\t\t\t\t<div class=\"elementor-element elementor-element-3c5c503 elementor-grid-3 elementor-grid-tablet-2 elementor-grid-mobile-1 elementor-posts--thumbnail-top elementor-widget elementor-widget-posts\" data-id=\"3c5c503\" data-element_type=\"widget\" data-e-type=\"widget\" data-settings=\"{&quot;classic_row_gap&quot;:{&quot;unit&quot;:&quot;px&quot;,&quot;size&quot;:32,&quot;sizes&quot;:[]},&quot;classic_columns&quot;:&quot;3&quot;,&quot;classic_columns_tablet&quot;:&quot;2&quot;,&quot;classic_columns_mobile&quot;:&quot;1&quot;,&quot;classic_row_gap_tablet&quot;:{&quot;unit&quot;:&quot;px&quot;,&quot;size&quot;:&quot;&quot;,&quot;sizes&quot;:[]},&quot;classic_row_gap_mobile&quot;:{&quot;unit&quot;:&quot;px&quot;,&quot;size&quot;:&quot;&quot;,&quot;sizes&quot;:[]}}\" data-widget_type=\"posts.classic\">\n\t\t\t\t<div class=\"elementor-widget-container\">\n\t\t\t\t\t\t\t<div class=\"elementor-posts-container elementor-posts elementor-posts--skin-classic elementor-grid\" role=\"list\">\n\t\t\t\t<article class=\"elementor-post elementor-grid-item post-8964 post type-post status-publish format-standard has-post-thumbnail hentry category-ficer-2025\" role=\"listitem\">\n\t\t\t\t<a class=\"elementor-post__thumbnail__link\" href=\"https:\/\/ficer.com.ar\/2025\/el-ficer-entrego-los-premios-de-una-edicion-con-record-de-convocatoria\/\" tabindex=\"-1\" >\n\t\t\t<div class=\"elementor-post__thumbnail\"><img fetchpriority=\"high\" decoding=\"async\" width=\"800\" height=\"534\" src=\"https:\/\/ficer.com.ar\/2025\/wp-content\/uploads\/2025\/12\/Ficer-1024x683.jpg\" class=\"attachment-large size-large wp-image-8965\" alt=\"\" srcset=\"https:\/\/ficer.com.ar\/2025\/wp-content\/uploads\/2025\/12\/Ficer-1024x683.jpg 1024w, https:\/\/ficer.com.ar\/2025\/wp-content\/uploads\/2025\/12\/Ficer-300x200.jpg 300w, https:\/\/ficer.com.ar\/2025\/wp-content\/uploads\/2025\/12\/Ficer-768x512.jpg 768w, https:\/\/ficer.com.ar\/2025\/wp-content\/uploads\/2025\/12\/Ficer-1536x1024.jpg 1536w, https:\/\/ficer.com.ar\/2025\/wp-content\/uploads\/2025\/12\/Ficer.jpg 2040w\" sizes=\"(max-width: 800px) 100vw, 800px\" \/><\/div>\n\t\t<\/a>\n\t\t\t\t<div class=\"elementor-post__text\">\n\t\t\t\t<h3 class=\"elementor-post__title\">\n\t\t\t<a href=\"https:\/\/ficer.com.ar\/2025\/el-ficer-entrego-los-premios-de-una-edicion-con-record-de-convocatoria\/\" >\n\t\t\t\tEl FICER entreg\u00f3 los premios de una edici\u00f3n con r\u00e9cord de convocatoria\t\t\t<\/a>\n\t\t<\/h3>\n\t\t\t\t<div class=\"elementor-post__meta-data\">\n\t\t\t\t\t<span class=\"elementor-post-date\">\n\t\t\t01\/12\/2025\t\t<\/span>\n\t\t\t\t<\/div>\n\t\t\t\t<div class=\"elementor-post__excerpt\">\n\t\t\t<p>La ceremonia fue este s\u00e1bado en el Centro Provincial de Convenciones (CPC). Destacaron la gran convocatoria de esta edici\u00f3n y<\/p>\n\t\t<\/div>\n\t\t\n\t\t<a class=\"elementor-post__read-more\" href=\"https:\/\/ficer.com.ar\/2025\/el-ficer-entrego-los-premios-de-una-edicion-con-record-de-convocatoria\/\" aria-label=\"Read more about El FICER entreg\u00f3 los premios de una edici\u00f3n con r\u00e9cord de convocatoria\" tabindex=\"-1\" >\n\t\t\tLEER m\u00c1S\t\t<\/a>\n\n\t\t\t\t<\/div>\n\t\t\t\t<\/article>\n\t\t\t\t<article class=\"elementor-post elementor-grid-item post-8947 post type-post status-publish format-standard has-post-thumbnail hentry category-ficer-2025\" role=\"listitem\">\n\t\t\t\t<a class=\"elementor-post__thumbnail__link\" href=\"https:\/\/ficer.com.ar\/2025\/el-ficer-sumo-otra-jornada-multitudinaria-y-este-sabado-tiene-su-entrega-de-premios\/\" tabindex=\"-1\" >\n\t\t\t<div class=\"elementor-post__thumbnail\"><img decoding=\"async\" width=\"800\" height=\"534\" src=\"https:\/\/ficer.com.ar\/2025\/wp-content\/uploads\/2025\/11\/BELEN-1-1024x683.jpg\" class=\"attachment-large size-large wp-image-8948\" alt=\"\" srcset=\"https:\/\/ficer.com.ar\/2025\/wp-content\/uploads\/2025\/11\/BELEN-1-1024x683.jpg 1024w, https:\/\/ficer.com.ar\/2025\/wp-content\/uploads\/2025\/11\/BELEN-1-300x200.jpg 300w, https:\/\/ficer.com.ar\/2025\/wp-content\/uploads\/2025\/11\/BELEN-1-768x512.jpg 768w, https:\/\/ficer.com.ar\/2025\/wp-content\/uploads\/2025\/11\/BELEN-1-1536x1024.jpg 1536w, https:\/\/ficer.com.ar\/2025\/wp-content\/uploads\/2025\/11\/BELEN-1.jpg 1920w\" sizes=\"(max-width: 800px) 100vw, 800px\" \/><\/div>\n\t\t<\/a>\n\t\t\t\t<div class=\"elementor-post__text\">\n\t\t\t\t<h3 class=\"elementor-post__title\">\n\t\t\t<a href=\"https:\/\/ficer.com.ar\/2025\/el-ficer-sumo-otra-jornada-multitudinaria-y-este-sabado-tiene-su-entrega-de-premios\/\" >\n\t\t\t\tEl FICER sum\u00f3 otra jornada multitudinaria y este s\u00e1bado tiene su entrega de premios\t\t\t<\/a>\n\t\t<\/h3>\n\t\t\t\t<div class=\"elementor-post__meta-data\">\n\t\t\t\t\t<span class=\"elementor-post-date\">\n\t\t\t29\/11\/2025\t\t<\/span>\n\t\t\t\t<\/div>\n\t\t\t\t<div class=\"elementor-post__excerpt\">\n\t\t\t<p>El Festival Internacional de Cine de Entre R\u00edos contin\u00faa con gran respuesta de p\u00fablico y este viernes sobresali\u00f3 Bel\u00e9n, pel\u00edcula<\/p>\n\t\t<\/div>\n\t\t\n\t\t<a class=\"elementor-post__read-more\" href=\"https:\/\/ficer.com.ar\/2025\/el-ficer-sumo-otra-jornada-multitudinaria-y-este-sabado-tiene-su-entrega-de-premios\/\" aria-label=\"Read more about El FICER sum\u00f3 otra jornada multitudinaria y este s\u00e1bado tiene su entrega de premios\" tabindex=\"-1\" >\n\t\t\tLEER m\u00c1S\t\t<\/a>\n\n\t\t\t\t<\/div>\n\t\t\t\t<\/article>\n\t\t\t\t<article class=\"elementor-post elementor-grid-item post-8940 post type-post status-publish format-standard has-post-thumbnail hentry category-ficer-2025\" role=\"listitem\">\n\t\t\t\t<a class=\"elementor-post__thumbnail__link\" href=\"https:\/\/ficer.com.ar\/2025\/el-fomento-a-la-industria-audiovisual-es-uno-de-los-ejes-del-ficer\/\" tabindex=\"-1\" >\n\t\t\t<div class=\"elementor-post__thumbnail\"><img decoding=\"async\" width=\"800\" height=\"534\" src=\"https:\/\/ficer.com.ar\/2025\/wp-content\/uploads\/2025\/11\/Ficer-Forum-2-1024x683.jpg\" class=\"attachment-large size-large wp-image-8944\" alt=\"\" srcset=\"https:\/\/ficer.com.ar\/2025\/wp-content\/uploads\/2025\/11\/Ficer-Forum-2-1024x683.jpg 1024w, https:\/\/ficer.com.ar\/2025\/wp-content\/uploads\/2025\/11\/Ficer-Forum-2-300x200.jpg 300w, https:\/\/ficer.com.ar\/2025\/wp-content\/uploads\/2025\/11\/Ficer-Forum-2-768x512.jpg 768w, https:\/\/ficer.com.ar\/2025\/wp-content\/uploads\/2025\/11\/Ficer-Forum-2-1536x1024.jpg 1536w, https:\/\/ficer.com.ar\/2025\/wp-content\/uploads\/2025\/11\/Ficer-Forum-2.jpg 1920w\" sizes=\"(max-width: 800px) 100vw, 800px\" \/><\/div>\n\t\t<\/a>\n\t\t\t\t<div class=\"elementor-post__text\">\n\t\t\t\t<h3 class=\"elementor-post__title\">\n\t\t\t<a href=\"https:\/\/ficer.com.ar\/2025\/el-fomento-a-la-industria-audiovisual-es-uno-de-los-ejes-del-ficer\/\" >\n\t\t\t\tEl fomento a la industria audiovisual es uno de los ejes del FICER\t\t\t<\/a>\n\t\t<\/h3>\n\t\t\t\t<div class=\"elementor-post__meta-data\">\n\t\t\t\t\t<span class=\"elementor-post-date\">\n\t\t\t28\/11\/2025\t\t<\/span>\n\t\t\t\t<\/div>\n\t\t\t\t<div class=\"elementor-post__excerpt\">\n\t\t\t<p>Este jueves se realiz\u00f3 la premiaci\u00f3n del Forum, espacio dedicado a proyectos de primeras y segundas pel\u00edculas en desarrollo. Este<\/p>\n\t\t<\/div>\n\t\t\n\t\t<a class=\"elementor-post__read-more\" href=\"https:\/\/ficer.com.ar\/2025\/el-fomento-a-la-industria-audiovisual-es-uno-de-los-ejes-del-ficer\/\" aria-label=\"Read more about El fomento a la industria audiovisual es uno de los ejes del FICER\" tabindex=\"-1\" >\n\t\t\tLEER m\u00c1S\t\t<\/a>\n\n\t\t\t\t<\/div>\n\t\t\t\t<\/article>\n\t\t\t\t<article class=\"elementor-post elementor-grid-item post-8675 post type-post status-publish format-standard has-post-thumbnail hentry category-ficer-2025\" role=\"listitem\">\n\t\t\t\t<a class=\"elementor-post__thumbnail__link\" href=\"https:\/\/ficer.com.ar\/2025\/un-cabo-suelto-cierre-del-ficer\/\" tabindex=\"-1\" >\n\t\t\t<div class=\"elementor-post__thumbnail\"><img loading=\"lazy\" decoding=\"async\" width=\"800\" height=\"534\" src=\"https:\/\/ficer.com.ar\/2025\/wp-content\/uploads\/2025\/11\/FICER-Portada-2-1024x683.jpg\" class=\"attachment-large size-large wp-image-8939\" alt=\"\" srcset=\"https:\/\/ficer.com.ar\/2025\/wp-content\/uploads\/2025\/11\/FICER-Portada-2-1024x683.jpg 1024w, https:\/\/ficer.com.ar\/2025\/wp-content\/uploads\/2025\/11\/FICER-Portada-2-300x200.jpg 300w, https:\/\/ficer.com.ar\/2025\/wp-content\/uploads\/2025\/11\/FICER-Portada-2-768x512.jpg 768w, https:\/\/ficer.com.ar\/2025\/wp-content\/uploads\/2025\/11\/FICER-Portada-2-1536x1024.jpg 1536w, https:\/\/ficer.com.ar\/2025\/wp-content\/uploads\/2025\/11\/FICER-Portada-2.jpg 1920w\" sizes=\"(max-width: 800px) 100vw, 800px\" \/><\/div>\n\t\t<\/a>\n\t\t\t\t<div class=\"elementor-post__text\">\n\t\t\t\t<h3 class=\"elementor-post__title\">\n\t\t\t<a href=\"https:\/\/ficer.com.ar\/2025\/un-cabo-suelto-cierre-del-ficer\/\" >\n\t\t\t\tUn cabo suelto, cierre del FICER\t\t\t<\/a>\n\t\t<\/h3>\n\t\t\t\t<div class=\"elementor-post__meta-data\">\n\t\t\t\t\t<span class=\"elementor-post-date\">\n\t\t\t28\/11\/2025\t\t<\/span>\n\t\t\t\t<\/div>\n\t\t\t\t<div class=\"elementor-post__excerpt\">\n\t\t\t<p>Un agente perseguido por la propia fuerza policial es la premisa de Un cabo suelto, pel\u00edcula escrita y dirigida por<\/p>\n\t\t<\/div>\n\t\t\n\t\t<a class=\"elementor-post__read-more\" href=\"https:\/\/ficer.com.ar\/2025\/un-cabo-suelto-cierre-del-ficer\/\" aria-label=\"Read more about Un cabo suelto, cierre del FICER\" tabindex=\"-1\" >\n\t\t\tLEER m\u00c1S\t\t<\/a>\n\n\t\t\t\t<\/div>\n\t\t\t\t<\/article>\n\t\t\t\t<article class=\"elementor-post elementor-grid-item post-8882 post type-post status-publish format-standard has-post-thumbnail hentry category-ficer-2025\" role=\"listitem\">\n\t\t\t\t<a class=\"elementor-post__thumbnail__link\" href=\"https:\/\/ficer.com.ar\/2025\/premio-tilda-thamar-el-maximo-galardon-del-ficer-2025\/\" tabindex=\"-1\" >\n\t\t\t<div class=\"elementor-post__thumbnail\"><img loading=\"lazy\" decoding=\"async\" width=\"800\" height=\"450\" src=\"https:\/\/ficer.com.ar\/2025\/wp-content\/uploads\/2025\/11\/PLACA-FIJA-TILDA-THAMAR-1024x576.jpg\" class=\"attachment-large size-large wp-image-8938\" alt=\"\" srcset=\"https:\/\/ficer.com.ar\/2025\/wp-content\/uploads\/2025\/11\/PLACA-FIJA-TILDA-THAMAR-1024x576.jpg 1024w, https:\/\/ficer.com.ar\/2025\/wp-content\/uploads\/2025\/11\/PLACA-FIJA-TILDA-THAMAR-300x169.jpg 300w, https:\/\/ficer.com.ar\/2025\/wp-content\/uploads\/2025\/11\/PLACA-FIJA-TILDA-THAMAR-768x432.jpg 768w, https:\/\/ficer.com.ar\/2025\/wp-content\/uploads\/2025\/11\/PLACA-FIJA-TILDA-THAMAR-1536x864.jpg 1536w, https:\/\/ficer.com.ar\/2025\/wp-content\/uploads\/2025\/11\/PLACA-FIJA-TILDA-THAMAR.jpg 1920w\" sizes=\"(max-width: 800px) 100vw, 800px\" \/><\/div>\n\t\t<\/a>\n\t\t\t\t<div class=\"elementor-post__text\">\n\t\t\t\t<h3 class=\"elementor-post__title\">\n\t\t\t<a href=\"https:\/\/ficer.com.ar\/2025\/premio-tilda-thamar-el-maximo-galardon-del-ficer-2025\/\" >\n\t\t\t\tPremio Tilda Thamar, el m\u00e1ximo galard\u00f3n del FICER 2025\t\t\t<\/a>\n\t\t<\/h3>\n\t\t\t\t<div class=\"elementor-post__meta-data\">\n\t\t\t\t\t<span class=\"elementor-post-date\">\n\t\t\t27\/11\/2025\t\t<\/span>\n\t\t\t\t<\/div>\n\t\t\t\t<div class=\"elementor-post__excerpt\">\n\t\t\t<p>El Festival Internacional de Cine de Entre R\u00edos (FICER) cuenta entre sus distinciones con el premio Tilda Thamar a la<\/p>\n\t\t<\/div>\n\t\t\n\t\t<a class=\"elementor-post__read-more\" href=\"https:\/\/ficer.com.ar\/2025\/premio-tilda-thamar-el-maximo-galardon-del-ficer-2025\/\" aria-label=\"Read more about Premio Tilda Thamar, el m\u00e1ximo galard\u00f3n del FICER 2025\" tabindex=\"-1\" >\n\t\t\tLEER m\u00c1S\t\t<\/a>\n\n\t\t\t\t<\/div>\n\t\t\t\t<\/article>\n\t\t\t\t<article class=\"elementor-post elementor-grid-item post-8935 post type-post status-publish format-standard has-post-thumbnail hentry category-ficer-2025\" role=\"listitem\">\n\t\t\t\t<a class=\"elementor-post__thumbnail__link\" href=\"https:\/\/ficer.com.ar\/2025\/mas-de-800-personas-colmaron-el-cpc-para-ver-una-pelicula-entrerriana-en-el-ficer\/\" tabindex=\"-1\" >\n\t\t\t<div class=\"elementor-post__thumbnail\"><img loading=\"lazy\" decoding=\"async\" width=\"800\" height=\"534\" src=\"https:\/\/ficer.com.ar\/2025\/wp-content\/uploads\/2025\/11\/Emboscada-5-1024x683.jpg\" class=\"attachment-large size-large wp-image-8936\" alt=\"\" srcset=\"https:\/\/ficer.com.ar\/2025\/wp-content\/uploads\/2025\/11\/Emboscada-5-1024x683.jpg 1024w, https:\/\/ficer.com.ar\/2025\/wp-content\/uploads\/2025\/11\/Emboscada-5-300x200.jpg 300w, https:\/\/ficer.com.ar\/2025\/wp-content\/uploads\/2025\/11\/Emboscada-5-768x512.jpg 768w, https:\/\/ficer.com.ar\/2025\/wp-content\/uploads\/2025\/11\/Emboscada-5-1536x1024.jpg 1536w, https:\/\/ficer.com.ar\/2025\/wp-content\/uploads\/2025\/11\/Emboscada-5.jpg 1920w\" sizes=\"(max-width: 800px) 100vw, 800px\" \/><\/div>\n\t\t<\/a>\n\t\t\t\t<div class=\"elementor-post__text\">\n\t\t\t\t<h3 class=\"elementor-post__title\">\n\t\t\t<a href=\"https:\/\/ficer.com.ar\/2025\/mas-de-800-personas-colmaron-el-cpc-para-ver-una-pelicula-entrerriana-en-el-ficer\/\" >\n\t\t\t\tM\u00e1s de 800 personas colmaron el CPC para ver una pel\u00edcula entrerriana en el FICER\u00a0\t\t\t<\/a>\n\t\t<\/h3>\n\t\t\t\t<div class=\"elementor-post__meta-data\">\n\t\t\t\t\t<span class=\"elementor-post-date\">\n\t\t\t27\/11\/2025\t\t<\/span>\n\t\t\t\t<\/div>\n\t\t\t\t<div class=\"elementor-post__excerpt\">\n\t\t\t<p>Se trata de Emboscada, de Mauro Bedendo, que se proyect\u00f3 este mi\u00e9rcoles. Filmada en Paran\u00e1, Villa Urquiza y La Picada,<\/p>\n\t\t<\/div>\n\t\t\n\t\t<a class=\"elementor-post__read-more\" href=\"https:\/\/ficer.com.ar\/2025\/mas-de-800-personas-colmaron-el-cpc-para-ver-una-pelicula-entrerriana-en-el-ficer\/\" aria-label=\"Read more about M\u00e1s de 800 personas colmaron el CPC para ver una pel\u00edcula entrerriana en el FICER\u00a0\" tabindex=\"-1\" >\n\t\t\tLEER m\u00c1S\t\t<\/a>\n\n\t\t\t\t<\/div>\n\t\t\t\t<\/article>\n\t\t\t\t<article class=\"elementor-post elementor-grid-item post-8928 post type-post status-publish format-standard has-post-thumbnail hentry category-ficer-2025\" role=\"listitem\">\n\t\t\t\t<a class=\"elementor-post__thumbnail__link\" href=\"https:\/\/ficer.com.ar\/2025\/continua-la-programacion-del-festival-internacional-de-cine-de-entre-rios-ficer\/\" tabindex=\"-1\" >\n\t\t\t<div class=\"elementor-post__thumbnail\"><img loading=\"lazy\" decoding=\"async\" width=\"800\" height=\"534\" src=\"https:\/\/ficer.com.ar\/2025\/wp-content\/uploads\/2025\/11\/Ficer-Primera-Jornada-Portada-1024x683.jpg\" class=\"attachment-large size-large wp-image-8931\" alt=\"\" srcset=\"https:\/\/ficer.com.ar\/2025\/wp-content\/uploads\/2025\/11\/Ficer-Primera-Jornada-Portada-1024x683.jpg 1024w, https:\/\/ficer.com.ar\/2025\/wp-content\/uploads\/2025\/11\/Ficer-Primera-Jornada-Portada-300x200.jpg 300w, https:\/\/ficer.com.ar\/2025\/wp-content\/uploads\/2025\/11\/Ficer-Primera-Jornada-Portada-768x512.jpg 768w, https:\/\/ficer.com.ar\/2025\/wp-content\/uploads\/2025\/11\/Ficer-Primera-Jornada-Portada-1536x1024.jpg 1536w, https:\/\/ficer.com.ar\/2025\/wp-content\/uploads\/2025\/11\/Ficer-Primera-Jornada-Portada.jpg 1920w\" sizes=\"(max-width: 800px) 100vw, 800px\" \/><\/div>\n\t\t<\/a>\n\t\t\t\t<div class=\"elementor-post__text\">\n\t\t\t\t<h3 class=\"elementor-post__title\">\n\t\t\t<a href=\"https:\/\/ficer.com.ar\/2025\/continua-la-programacion-del-festival-internacional-de-cine-de-entre-rios-ficer\/\" >\n\t\t\t\tContin\u00faa la programaci\u00f3n del Festival Internacional de Cine de Entre R\u00edos (FICER)\t\t\t<\/a>\n\t\t<\/h3>\n\t\t\t\t<div class=\"elementor-post__meta-data\">\n\t\t\t\t\t<span class=\"elementor-post-date\">\n\t\t\t26\/11\/2025\t\t<\/span>\n\t\t\t\t<\/div>\n\t\t\t\t<div class=\"elementor-post__excerpt\">\n\t\t\t<p>Este mi\u00e9rcoles siguen las proyecciones y actividades especiales con entrada libre y gratuita. En el primer d\u00eda se entregaron, adem\u00e1s,<\/p>\n\t\t<\/div>\n\t\t\n\t\t<a class=\"elementor-post__read-more\" href=\"https:\/\/ficer.com.ar\/2025\/continua-la-programacion-del-festival-internacional-de-cine-de-entre-rios-ficer\/\" aria-label=\"Read more about Contin\u00faa la programaci\u00f3n del Festival Internacional de Cine de Entre R\u00edos (FICER)\" tabindex=\"-1\" >\n\t\t\tLEER m\u00c1S\t\t<\/a>\n\n\t\t\t\t<\/div>\n\t\t\t\t<\/article>\n\t\t\t\t<article class=\"elementor-post elementor-grid-item post-8923 post type-post status-publish format-standard has-post-thumbnail hentry category-ficer-2025\" role=\"listitem\">\n\t\t\t\t<a class=\"elementor-post__thumbnail__link\" href=\"https:\/\/ficer.com.ar\/2025\/comenzo-el-festival-internacional-de-cine-de-entre-rios\/\" tabindex=\"-1\" >\n\t\t\t<div class=\"elementor-post__thumbnail\"><img loading=\"lazy\" decoding=\"async\" width=\"800\" height=\"534\" src=\"https:\/\/ficer.com.ar\/2025\/wp-content\/uploads\/2025\/11\/image-4-1024x683.jpeg\" class=\"attachment-large size-large wp-image-8926\" alt=\"\" srcset=\"https:\/\/ficer.com.ar\/2025\/wp-content\/uploads\/2025\/11\/image-4-1024x683.jpeg 1024w, https:\/\/ficer.com.ar\/2025\/wp-content\/uploads\/2025\/11\/image-4-300x200.jpeg 300w, https:\/\/ficer.com.ar\/2025\/wp-content\/uploads\/2025\/11\/image-4-768x512.jpeg 768w, https:\/\/ficer.com.ar\/2025\/wp-content\/uploads\/2025\/11\/image-4-1536x1024.jpeg 1536w, https:\/\/ficer.com.ar\/2025\/wp-content\/uploads\/2025\/11\/image-4.jpeg 1600w\" sizes=\"(max-width: 800px) 100vw, 800px\" \/><\/div>\n\t\t<\/a>\n\t\t\t\t<div class=\"elementor-post__text\">\n\t\t\t\t<h3 class=\"elementor-post__title\">\n\t\t\t<a href=\"https:\/\/ficer.com.ar\/2025\/comenzo-el-festival-internacional-de-cine-de-entre-rios\/\" >\n\t\t\t\tComenz\u00f3 el Festival Internacional de Cine de Entre R\u00edos\t\t\t<\/a>\n\t\t<\/h3>\n\t\t\t\t<div class=\"elementor-post__meta-data\">\n\t\t\t\t\t<span class=\"elementor-post-date\">\n\t\t\t26\/11\/2025\t\t<\/span>\n\t\t\t\t<\/div>\n\t\t\t\t<div class=\"elementor-post__excerpt\">\n\t\t\t<p>Este martes se realiz\u00f3 la gala de apertura del Festival Internacional de Cine de Entre R\u00edos (Ficer), evento organizado por<\/p>\n\t\t<\/div>\n\t\t\n\t\t<a class=\"elementor-post__read-more\" href=\"https:\/\/ficer.com.ar\/2025\/comenzo-el-festival-internacional-de-cine-de-entre-rios\/\" aria-label=\"Read more about Comenz\u00f3 el Festival Internacional de Cine de Entre R\u00edos\" tabindex=\"-1\" >\n\t\t\tLEER m\u00c1S\t\t<\/a>\n\n\t\t\t\t<\/div>\n\t\t\t\t<\/article>\n\t\t\t\t<article class=\"elementor-post elementor-grid-item post-8879 post type-post status-publish format-standard has-post-thumbnail hentry category-ficer-2025\" role=\"listitem\">\n\t\t\t\t<a class=\"elementor-post__thumbnail__link\" href=\"https:\/\/ficer.com.ar\/2025\/cinemateca-presente\/\" tabindex=\"-1\" >\n\t\t\t<div class=\"elementor-post__thumbnail\"><img loading=\"lazy\" decoding=\"async\" width=\"800\" height=\"534\" src=\"https:\/\/ficer.com.ar\/2025\/wp-content\/uploads\/2025\/11\/Cinemateca-3-1024x683.jpg\" class=\"attachment-large size-large wp-image-8921\" alt=\"\" srcset=\"https:\/\/ficer.com.ar\/2025\/wp-content\/uploads\/2025\/11\/Cinemateca-3-1024x683.jpg 1024w, https:\/\/ficer.com.ar\/2025\/wp-content\/uploads\/2025\/11\/Cinemateca-3-300x200.jpg 300w, https:\/\/ficer.com.ar\/2025\/wp-content\/uploads\/2025\/11\/Cinemateca-3-768x512.jpg 768w, https:\/\/ficer.com.ar\/2025\/wp-content\/uploads\/2025\/11\/Cinemateca-3-1536x1024.jpg 1536w, https:\/\/ficer.com.ar\/2025\/wp-content\/uploads\/2025\/11\/Cinemateca-3.jpg 1920w\" sizes=\"(max-width: 800px) 100vw, 800px\" \/><\/div>\n\t\t<\/a>\n\t\t\t\t<div class=\"elementor-post__text\">\n\t\t\t\t<h3 class=\"elementor-post__title\">\n\t\t\t<a href=\"https:\/\/ficer.com.ar\/2025\/cinemateca-presente\/\" >\n\t\t\t\tCinemateca, presente\t\t\t<\/a>\n\t\t<\/h3>\n\t\t\t\t<div class=\"elementor-post__meta-data\">\n\t\t\t\t\t<span class=\"elementor-post-date\">\n\t\t\t26\/11\/2025\t\t<\/span>\n\t\t\t\t<\/div>\n\t\t\t\t<div class=\"elementor-post__excerpt\">\n\t\t\t<p>Fue inaugurada el pasado 20 de noviembre la sede de Cinemateca de Entre R\u00edos en el edificio Mirador TEC (Gregoria<\/p>\n\t\t<\/div>\n\t\t\n\t\t<a class=\"elementor-post__read-more\" href=\"https:\/\/ficer.com.ar\/2025\/cinemateca-presente\/\" aria-label=\"Read more about Cinemateca, presente\" tabindex=\"-1\" >\n\t\t\tLEER m\u00c1S\t\t<\/a>\n\n\t\t\t\t<\/div>\n\t\t\t\t<\/article>\n\t\t\t\t<article class=\"elementor-post elementor-grid-item post-8885 post type-post status-publish format-standard has-post-thumbnail hentry category-ficer-2025\" role=\"listitem\">\n\t\t\t\t<a class=\"elementor-post__thumbnail__link\" href=\"https:\/\/ficer.com.ar\/2025\/el-documentalista-chileno-ignacio-aguero-sera-el-invitado-de-honor-del-7ficer\/\" tabindex=\"-1\" >\n\t\t\t<div class=\"elementor-post__thumbnail\"><img loading=\"lazy\" decoding=\"async\" width=\"800\" height=\"534\" src=\"https:\/\/ficer.com.ar\/2025\/wp-content\/uploads\/2025\/11\/Foco-Ignacio-Aguero-Portada-1024x683.jpg\" class=\"attachment-large size-large wp-image-8887\" alt=\"\" srcset=\"https:\/\/ficer.com.ar\/2025\/wp-content\/uploads\/2025\/11\/Foco-Ignacio-Aguero-Portada-1024x683.jpg 1024w, https:\/\/ficer.com.ar\/2025\/wp-content\/uploads\/2025\/11\/Foco-Ignacio-Aguero-Portada-300x200.jpg 300w, https:\/\/ficer.com.ar\/2025\/wp-content\/uploads\/2025\/11\/Foco-Ignacio-Aguero-Portada-768x512.jpg 768w, https:\/\/ficer.com.ar\/2025\/wp-content\/uploads\/2025\/11\/Foco-Ignacio-Aguero-Portada-1536x1024.jpg 1536w, https:\/\/ficer.com.ar\/2025\/wp-content\/uploads\/2025\/11\/Foco-Ignacio-Aguero-Portada.jpg 1920w\" sizes=\"(max-width: 800px) 100vw, 800px\" \/><\/div>\n\t\t<\/a>\n\t\t\t\t<div class=\"elementor-post__text\">\n\t\t\t\t<h3 class=\"elementor-post__title\">\n\t\t\t<a href=\"https:\/\/ficer.com.ar\/2025\/el-documentalista-chileno-ignacio-aguero-sera-el-invitado-de-honor-del-7ficer\/\" >\n\t\t\t\tEl documentalista chileno Ignacio Ag\u00fcero ser\u00e1 el invitado de honor del #7FICER\t\t\t<\/a>\n\t\t<\/h3>\n\t\t\t\t<div class=\"elementor-post__meta-data\">\n\t\t\t\t\t<span class=\"elementor-post-date\">\n\t\t\t24\/11\/2025\t\t<\/span>\n\t\t\t\t<\/div>\n\t\t\t\t<div class=\"elementor-post__excerpt\">\n\t\t\t<p>Se proyectar\u00e1n cuatro de sus pel\u00edculas y brindar\u00e1 una clase abierta al p\u00fablico, donde compartir\u00e1 su experiencia como cineasta. La<\/p>\n\t\t<\/div>\n\t\t\n\t\t<a class=\"elementor-post__read-more\" href=\"https:\/\/ficer.com.ar\/2025\/el-documentalista-chileno-ignacio-aguero-sera-el-invitado-de-honor-del-7ficer\/\" aria-label=\"Read more about El documentalista chileno Ignacio Ag\u00fcero ser\u00e1 el invitado de honor del #7FICER\" tabindex=\"-1\" >\n\t\t\tLEER m\u00c1S\t\t<\/a>\n\n\t\t\t\t<\/div>\n\t\t\t\t<\/article>\n\t\t\t\t<article class=\"elementor-post elementor-grid-item post-8669 post type-post status-publish format-standard has-post-thumbnail hentry category-ficer-2025\" role=\"listitem\">\n\t\t\t\t<a class=\"elementor-post__thumbnail__link\" href=\"https:\/\/ficer.com.ar\/2025\/el-mensaje-la-pelicula-que-enciende-las-pantallas-del-ficer\/\" tabindex=\"-1\" >\n\t\t\t<div class=\"elementor-post__thumbnail\"><img loading=\"lazy\" decoding=\"async\" width=\"800\" height=\"433\" src=\"https:\/\/ficer.com.ar\/2025\/wp-content\/uploads\/2025\/11\/2-El-Mensaje-Anika-Bootz-1024x554.jpg\" class=\"attachment-large size-large wp-image-8672\" alt=\"\" srcset=\"https:\/\/ficer.com.ar\/2025\/wp-content\/uploads\/2025\/11\/2-El-Mensaje-Anika-Bootz-1024x554.jpg 1024w, https:\/\/ficer.com.ar\/2025\/wp-content\/uploads\/2025\/11\/2-El-Mensaje-Anika-Bootz-300x162.jpg 300w, https:\/\/ficer.com.ar\/2025\/wp-content\/uploads\/2025\/11\/2-El-Mensaje-Anika-Bootz-768x415.jpg 768w, https:\/\/ficer.com.ar\/2025\/wp-content\/uploads\/2025\/11\/2-El-Mensaje-Anika-Bootz-1536x830.jpg 1536w, https:\/\/ficer.com.ar\/2025\/wp-content\/uploads\/2025\/11\/2-El-Mensaje-Anika-Bootz-2048x1107.jpg 2048w\" sizes=\"(max-width: 800px) 100vw, 800px\" \/><\/div>\n\t\t<\/a>\n\t\t\t\t<div class=\"elementor-post__text\">\n\t\t\t\t<h3 class=\"elementor-post__title\">\n\t\t\t<a href=\"https:\/\/ficer.com.ar\/2025\/el-mensaje-la-pelicula-que-enciende-las-pantallas-del-ficer\/\" >\n\t\t\t\tEl mensaje, la pel\u00edcula que enciende las pantallas del FICER\t\t\t<\/a>\n\t\t<\/h3>\n\t\t\t\t<div class=\"elementor-post__meta-data\">\n\t\t\t\t\t<span class=\"elementor-post-date\">\n\t\t\t23\/11\/2025\t\t<\/span>\n\t\t\t\t<\/div>\n\t\t\t\t<div class=\"elementor-post__excerpt\">\n\t\t\t<p>Es motivo para celebrar que el Festival Internacional de Cine de Entre R\u00edos (FICER) pueda ser inaugurado con una pel\u00edcula<\/p>\n\t\t<\/div>\n\t\t\n\t\t<a class=\"elementor-post__read-more\" href=\"https:\/\/ficer.com.ar\/2025\/el-mensaje-la-pelicula-que-enciende-las-pantallas-del-ficer\/\" aria-label=\"Read more about El mensaje, la pel\u00edcula que enciende las pantallas del FICER\" tabindex=\"-1\" >\n\t\t\tLEER m\u00c1S\t\t<\/a>\n\n\t\t\t\t<\/div>\n\t\t\t\t<\/article>\n\t\t\t\t<article class=\"elementor-post elementor-grid-item post-8861 post type-post status-publish format-standard has-post-thumbnail hentry category-ficer-2025\" role=\"listitem\">\n\t\t\t\t<a class=\"elementor-post__thumbnail__link\" href=\"https:\/\/ficer.com.ar\/2025\/participaran-26-proyectos-audiovisuales-en-el-espacio-de-promocion-del-ficer-forum\/\" tabindex=\"-1\" >\n\t\t\t<div class=\"elementor-post__thumbnail\"><img loading=\"lazy\" decoding=\"async\" width=\"800\" height=\"534\" src=\"https:\/\/ficer.com.ar\/2025\/wp-content\/uploads\/2025\/11\/image-1-1024x683.jpeg\" class=\"attachment-large size-large wp-image-8862\" alt=\"\" srcset=\"https:\/\/ficer.com.ar\/2025\/wp-content\/uploads\/2025\/11\/image-1-1024x683.jpeg 1024w, https:\/\/ficer.com.ar\/2025\/wp-content\/uploads\/2025\/11\/image-1-300x200.jpeg 300w, https:\/\/ficer.com.ar\/2025\/wp-content\/uploads\/2025\/11\/image-1-768x512.jpeg 768w, https:\/\/ficer.com.ar\/2025\/wp-content\/uploads\/2025\/11\/image-1-1536x1024.jpeg 1536w, https:\/\/ficer.com.ar\/2025\/wp-content\/uploads\/2025\/11\/image-1.jpeg 1920w\" sizes=\"(max-width: 800px) 100vw, 800px\" \/><\/div>\n\t\t<\/a>\n\t\t\t\t<div class=\"elementor-post__text\">\n\t\t\t\t<h3 class=\"elementor-post__title\">\n\t\t\t<a href=\"https:\/\/ficer.com.ar\/2025\/participaran-26-proyectos-audiovisuales-en-el-espacio-de-promocion-del-ficer-forum\/\" >\n\t\t\t\tParticipar\u00e1n 26 proyectos audiovisuales en el espacio de promoci\u00f3n del FICER Forum\t\t\t<\/a>\n\t\t<\/h3>\n\t\t\t\t<div class=\"elementor-post__meta-data\">\n\t\t\t\t\t<span class=\"elementor-post-date\">\n\t\t\t22\/11\/2025\t\t<\/span>\n\t\t\t\t<\/div>\n\t\t\t\t<div class=\"elementor-post__excerpt\">\n\t\t\t<p>Ser\u00e1 dentro de la programaci\u00f3n del 7\u00b0 Festival Internacional de Cine de Entre R\u00edos (FICER), que se desarrollar\u00e1 en Paran\u00e1,<\/p>\n\t\t<\/div>\n\t\t\n\t\t<a class=\"elementor-post__read-more\" href=\"https:\/\/ficer.com.ar\/2025\/participaran-26-proyectos-audiovisuales-en-el-espacio-de-promocion-del-ficer-forum\/\" aria-label=\"Read more about Participar\u00e1n 26 proyectos audiovisuales en el espacio de promoci\u00f3n del FICER Forum\" tabindex=\"-1\" >\n\t\t\tLEER m\u00c1S\t\t<\/a>\n\n\t\t\t\t<\/div>\n\t\t\t\t<\/article>\n\t\t\t\t<\/div>\n\t\t\n\t\t\t\t\t\t<\/div>\n\t\t\t\t<\/div>\n\t\t\t\t\t<\/div>\n\t\t\t\t<\/div>\n\t\t\t\t<\/div>\n\t\t","protected":false},"excerpt":{"rendered":"<p>NOTICIAS<\/p>\n","protected":false},"author":16,"featured_media":0,"parent":0,"menu_order":0,"comment_status":"closed","ping_status":"closed","template":"","meta":{"footnotes":""},"tags":[],"class_list":["post-7619","page","type-page","status-publish","hentry"],"_links":{"self":[{"href":"https:\/\/ficer.com.ar\/2025\/wp-json\/wp\/v2\/pages\/7619","targetHints":{"allow":["GET"]}}],"collection":[{"href":"https:\/\/ficer.com.ar\/2025\/wp-json\/wp\/v2\/pages"}],"about":[{"href":"https:\/\/ficer.com.ar\/2025\/wp-json\/wp\/v2\/types\/page"}],"author":[{"embeddable":true,"href":"https:\/\/ficer.com.ar\/2025\/wp-json\/wp\/v2\/users\/16"}],"replies":[{"embeddable":true,"href":"https:\/\/ficer.com.ar\/2025\/wp-json\/wp\/v2\/comments?post=7619"}],"version-history":[{"count":28,"href":"https:\/\/ficer.com.ar\/2025\/wp-json\/wp\/v2\/pages\/7619\/revisions"}],"predecessor-version":[{"id":8747,"href":"https:\/\/ficer.com.ar\/2025\/wp-json\/wp\/v2\/pages\/7619\/revisions\/8747"}],"wp:attachment":[{"href":"https:\/\/ficer.com.ar\/2025\/wp-json\/wp\/v2\/media?parent=7619"}],"wp:term":[{"taxonomy":"post_tag","embeddable":true,"href":"https:\/\/ficer.com.ar\/2025\/wp-json\/wp\/v2\/tags?post=7619"}],"curies":[{"name":"wp","href":"https:\/\/api.w.org\/{rel}","templated":true}]}}