{"id":8355,"date":"2025-11-18T11:21:01","date_gmt":"2025-11-18T14:21:01","guid":{"rendered":"https:\/\/ficer.com.ar\/2025\/?page_id=8355"},"modified":"2025-11-19T08:30:08","modified_gmt":"2025-11-19T11:30:08","slug":"jurado","status":"publish","type":"page","link":"https:\/\/ficer.com.ar\/2025\/jurado\/","title":{"rendered":"Jurado"},"content":{"rendered":"\t\t<div data-elementor-type=\"wp-page\" data-elementor-id=\"8355\" class=\"elementor elementor-8355\" data-elementor-post-type=\"page\">\n\t\t\t\t<div class=\"elementor-element elementor-element-4860827 e-flex e-con-boxed wpr-particle-no wpr-jarallax-no wpr-parallax-no wpr-sticky-section-no wpr-equal-height-no e-con e-parent\" data-id=\"4860827\" data-element_type=\"container\" data-e-type=\"container\">\n\t\t\t\t\t<div class=\"e-con-inner\">\n\t\t\t\t<div class=\"elementor-element elementor-element-2b979f1 elementor-widget__width-initial elementor-widget elementor-widget-heading\" data-id=\"2b979f1\" data-element_type=\"widget\" data-e-type=\"widget\" data-widget_type=\"heading.default\">\n\t\t\t\t\t<h2 class=\"elementor-heading-title elementor-size-default\">JURADO<\/h2>\t\t\t\t<\/div>\n\t\t\t\t\t<\/div>\n\t\t\t\t<\/div>\n\t\t<div class=\"elementor-element elementor-element-6878201 e-flex e-con-boxed wpr-particle-no wpr-jarallax-no wpr-parallax-no wpr-sticky-section-no wpr-equal-height-no e-con e-parent\" data-id=\"6878201\" data-element_type=\"container\" data-e-type=\"container\">\n\t\t\t\t\t<div class=\"e-con-inner\">\n\t\t\t\t<div class=\"elementor-element elementor-element-4f2a5e3 elementor-widget elementor-widget-heading\" data-id=\"4f2a5e3\" data-element_type=\"widget\" data-e-type=\"widget\" data-widget_type=\"heading.default\">\n\t\t\t\t\t<h2 class=\"elementor-heading-title elementor-size-default\">JURADO SECCI\u00d3N OFICIAL<\/h2>\t\t\t\t<\/div>\n\t\t\t\t\t<\/div>\n\t\t\t\t<\/div>\n\t\t<div class=\"elementor-element elementor-element-8c29347 e-flex e-con-boxed wpr-particle-no wpr-jarallax-no wpr-parallax-no wpr-sticky-section-no wpr-equal-height-no e-con e-parent\" data-id=\"8c29347\" data-element_type=\"container\" data-e-type=\"container\">\n\t\t\t\t\t<div class=\"e-con-inner\">\n\t\t<div class=\"elementor-element elementor-element-b79e485 e-con-full e-flex wpr-particle-no wpr-jarallax-no wpr-parallax-no wpr-sticky-section-no wpr-equal-height-no e-con e-child\" data-id=\"b79e485\" data-element_type=\"container\" data-e-type=\"container\">\n\t\t\t\t<div class=\"elementor-element elementor-element-47c5ca6 elementor-widget elementor-widget-image\" data-id=\"47c5ca6\" data-element_type=\"widget\" data-e-type=\"widget\" data-widget_type=\"image.default\">\n\t\t\t\t\t\t\t\t\t\t\t\t\t\t\t<img fetchpriority=\"high\" decoding=\"async\" width=\"400\" height=\"488\" src=\"https:\/\/ficer.com.ar\/2025\/wp-content\/uploads\/2025\/11\/Captura-de-pantalla-2025-11-18-111934.png\" class=\"attachment-large size-large wp-image-8357\" alt=\"\" srcset=\"https:\/\/ficer.com.ar\/2025\/wp-content\/uploads\/2025\/11\/Captura-de-pantalla-2025-11-18-111934.png 400w, https:\/\/ficer.com.ar\/2025\/wp-content\/uploads\/2025\/11\/Captura-de-pantalla-2025-11-18-111934-246x300.png 246w\" sizes=\"(max-width: 400px) 100vw, 400px\" \/>\t\t\t\t\t\t\t\t\t\t\t\t\t\t\t<\/div>\n\t\t\t\t<\/div>\n\t\t<div class=\"elementor-element elementor-element-3d47b8e e-con-full e-flex wpr-particle-no wpr-jarallax-no wpr-parallax-no wpr-sticky-section-no wpr-equal-height-no e-con e-child\" data-id=\"3d47b8e\" data-element_type=\"container\" data-e-type=\"container\">\n\t\t\t\t<div class=\"elementor-element elementor-element-e7fa7ee elementor-widget elementor-widget-heading\" data-id=\"e7fa7ee\" data-element_type=\"widget\" data-e-type=\"widget\" data-widget_type=\"heading.default\">\n\t\t\t\t\t<h2 class=\"elementor-heading-title elementor-size-default\">LAURA CITARELLA\n<\/h2>\t\t\t\t<\/div>\n\t\t\t\t<div class=\"elementor-element elementor-element-ba84178 elementor-widget elementor-widget-text-editor\" data-id=\"ba84178\" data-element_type=\"widget\" data-e-type=\"widget\" data-widget_type=\"text-editor.default\">\n\t\t\t\t\t\t\t\t\tCineasta, productora y docente. Se gradu\u00f3 en direcci\u00f3n cinematogr\u00e1fica en la Universidad del Cine y forma parte de El Pampero Cine. Su filmograf\u00eda como directora incluye Ostende, La mujer de los perros (codirigida con V. Llin\u00e1s), Las poetas visitan a Juana Bignozzi, Trenque Lauquen y El affaire Miu Miu. Adem\u00e1s de producir todas las pel\u00edculas de El Pampero, desarrolla una activa labor docente en distintos espacios de formaci\u00f3n y en la UNLP.\n\t\t\t\t\t\t\t\t<\/div>\n\t\t\t\t<\/div>\n\t\t\t\t\t<\/div>\n\t\t\t\t<\/div>\n\t\t<div class=\"elementor-element elementor-element-be3993e e-flex e-con-boxed wpr-particle-no wpr-jarallax-no wpr-parallax-no wpr-sticky-section-no wpr-equal-height-no e-con e-parent\" data-id=\"be3993e\" data-element_type=\"container\" data-e-type=\"container\">\n\t\t\t\t\t<div class=\"e-con-inner\">\n\t\t<div class=\"elementor-element elementor-element-de74503 e-con-full e-flex wpr-particle-no wpr-jarallax-no wpr-parallax-no wpr-sticky-section-no wpr-equal-height-no e-con e-child\" data-id=\"de74503\" data-element_type=\"container\" data-e-type=\"container\">\n\t\t\t\t<div class=\"elementor-element elementor-element-0b7310d elementor-widget elementor-widget-image\" data-id=\"0b7310d\" data-element_type=\"widget\" data-e-type=\"widget\" data-widget_type=\"image.default\">\n\t\t\t\t\t\t\t\t\t\t\t\t\t\t\t<img decoding=\"async\" width=\"401\" height=\"488\" src=\"https:\/\/ficer.com.ar\/2025\/wp-content\/uploads\/2025\/11\/Captura-de-pantalla-2025-11-18-111944.png\" class=\"attachment-large size-large wp-image-8359\" alt=\"\" srcset=\"https:\/\/ficer.com.ar\/2025\/wp-content\/uploads\/2025\/11\/Captura-de-pantalla-2025-11-18-111944.png 401w, https:\/\/ficer.com.ar\/2025\/wp-content\/uploads\/2025\/11\/Captura-de-pantalla-2025-11-18-111944-247x300.png 247w\" sizes=\"(max-width: 401px) 100vw, 401px\" \/>\t\t\t\t\t\t\t\t\t\t\t\t\t\t\t<\/div>\n\t\t\t\t<\/div>\n\t\t<div class=\"elementor-element elementor-element-a59520e e-con-full e-flex wpr-particle-no wpr-jarallax-no wpr-parallax-no wpr-sticky-section-no wpr-equal-height-no e-con e-child\" data-id=\"a59520e\" data-element_type=\"container\" data-e-type=\"container\">\n\t\t\t\t<div class=\"elementor-element elementor-element-78e2f1a elementor-widget elementor-widget-heading\" data-id=\"78e2f1a\" data-element_type=\"widget\" data-e-type=\"widget\" data-widget_type=\"heading.default\">\n\t\t\t\t\t<h2 class=\"elementor-heading-title elementor-size-default\">DIEGO BRODERSEN\n<\/h2>\t\t\t\t<\/div>\n\t\t\t\t<div class=\"elementor-element elementor-element-0eaec7a elementor-widget elementor-widget-text-editor\" data-id=\"0eaec7a\" data-element_type=\"widget\" data-e-type=\"widget\" data-widget_type=\"text-editor.default\">\n\t\t\t\t\t\t\t\t\tCr\u00edtico de cine, docente y periodista cultural del suplemento Radar y la secci\u00f3n Cultura y Espect\u00e1culos del diario P\u00e1gina\/12. Escribe regularmente en la revista Rolling Stone y otros medios nacionales e internacionales. Es Director de Programaci\u00f3n de la Sala Leopoldo Lugones del Teatro San Mart\u00edn.\t\t\t\t\t\t\t\t<\/div>\n\t\t\t\t<\/div>\n\t\t\t\t\t<\/div>\n\t\t\t\t<\/div>\n\t\t<div class=\"elementor-element elementor-element-a643e36 e-flex e-con-boxed wpr-particle-no wpr-jarallax-no wpr-parallax-no wpr-sticky-section-no wpr-equal-height-no e-con e-parent\" data-id=\"a643e36\" data-element_type=\"container\" data-e-type=\"container\">\n\t\t\t\t\t<div class=\"e-con-inner\">\n\t\t<div class=\"elementor-element elementor-element-01016d8 e-con-full e-flex wpr-particle-no wpr-jarallax-no wpr-parallax-no wpr-sticky-section-no wpr-equal-height-no e-con e-child\" data-id=\"01016d8\" data-element_type=\"container\" data-e-type=\"container\">\n\t\t\t\t<div class=\"elementor-element elementor-element-39ba033 elementor-widget elementor-widget-image\" data-id=\"39ba033\" data-element_type=\"widget\" data-e-type=\"widget\" data-widget_type=\"image.default\">\n\t\t\t\t\t\t\t\t\t\t\t\t\t\t\t<img decoding=\"async\" width=\"399\" height=\"488\" src=\"https:\/\/ficer.com.ar\/2025\/wp-content\/uploads\/2025\/11\/Captura-de-pantalla-2025-11-18-111949.png\" class=\"attachment-large size-large wp-image-8360\" alt=\"\" srcset=\"https:\/\/ficer.com.ar\/2025\/wp-content\/uploads\/2025\/11\/Captura-de-pantalla-2025-11-18-111949.png 399w, https:\/\/ficer.com.ar\/2025\/wp-content\/uploads\/2025\/11\/Captura-de-pantalla-2025-11-18-111949-245x300.png 245w\" sizes=\"(max-width: 399px) 100vw, 399px\" \/>\t\t\t\t\t\t\t\t\t\t\t\t\t\t\t<\/div>\n\t\t\t\t<\/div>\n\t\t<div class=\"elementor-element elementor-element-5abf98c e-con-full e-flex wpr-particle-no wpr-jarallax-no wpr-parallax-no wpr-sticky-section-no wpr-equal-height-no e-con e-child\" data-id=\"5abf98c\" data-element_type=\"container\" data-e-type=\"container\">\n\t\t\t\t<div class=\"elementor-element elementor-element-4612764 elementor-widget elementor-widget-heading\" data-id=\"4612764\" data-element_type=\"widget\" data-e-type=\"widget\" data-widget_type=\"heading.default\">\n\t\t\t\t\t<h2 class=\"elementor-heading-title elementor-size-default\">JESSICA SARAH RINLAND<\/h2>\t\t\t\t<\/div>\n\t\t\t\t<div class=\"elementor-element elementor-element-373faa5 elementor-widget elementor-widget-text-editor\" data-id=\"373faa5\" data-element_type=\"widget\" data-e-type=\"widget\" data-widget_type=\"text-editor.default\">\n\t\t\t\t\t\t\t\t\t\nCineasta y artista argentino-brit\u00e1nica. Ha recibido numerosos premios en importantes festivales y el Premio Schnitzer del MIT a la excelencia en las artes. Se han hecho retrospectivas de su obra en destacados espacios. Sus pel\u00edculas integran la colecci\u00f3n del Instituto Brit\u00e1nico de Cine y su exposici\u00f3n individual m\u00e1s reciente tuvo lugar en Tabakalera, en San Sebasti\u00e1n. \t\t\t\t\t\t\t\t<\/div>\n\t\t\t\t<\/div>\n\t\t\t\t\t<\/div>\n\t\t\t\t<\/div>\n\t\t<div class=\"elementor-element elementor-element-13ad14c e-flex e-con-boxed wpr-particle-no wpr-jarallax-no wpr-parallax-no wpr-sticky-section-no wpr-equal-height-no e-con e-parent\" data-id=\"13ad14c\" data-element_type=\"container\" data-e-type=\"container\">\n\t\t\t\t\t<div class=\"e-con-inner\">\n\t\t\t\t<div class=\"elementor-element elementor-element-81ed921 elementor-widget elementor-widget-heading\" data-id=\"81ed921\" data-element_type=\"widget\" data-e-type=\"widget\" data-widget_type=\"heading.default\">\n\t\t\t\t\t<h2 class=\"elementor-heading-title elementor-size-default\">JURADO CORTOS ENTRERRIANOS\n<\/h2>\t\t\t\t<\/div>\n\t\t\t\t\t<\/div>\n\t\t\t\t<\/div>\n\t\t<div class=\"elementor-element elementor-element-23b94bd e-flex e-con-boxed wpr-particle-no wpr-jarallax-no wpr-parallax-no wpr-sticky-section-no wpr-equal-height-no e-con e-parent\" data-id=\"23b94bd\" data-element_type=\"container\" data-e-type=\"container\">\n\t\t\t\t\t<div class=\"e-con-inner\">\n\t\t<div class=\"elementor-element elementor-element-3bda921 e-con-full e-flex wpr-particle-no wpr-jarallax-no wpr-parallax-no wpr-sticky-section-no wpr-equal-height-no e-con e-child\" data-id=\"3bda921\" data-element_type=\"container\" data-e-type=\"container\">\n\t\t\t\t<div class=\"elementor-element elementor-element-7f4482c elementor-widget elementor-widget-image\" data-id=\"7f4482c\" data-element_type=\"widget\" data-e-type=\"widget\" data-widget_type=\"image.default\">\n\t\t\t\t\t\t\t\t\t\t\t\t\t\t\t<img loading=\"lazy\" decoding=\"async\" width=\"401\" height=\"489\" src=\"https:\/\/ficer.com.ar\/2025\/wp-content\/uploads\/2025\/11\/Captura-de-pantalla-2025-11-18-111956.png\" class=\"attachment-large size-large wp-image-8361\" alt=\"\" srcset=\"https:\/\/ficer.com.ar\/2025\/wp-content\/uploads\/2025\/11\/Captura-de-pantalla-2025-11-18-111956.png 401w, https:\/\/ficer.com.ar\/2025\/wp-content\/uploads\/2025\/11\/Captura-de-pantalla-2025-11-18-111956-246x300.png 246w\" sizes=\"(max-width: 401px) 100vw, 401px\" \/>\t\t\t\t\t\t\t\t\t\t\t\t\t\t\t<\/div>\n\t\t\t\t<\/div>\n\t\t<div class=\"elementor-element elementor-element-392220f e-con-full e-flex wpr-particle-no wpr-jarallax-no wpr-parallax-no wpr-sticky-section-no wpr-equal-height-no e-con e-child\" data-id=\"392220f\" data-element_type=\"container\" data-e-type=\"container\">\n\t\t\t\t<div class=\"elementor-element elementor-element-6b91025 elementor-widget elementor-widget-heading\" data-id=\"6b91025\" data-element_type=\"widget\" data-e-type=\"widget\" data-widget_type=\"heading.default\">\n\t\t\t\t\t<h2 class=\"elementor-heading-title elementor-size-default\">KAREN SPAHN\n\n<\/h2>\t\t\t\t<\/div>\n\t\t\t\t<div class=\"elementor-element elementor-element-6e06827 elementor-widget elementor-widget-text-editor\" data-id=\"6e06827\" data-element_type=\"widget\" data-e-type=\"widget\" data-widget_type=\"text-editor.default\">\n\t\t\t\t\t\t\t\t\tLicenciada en Artes Visuales (UADER). Desde 2014 desarrolla tareas educativas e investigaci\u00f3n en el Museo Provincial de Bellas Artes. Ha recibido distinciones como el 1\u00b0 Premio Municipal en Dibujo (2021) y Pintura (2022), el 1\u00b0 Premio Adquisici\u00f3n de Arte Textil del Sal\u00f3n Provincial (2021) y el 2\u00b0 Premio del Sal\u00f3n Nacional de Pintura (2025). Forma parte de distintos colectivos art\u00edsticos y experiencias de cl\u00ednica y formaci\u00f3n.\t\t\t\t\t\t\t\t<\/div>\n\t\t\t\t<\/div>\n\t\t\t\t\t<\/div>\n\t\t\t\t<\/div>\n\t\t<div class=\"elementor-element elementor-element-0864235 e-flex e-con-boxed wpr-particle-no wpr-jarallax-no wpr-parallax-no wpr-sticky-section-no wpr-equal-height-no e-con e-parent\" data-id=\"0864235\" data-element_type=\"container\" data-e-type=\"container\">\n\t\t\t\t\t<div class=\"e-con-inner\">\n\t\t<div class=\"elementor-element elementor-element-8175a51 e-con-full e-flex wpr-particle-no wpr-jarallax-no wpr-parallax-no wpr-sticky-section-no wpr-equal-height-no e-con e-child\" data-id=\"8175a51\" data-element_type=\"container\" data-e-type=\"container\">\n\t\t\t\t<div class=\"elementor-element elementor-element-260e015 elementor-widget elementor-widget-image\" data-id=\"260e015\" data-element_type=\"widget\" data-e-type=\"widget\" data-widget_type=\"image.default\">\n\t\t\t\t\t\t\t\t\t\t\t\t\t\t\t<img loading=\"lazy\" decoding=\"async\" width=\"401\" height=\"490\" src=\"https:\/\/ficer.com.ar\/2025\/wp-content\/uploads\/2025\/11\/Captura-de-pantalla-2025-11-18-112003.png\" class=\"attachment-large size-large wp-image-8362\" alt=\"\" srcset=\"https:\/\/ficer.com.ar\/2025\/wp-content\/uploads\/2025\/11\/Captura-de-pantalla-2025-11-18-112003.png 401w, https:\/\/ficer.com.ar\/2025\/wp-content\/uploads\/2025\/11\/Captura-de-pantalla-2025-11-18-112003-246x300.png 246w\" sizes=\"(max-width: 401px) 100vw, 401px\" \/>\t\t\t\t\t\t\t\t\t\t\t\t\t\t\t<\/div>\n\t\t\t\t<\/div>\n\t\t<div class=\"elementor-element elementor-element-9146126 e-con-full e-flex wpr-particle-no wpr-jarallax-no wpr-parallax-no wpr-sticky-section-no wpr-equal-height-no e-con e-child\" data-id=\"9146126\" data-element_type=\"container\" data-e-type=\"container\">\n\t\t\t\t<div class=\"elementor-element elementor-element-991cc05 elementor-widget elementor-widget-heading\" data-id=\"991cc05\" data-element_type=\"widget\" data-e-type=\"widget\" data-widget_type=\"heading.default\">\n\t\t\t\t\t<h2 class=\"elementor-heading-title elementor-size-default\">MANUEL EMBALSE\n\n\n<\/h2>\t\t\t\t<\/div>\n\t\t\t\t<div class=\"elementor-element elementor-element-d1d26db elementor-widget elementor-widget-text-editor\" data-id=\"d1d26db\" data-element_type=\"widget\" data-e-type=\"widget\" data-widget_type=\"text-editor.default\">\n\t\t\t\t\t\t\t\t\tCineasta y Licenciado en Artes Audiovisuales (UNA). Integrante del colectivo Antes Muerto Cine, estren\u00f3 \u00bfQu\u00e9 hago en este mundo tan visual? en 2020 y Las ruinas nuevas en 2024. En paralelo, trabaj\u00f3 como editor en proyectos recientes como Todo documento de civilizaci\u00f3n de Tatiana Maz\u00fa Gonz\u00e1lez, Los cruces de Juli\u00e1n Galay, Bajo las banderas, el sol de Juanjo Pereira y Museo de la noche de Ferm\u00edn Acosta.\t\t\t\t\t\t\t\t<\/div>\n\t\t\t\t<\/div>\n\t\t\t\t\t<\/div>\n\t\t\t\t<\/div>\n\t\t<div class=\"elementor-element elementor-element-e13a4c9 e-flex e-con-boxed wpr-particle-no wpr-jarallax-no wpr-parallax-no wpr-sticky-section-no wpr-equal-height-no e-con e-parent\" data-id=\"e13a4c9\" data-element_type=\"container\" data-e-type=\"container\">\n\t\t\t\t\t<div class=\"e-con-inner\">\n\t\t<div class=\"elementor-element elementor-element-9be3340 e-con-full e-flex wpr-particle-no wpr-jarallax-no wpr-parallax-no wpr-sticky-section-no wpr-equal-height-no e-con e-child\" data-id=\"9be3340\" data-element_type=\"container\" data-e-type=\"container\">\n\t\t\t\t<div class=\"elementor-element elementor-element-d490695 elementor-widget elementor-widget-image\" data-id=\"d490695\" data-element_type=\"widget\" data-e-type=\"widget\" data-widget_type=\"image.default\">\n\t\t\t\t\t\t\t\t\t\t\t\t\t\t\t<img loading=\"lazy\" decoding=\"async\" width=\"401\" height=\"489\" src=\"https:\/\/ficer.com.ar\/2025\/wp-content\/uploads\/2025\/11\/Captura-de-pantalla-2025-11-18-112010.png\" class=\"attachment-large size-large wp-image-8363\" alt=\"\" srcset=\"https:\/\/ficer.com.ar\/2025\/wp-content\/uploads\/2025\/11\/Captura-de-pantalla-2025-11-18-112010.png 401w, https:\/\/ficer.com.ar\/2025\/wp-content\/uploads\/2025\/11\/Captura-de-pantalla-2025-11-18-112010-246x300.png 246w\" sizes=\"(max-width: 401px) 100vw, 401px\" \/>\t\t\t\t\t\t\t\t\t\t\t\t\t\t\t<\/div>\n\t\t\t\t<\/div>\n\t\t<div class=\"elementor-element elementor-element-a348c3d e-con-full e-flex wpr-particle-no wpr-jarallax-no wpr-parallax-no wpr-sticky-section-no wpr-equal-height-no e-con e-child\" data-id=\"a348c3d\" data-element_type=\"container\" data-e-type=\"container\">\n\t\t\t\t<div class=\"elementor-element elementor-element-23494ca elementor-widget elementor-widget-heading\" data-id=\"23494ca\" data-element_type=\"widget\" data-e-type=\"widget\" data-widget_type=\"heading.default\">\n\t\t\t\t\t<h2 class=\"elementor-heading-title elementor-size-default\">MARCELO ESTEBECORENA \n\n\n\n<\/h2>\t\t\t\t<\/div>\n\t\t\t\t<div class=\"elementor-element elementor-element-aff05c5 elementor-widget elementor-widget-text-editor\" data-id=\"aff05c5\" data-element_type=\"widget\" data-e-type=\"widget\" data-widget_type=\"text-editor.default\">\n\t\t\t\t\t\t\t\t\tArtista multidisciplinario que trabaja en performance, fotograf\u00eda, poes\u00eda y cer\u00e1mica. Su obra aborda temas de identidad, g\u00e9nero y pol\u00edtica, buscando crear espacios para la diversidad y la resistencia. Particip\u00f3 en m\u00e1s de sesenta obras, acciones y performances. Entre sus trabajos destacados se encuentra La Hechicera, que indaga en la relaci\u00f3n entre cuerpo, espacio e identidad.\n\t\t\t\t\t\t\t\t<\/div>\n\t\t\t\t<\/div>\n\t\t\t\t\t<\/div>\n\t\t\t\t<\/div>\n\t\t\t\t<\/div>\n\t\t","protected":false},"excerpt":{"rendered":"<p>JURADO JURADO SECCI\u00d3N OFICIAL LAURA CITARELLA Cineasta, productora y docente. Se gradu\u00f3 en direcci\u00f3n cinematogr\u00e1fica en la Universidad del Cine y forma parte de El Pampero Cine. Su filmograf\u00eda como directora incluye Ostende, La mujer de los perros (codirigida con V. Llin\u00e1s), Las poetas visitan a Juana Bignozzi, Trenque Lauquen y El affaire Miu Miu. Adem\u00e1s de producir todas las pel\u00edculas de El Pampero, desarrolla una activa labor docente en distintos espacios de formaci\u00f3n y en la UNLP. DIEGO BRODERSEN Cr\u00edtico de cine, docente y periodista cultural del suplemento Radar y la secci\u00f3n Cultura y Espect\u00e1culos del diario P\u00e1gina\/12. Escribe regularmente en la revista Rolling Stone y otros medios nacionales e internacionales. Es Director de Programaci\u00f3n de la Sala Leopoldo Lugones del Teatro San Mart\u00edn. JESSICA SARAH RINLAND Cineasta y artista argentino-brit\u00e1nica. Ha recibido numerosos premios en importantes festivales y el Premio Schnitzer del MIT a la excelencia en las artes. Se han hecho retrospectivas de su obra en destacados espacios. Sus pel\u00edculas integran la colecci\u00f3n del Instituto Brit\u00e1nico de Cine y su exposici\u00f3n individual m\u00e1s reciente tuvo lugar en Tabakalera, en San Sebasti\u00e1n. JURADO CORTOS ENTRERRIANOS KAREN SPAHN Licenciada en Artes Visuales (UADER). Desde 2014 desarrolla tareas educativas e investigaci\u00f3n en el Museo Provincial de Bellas Artes. Ha recibido distinciones como el 1\u00b0 Premio Municipal en Dibujo (2021) y Pintura (2022), el 1\u00b0 Premio Adquisici\u00f3n de Arte Textil del Sal\u00f3n Provincial (2021) y el 2\u00b0 Premio del Sal\u00f3n Nacional de Pintura (2025). Forma parte de distintos colectivos art\u00edsticos y experiencias de cl\u00ednica y formaci\u00f3n. MANUEL EMBALSE Cineasta y Licenciado en Artes Audiovisuales (UNA). Integrante del colectivo Antes Muerto Cine, estren\u00f3 \u00bfQu\u00e9 hago en este mundo tan visual? en 2020 y Las ruinas nuevas en 2024. En paralelo, trabaj\u00f3 como editor en proyectos recientes como Todo documento de civilizaci\u00f3n de Tatiana Maz\u00fa Gonz\u00e1lez, Los cruces de Juli\u00e1n Galay, Bajo las banderas, el sol de Juanjo Pereira y Museo de la noche de Ferm\u00edn Acosta. MARCELO ESTEBECORENA Artista multidisciplinario que trabaja en performance, fotograf\u00eda, poes\u00eda y cer\u00e1mica. Su obra aborda temas de identidad, g\u00e9nero y pol\u00edtica, buscando crear espacios para la diversidad y la resistencia. Particip\u00f3 en m\u00e1s de sesenta obras, acciones y performances. Entre sus trabajos destacados se encuentra La Hechicera, que indaga en la relaci\u00f3n entre cuerpo, espacio e identidad.<\/p>\n","protected":false},"author":16,"featured_media":0,"parent":0,"menu_order":0,"comment_status":"closed","ping_status":"closed","template":"","meta":{"footnotes":""},"tags":[],"class_list":["post-8355","page","type-page","status-publish","hentry"],"_links":{"self":[{"href":"https:\/\/ficer.com.ar\/2025\/wp-json\/wp\/v2\/pages\/8355","targetHints":{"allow":["GET"]}}],"collection":[{"href":"https:\/\/ficer.com.ar\/2025\/wp-json\/wp\/v2\/pages"}],"about":[{"href":"https:\/\/ficer.com.ar\/2025\/wp-json\/wp\/v2\/types\/page"}],"author":[{"embeddable":true,"href":"https:\/\/ficer.com.ar\/2025\/wp-json\/wp\/v2\/users\/16"}],"replies":[{"embeddable":true,"href":"https:\/\/ficer.com.ar\/2025\/wp-json\/wp\/v2\/comments?post=8355"}],"version-history":[{"count":7,"href":"https:\/\/ficer.com.ar\/2025\/wp-json\/wp\/v2\/pages\/8355\/revisions"}],"predecessor-version":[{"id":8627,"href":"https:\/\/ficer.com.ar\/2025\/wp-json\/wp\/v2\/pages\/8355\/revisions\/8627"}],"wp:attachment":[{"href":"https:\/\/ficer.com.ar\/2025\/wp-json\/wp\/v2\/media?parent=8355"}],"wp:term":[{"taxonomy":"post_tag","embeddable":true,"href":"https:\/\/ficer.com.ar\/2025\/wp-json\/wp\/v2\/tags?post=8355"}],"curies":[{"name":"wp","href":"https:\/\/api.w.org\/{rel}","templated":true}]}}