{"id":8381,"date":"2025-11-18T12:04:22","date_gmt":"2025-11-18T15:04:22","guid":{"rendered":"https:\/\/ficer.com.ar\/2025\/?page_id=8381"},"modified":"2025-11-22T16:06:04","modified_gmt":"2025-11-22T19:06:04","slug":"acitividades","status":"publish","type":"page","link":"https:\/\/ficer.com.ar\/2025\/acitividades\/","title":{"rendered":"Actividades"},"content":{"rendered":"\t\t<div data-elementor-type=\"wp-page\" data-elementor-id=\"8381\" class=\"elementor elementor-8381\" data-elementor-post-type=\"page\">\n\t\t\t\t<div class=\"elementor-element elementor-element-4860827 e-flex e-con-boxed wpr-particle-no wpr-jarallax-no wpr-parallax-no wpr-sticky-section-no wpr-equal-height-no e-con e-parent\" data-id=\"4860827\" data-element_type=\"container\" data-e-type=\"container\">\n\t\t\t\t\t<div class=\"e-con-inner\">\n\t\t\t\t<div class=\"elementor-element elementor-element-2b979f1 elementor-widget__width-initial elementor-widget elementor-widget-heading\" data-id=\"2b979f1\" data-element_type=\"widget\" data-e-type=\"widget\" data-widget_type=\"heading.default\">\n\t\t\t\t\t<h2 class=\"elementor-heading-title elementor-size-default\">ACTIVIDADES<\/h2>\t\t\t\t<\/div>\n\t\t\t\t\t<\/div>\n\t\t\t\t<\/div>\n\t\t<div class=\"elementor-element elementor-element-4e6e4cb e-flex e-con-boxed wpr-particle-no wpr-jarallax-no wpr-parallax-no wpr-sticky-section-no wpr-equal-height-no e-con e-parent\" data-id=\"4e6e4cb\" data-element_type=\"container\" data-e-type=\"container\">\n\t\t\t\t\t<div class=\"e-con-inner\">\n\t\t\t\t<div class=\"elementor-element elementor-element-d69dee2 elementor-widget elementor-widget-spacer\" data-id=\"d69dee2\" data-element_type=\"widget\" data-e-type=\"widget\" data-widget_type=\"spacer.default\">\n\t\t\t\t\t\t\t<div class=\"elementor-spacer\">\n\t\t\t<div class=\"elementor-spacer-inner\"><\/div>\n\t\t<\/div>\n\t\t\t\t\t\t<\/div>\n\t\t\t\t\t<\/div>\n\t\t\t\t<\/div>\n\t\t<div class=\"elementor-element elementor-element-2145887 e-flex e-con-boxed wpr-particle-no wpr-jarallax-no wpr-parallax-no wpr-sticky-section-no wpr-equal-height-no e-con e-parent\" data-id=\"2145887\" data-element_type=\"container\" data-e-type=\"container\">\n\t\t\t\t\t<div class=\"e-con-inner\">\n\t\t<div class=\"elementor-element elementor-element-daa9b30 e-con-full e-flex wpr-particle-no wpr-jarallax-no wpr-parallax-no wpr-sticky-section-no wpr-equal-height-no e-con e-child\" data-id=\"daa9b30\" data-element_type=\"container\" data-e-type=\"container\">\n\t\t\t\t<div class=\"elementor-element elementor-element-785737a elementor-widget__width-initial elementor-widget elementor-widget-text-editor\" data-id=\"785737a\" data-element_type=\"widget\" data-e-type=\"widget\" data-widget_type=\"text-editor.default\">\n\t\t\t\t\t\t\t\t\t<p>Martes<\/p>\t\t\t\t\t\t\t\t<\/div>\n\t\t\t\t<div class=\"elementor-element elementor-element-8ed1482 elementor-widget elementor-widget-heading\" data-id=\"8ed1482\" data-element_type=\"widget\" data-e-type=\"widget\" data-widget_type=\"heading.default\">\n\t\t\t\t\t<h2 class=\"elementor-heading-title elementor-size-default\">25<\/h2>\t\t\t\t<\/div>\n\t\t\t\t<div class=\"elementor-element elementor-element-f4485e6 elementor-widget__width-initial elementor-widget elementor-widget-text-editor\" data-id=\"f4485e6\" data-element_type=\"widget\" data-e-type=\"widget\" data-widget_type=\"text-editor.default\">\n\t\t\t\t\t\t\t\t\t<p>de Noviembre<\/p>\t\t\t\t\t\t\t\t<\/div>\n\t\t\t\t<\/div>\n\t\t\t\t<div class=\"elementor-element elementor-element-bc6c0fc elementor-widget__width-initial elementor-widget elementor-widget-text-editor\" data-id=\"bc6c0fc\" data-element_type=\"widget\" data-e-type=\"widget\" data-widget_type=\"text-editor.default\">\n\t\t\t\t\t\t\t\t\t<p><strong>17:30<\/strong> | LIVING CPC (PLANTA BAJA)<br \/><strong>PANEL: Fomento Federal. Nuevas pol\u00edticas y desaf\u00edos regionales.<\/strong><\/p><p>Con: Maximiliano Schonfeld (Entre R\u00edos), Lorena Quevedo (C\u00f3rdoba), Santiago Carabante (Misiones),<br \/>Paulo Ricci (Santa Fe).<\/p><p>Modera: Nicol\u00e1s Herzog.<\/p>\t\t\t\t\t\t\t\t<\/div>\n\t\t\t\t\t<\/div>\n\t\t\t\t<\/div>\n\t\t<div class=\"elementor-element elementor-element-0bcfb52 e-flex e-con-boxed wpr-particle-no wpr-jarallax-no wpr-parallax-no wpr-sticky-section-no wpr-equal-height-no e-con e-parent\" data-id=\"0bcfb52\" data-element_type=\"container\" data-e-type=\"container\">\n\t\t\t\t\t<div class=\"e-con-inner\">\n\t\t<div class=\"elementor-element elementor-element-befecfa e-con-full e-flex wpr-particle-no wpr-jarallax-no wpr-parallax-no wpr-sticky-section-no wpr-equal-height-no e-con e-child\" data-id=\"befecfa\" data-element_type=\"container\" data-e-type=\"container\">\n\t\t\t\t<div class=\"elementor-element elementor-element-94bf684 elementor-widget__width-initial elementor-widget elementor-widget-text-editor\" data-id=\"94bf684\" data-element_type=\"widget\" data-e-type=\"widget\" data-widget_type=\"text-editor.default\">\n\t\t\t\t\t\t\t\t\t<p>Mi\u00e9rcoles<\/p>\t\t\t\t\t\t\t\t<\/div>\n\t\t\t\t<div class=\"elementor-element elementor-element-97dc3d7 elementor-widget elementor-widget-heading\" data-id=\"97dc3d7\" data-element_type=\"widget\" data-e-type=\"widget\" data-widget_type=\"heading.default\">\n\t\t\t\t\t<h2 class=\"elementor-heading-title elementor-size-default\">26<\/h2>\t\t\t\t<\/div>\n\t\t\t\t<div class=\"elementor-element elementor-element-fdb3fff elementor-widget__width-initial elementor-widget elementor-widget-text-editor\" data-id=\"fdb3fff\" data-element_type=\"widget\" data-e-type=\"widget\" data-widget_type=\"text-editor.default\">\n\t\t\t\t\t\t\t\t\t<p>de Noviembre<\/p>\t\t\t\t\t\t\t\t<\/div>\n\t\t\t\t<\/div>\n\t\t\t\t<div class=\"elementor-element elementor-element-f0b80f3 elementor-widget__width-initial elementor-widget elementor-widget-text-editor\" data-id=\"f0b80f3\" data-element_type=\"widget\" data-e-type=\"widget\" data-widget_type=\"text-editor.default\">\n\t\t\t\t\t\t\t\t\t<p><strong>11:30<\/strong> | LIVING CPC (PLANTA BAJA)<br \/><strong>PANEL: Rojo sobre negro. Nuevas miradas del cine de terror.<\/strong><\/p><p>Con: Fernando Diaz (Machaco) &#8211; Roxana Ramos (Aramos cine).<\/p><p>\u00a0<\/p><p><strong>17:30<\/strong> ESPACIO CINEMATECA<br \/><strong>Lo nuevo funciona.<\/strong> La direcci\u00f3n de fotograf\u00eda y el universo cinematogr\u00e1fico a trav\u00e9s de los cambios tecnol\u00f3gicos.<br \/><a href=\"https:\/\/docs.google.com\/forms\/d\/e\/1FAIpQLSd9-8uM0Cj2v5TKPHH--SW3ibcrge3HDtNnqWB5PGTNXEKukQ\/viewform\">CON INSCRIPCI\u00d3N PREVIA<\/a><\/p><p>Un recorrido por la trayectoria del director de fotograf\u00eda entrerriano Guillermo Saposnik, desde sus inicios en Ana y los otros hasta sus colaboraciones m\u00e1s recientes en proyectos como El Eternauta y Atrapados.<\/p>\t\t\t\t\t\t\t\t<\/div>\n\t\t\t\t\t<\/div>\n\t\t\t\t<\/div>\n\t\t<div class=\"elementor-element elementor-element-20f5851 e-flex e-con-boxed wpr-particle-no wpr-jarallax-no wpr-parallax-no wpr-sticky-section-no wpr-equal-height-no e-con e-parent\" data-id=\"20f5851\" data-element_type=\"container\" data-e-type=\"container\">\n\t\t\t\t\t<div class=\"e-con-inner\">\n\t\t<div class=\"elementor-element elementor-element-51c921a e-con-full e-flex wpr-particle-no wpr-jarallax-no wpr-parallax-no wpr-sticky-section-no wpr-equal-height-no e-con e-child\" data-id=\"51c921a\" data-element_type=\"container\" data-e-type=\"container\">\n\t\t\t\t<div class=\"elementor-element elementor-element-bb76bb9 elementor-widget__width-initial elementor-widget elementor-widget-text-editor\" data-id=\"bb76bb9\" data-element_type=\"widget\" data-e-type=\"widget\" data-widget_type=\"text-editor.default\">\n\t\t\t\t\t\t\t\t\t<p>Jueves<\/p>\t\t\t\t\t\t\t\t<\/div>\n\t\t\t\t<div class=\"elementor-element elementor-element-e6946e1 elementor-widget elementor-widget-heading\" data-id=\"e6946e1\" data-element_type=\"widget\" data-e-type=\"widget\" data-widget_type=\"heading.default\">\n\t\t\t\t\t<h2 class=\"elementor-heading-title elementor-size-default\">27<\/h2>\t\t\t\t<\/div>\n\t\t\t\t<div class=\"elementor-element elementor-element-e482c17 elementor-widget__width-initial elementor-widget elementor-widget-text-editor\" data-id=\"e482c17\" data-element_type=\"widget\" data-e-type=\"widget\" data-widget_type=\"text-editor.default\">\n\t\t\t\t\t\t\t\t\t<p>de Noviembre<\/p>\t\t\t\t\t\t\t\t<\/div>\n\t\t\t\t<\/div>\n\t\t\t\t<div class=\"elementor-element elementor-element-91c29b2 elementor-widget__width-initial elementor-widget elementor-widget-text-editor\" data-id=\"91c29b2\" data-element_type=\"widget\" data-e-type=\"widget\" data-widget_type=\"text-editor.default\">\n\t\t\t\t\t\t\t\t\t<p><strong>11:30<\/strong> | LIVING CPC (PLANTA BAJA)<br \/><strong>PANEL: Coproducir hoy. Estrategias y alianzas regionales.<\/strong><\/p><p>Con Micaela Sol\u00e9 (Cordon films, UY), Federico Cetta (El Cielo Cine, UY), Tom\u00e1s Eloy Mu\u00f1oz (Mostra Cine, ARG),\u00a0B\u00e1rbara Francisco (Pasto, ARG).<br \/>Modera: Lorena Quevedo.<\/p><p><strong>15:30<\/strong> | LIVING CPC (PLANTA BAJA)<br \/><strong>PANEL: La sociedad creativa. Cineastas y productores con proyecci\u00f3n internacional.<\/strong><\/p><p>Con Cecilia Kang y Juan Pablo Miller (Directora y Productor de Hijo Mayor) &#8211; Laura Casab\u00e9<br \/>y Alejandro Israel (Directora y Productor de La virgen de la tosquera) Celina Murga y Valeria Bistagnino<br \/>(Directora y productora de El aroma del pasto reci\u00e9n cortado).<br \/>Modera: Nicol\u00e1s Herzog.<\/p><p><strong>17:30<\/strong> | CPC SALA PB<br \/><strong>PANEL: Del cine a las plataformas. Distribuci\u00f3n, exhibici\u00f3n y audiencias en la era digital.<\/strong><\/p><p>Con Ignacio Rapallini (Flow), Mart\u00edn Crespo (Warner \/ HBO Max),<br \/>Manuel Garc\u00eda (Cinetren).<\/p>\t\t\t\t\t\t\t\t<\/div>\n\t\t\t\t\t<\/div>\n\t\t\t\t<\/div>\n\t\t\t\t<\/div>\n\t\t","protected":false},"excerpt":{"rendered":"<p>ACTIVIDADES Martes 25 de Noviembre 17:30 | LIVING CPC (PLANTA BAJA)PANEL: Fomento Federal. Nuevas pol\u00edticas y desaf\u00edos regionales. Con: Maximiliano Schonfeld (Entre R\u00edos), Lorena Quevedo (C\u00f3rdoba), Santiago Carabante (Misiones),Paulo Ricci (Santa Fe). Modera: Nicol\u00e1s Herzog. Mi\u00e9rcoles 26 de Noviembre 11:30 | LIVING CPC (PLANTA BAJA)PANEL: Rojo sobre negro. Nuevas miradas del cine de terror. Con: Fernando Diaz (Machaco) &#8211; Roxana Ramos (Aramos cine). \u00a0 17:30 ESPACIO CINEMATECALo nuevo funciona. La direcci\u00f3n de fotograf\u00eda y el universo cinematogr\u00e1fico a trav\u00e9s de los cambios tecnol\u00f3gicos.CON INSCRIPCI\u00d3N PREVIA Un recorrido por la trayectoria del director de fotograf\u00eda entrerriano Guillermo Saposnik, desde sus inicios en Ana y los otros hasta sus colaboraciones m\u00e1s recientes en proyectos como El Eternauta y Atrapados. Jueves 27 de Noviembre 11:30 | LIVING CPC (PLANTA BAJA)PANEL: Coproducir hoy. Estrategias y alianzas regionales. Con Micaela Sol\u00e9 (Cordon films, UY), Federico Cetta (El Cielo Cine, UY), Tom\u00e1s Eloy Mu\u00f1oz (Mostra Cine, ARG),\u00a0B\u00e1rbara Francisco (Pasto, ARG).Modera: Lorena Quevedo. 15:30 | LIVING CPC (PLANTA BAJA)PANEL: La sociedad creativa. Cineastas y productores con proyecci\u00f3n internacional. Con Cecilia Kang y Juan Pablo Miller (Directora y Productor de Hijo Mayor) &#8211; Laura Casab\u00e9y Alejandro Israel (Directora y Productor de La virgen de la tosquera) Celina Murga y Valeria Bistagnino(Directora y productora de El aroma del pasto reci\u00e9n cortado).Modera: Nicol\u00e1s Herzog. 17:30 | CPC SALA PBPANEL: Del cine a las plataformas. Distribuci\u00f3n, exhibici\u00f3n y audiencias en la era digital. Con Ignacio Rapallini (Flow), Mart\u00edn Crespo (Warner \/ HBO Max),Manuel Garc\u00eda (Cinetren).<\/p>\n","protected":false},"author":16,"featured_media":0,"parent":0,"menu_order":0,"comment_status":"closed","ping_status":"closed","template":"","meta":{"footnotes":""},"tags":[],"class_list":["post-8381","page","type-page","status-publish","hentry"],"_links":{"self":[{"href":"https:\/\/ficer.com.ar\/2025\/wp-json\/wp\/v2\/pages\/8381","targetHints":{"allow":["GET"]}}],"collection":[{"href":"https:\/\/ficer.com.ar\/2025\/wp-json\/wp\/v2\/pages"}],"about":[{"href":"https:\/\/ficer.com.ar\/2025\/wp-json\/wp\/v2\/types\/page"}],"author":[{"embeddable":true,"href":"https:\/\/ficer.com.ar\/2025\/wp-json\/wp\/v2\/users\/16"}],"replies":[{"embeddable":true,"href":"https:\/\/ficer.com.ar\/2025\/wp-json\/wp\/v2\/comments?post=8381"}],"version-history":[{"count":50,"href":"https:\/\/ficer.com.ar\/2025\/wp-json\/wp\/v2\/pages\/8381\/revisions"}],"predecessor-version":[{"id":8878,"href":"https:\/\/ficer.com.ar\/2025\/wp-json\/wp\/v2\/pages\/8381\/revisions\/8878"}],"wp:attachment":[{"href":"https:\/\/ficer.com.ar\/2025\/wp-json\/wp\/v2\/media?parent=8381"}],"wp:term":[{"taxonomy":"post_tag","embeddable":true,"href":"https:\/\/ficer.com.ar\/2025\/wp-json\/wp\/v2\/tags?post=8381"}],"curies":[{"name":"wp","href":"https:\/\/api.w.org\/{rel}","templated":true}]}}