{"id":7939,"date":"2025-11-11T20:30:29","date_gmt":"2025-11-11T23:30:29","guid":{"rendered":"https:\/\/ficer.com.ar\/2025\/?post_type=pelicula&#038;p=7939"},"modified":"2025-11-12T15:08:05","modified_gmt":"2025-11-12T18:08:05","slug":"el-mensaje-copy","status":"publish","type":"pelicula","link":"https:\/\/ficer.com.ar\/2025\/pelicula\/el-mensaje-copy\/","title":{"rendered":"AMOR TRAVA"},"content":{"rendered":"\n<figure class=\"wp-block-image size-full\"><img fetchpriority=\"high\" decoding=\"async\" width=\"2048\" height=\"1152\" src=\"https:\/\/ficer.com.ar\/2025\/wp-content\/uploads\/2025\/11\/AT-edited.jpg\" alt=\"\" class=\"wp-image-7941\" srcset=\"https:\/\/ficer.com.ar\/2025\/wp-content\/uploads\/2025\/11\/AT-edited.jpg 2048w, https:\/\/ficer.com.ar\/2025\/wp-content\/uploads\/2025\/11\/AT-edited-300x169.jpg 300w, https:\/\/ficer.com.ar\/2025\/wp-content\/uploads\/2025\/11\/AT-edited-1024x576.jpg 1024w, https:\/\/ficer.com.ar\/2025\/wp-content\/uploads\/2025\/11\/AT-edited-768x432.jpg 768w, https:\/\/ficer.com.ar\/2025\/wp-content\/uploads\/2025\/11\/AT-edited-1536x864.jpg 1536w\" sizes=\"(max-width: 2048px) 100vw, 2048px\" \/><\/figure>\n\n\n\n<div class=\"wp-block-columns is-layout-flex wp-container-core-columns-is-layout-28f84493 wp-block-columns-is-layout-flex\">\n<div class=\"wp-block-column is-layout-flow wp-block-column-is-layout-flow\" style=\"flex-basis:33.33%\">\n<p style=\"font-style:normal;font-weight:200\"><strong><mark style=\"background-color:rgba(0, 0, 0, 0);color:#0f56aa\" class=\"has-inline-color\">Direcci\u00f3n:<\/mark><\/strong> Lucrecia Mastrangelo<br><strong><mark style=\"background-color:rgba(0, 0, 0, 0);color:#0f56aa\" class=\"has-inline-color\">A\u00f1o:<\/mark><\/strong> 2025<br><strong><mark style=\"background-color:rgba(0, 0, 0, 0);color:#0f56aa\" class=\"has-inline-color\">Duraci\u00f3n: <\/mark><\/strong>67\u2019<br><strong><mark style=\"background-color:rgba(0, 0, 0, 0);color:#0f56aa\" class=\"has-inline-color\">Pa\u00eds:<\/mark><\/strong> Argentina<\/p>\n\n\n\n<p style=\"font-style:normal;font-weight:200\"><strong><mark style=\"background-color:rgba(0, 0, 0, 0);color:#0f56aa\" class=\"has-inline-color\">Int\u00e9rpretes:<\/mark><\/strong> Aurora S\u00e1nchez, Estela Maria S\u00e1nchez, Gala Curimba<br><\/p>\n\n\n\n<p style=\"font-style:normal;font-weight:200\"><strong><mark style=\"background-color:rgba(0, 0, 0, 0);color:#0f56aa\" class=\"has-inline-color\">Producci\u00f3n:<\/mark><\/strong> Lucrecia Mastrangelo<\/p>\n<\/div>\n\n\n\n<div class=\"wp-block-column is-layout-flow wp-block-column-is-layout-flow\" style=\"flex-basis:66.66%\">\n<h3 class=\"wp-block-heading has-text-color has-link-color has-large-font-size wp-elements-fc53fd965fa5e9a1edfaff744c5c793d\" style=\"color:#0f56aa;font-style:normal;font-weight:100\">Sinopsis<\/h3>\n\n\n\n<p style=\"font-style:normal;font-weight:200\"><em>Amor Trava<\/em> es el retrato de Aurora, adolescente en transici\u00f3n. Son parte de este documental sus proyectos a futuro, sus miedos y la relaci\u00f3n con su mam\u00e1. Su vida est\u00e1 atravesada est\u00e9ticamente por la cultura del Movimiento Ballroom, un espacio LGBTIQ+ de liberaci\u00f3n y expresi\u00f3n a trav\u00e9s del cual se busca dejar de esconder el cuerpo y reivindicar los derechos de la diversidad. La pel\u00edcula est\u00e1 tamizada por la obra de Morena Garc\u00eda, escritora y militante travesti\/trans.&nbsp;<br><\/p>\n<\/div>\n<\/div>\n\n\n\n<div style=\"height:49px\" aria-hidden=\"true\" class=\"wp-block-spacer\"><\/div>\n\n\n\n<div class=\"wp-block-columns is-layout-flex wp-container-core-columns-is-layout-28f84493 wp-block-columns-is-layout-flex\">\n<div class=\"wp-block-column is-layout-flow wp-block-column-is-layout-flow\"><\/div>\n\n\n\n<div class=\"wp-block-column is-layout-flow wp-block-column-is-layout-flow\"><\/div>\n<\/div>\n\n\n\n<p><\/p>\n","protected":false},"excerpt":{"rendered":"<p>Cine Entrerriano<br \/>\nEL MENSAJE (Iv\u00e1n Fund)<br \/>\n20:30 \u2013 CPC 1P SALA MAYOR<\/p>\n","protected":false},"featured_media":7941,"template":"","meta":[],"categoria":[266],"programacion":[267],"director":[276],"agenda":[],"lugar":[278],"horario":[277],"class_list":["post-7939","pelicula","type-pelicula","status-publish","has-post-thumbnail","hentry","categoria-seccion-oficial","programacion-martes-25-de-noviembre","director-lucrecia-mastrangelo","lugar-sala-veronica-kuttel-vieja-usina","horario-277"],"_links":{"self":[{"href":"https:\/\/ficer.com.ar\/2025\/wp-json\/wp\/v2\/pelicula\/7939","targetHints":{"allow":["GET"]}}],"collection":[{"href":"https:\/\/ficer.com.ar\/2025\/wp-json\/wp\/v2\/pelicula"}],"about":[{"href":"https:\/\/ficer.com.ar\/2025\/wp-json\/wp\/v2\/types\/pelicula"}],"wp:featuredmedia":[{"embeddable":true,"href":"https:\/\/ficer.com.ar\/2025\/wp-json\/wp\/v2\/media\/7941"}],"wp:attachment":[{"href":"https:\/\/ficer.com.ar\/2025\/wp-json\/wp\/v2\/media?parent=7939"}],"wp:term":[{"taxonomy":"categoria","embeddable":true,"href":"https:\/\/ficer.com.ar\/2025\/wp-json\/wp\/v2\/categoria?post=7939"},{"taxonomy":"programacion","embeddable":true,"href":"https:\/\/ficer.com.ar\/2025\/wp-json\/wp\/v2\/programacion?post=7939"},{"taxonomy":"director","embeddable":true,"href":"https:\/\/ficer.com.ar\/2025\/wp-json\/wp\/v2\/director?post=7939"},{"taxonomy":"agenda","embeddable":true,"href":"https:\/\/ficer.com.ar\/2025\/wp-json\/wp\/v2\/agenda?post=7939"},{"taxonomy":"lugar","embeddable":true,"href":"https:\/\/ficer.com.ar\/2025\/wp-json\/wp\/v2\/lugar?post=7939"},{"taxonomy":"horario","embeddable":true,"href":"https:\/\/ficer.com.ar\/2025\/wp-json\/wp\/v2\/horario?post=7939"}],"curies":[{"name":"wp","href":"https:\/\/api.w.org\/{rel}","templated":true}]}}