{"id":7990,"date":"2025-11-12T09:03:57","date_gmt":"2025-11-12T12:03:57","guid":{"rendered":"https:\/\/ficer.com.ar\/2025\/?post_type=pelicula&#038;p=7990"},"modified":"2025-11-17T17:28:16","modified_gmt":"2025-11-17T20:28:16","slug":"el-mensaje-copy-2","status":"publish","type":"pelicula","link":"https:\/\/ficer.com.ar\/2025\/pelicula\/el-mensaje-copy-2\/","title":{"rendered":"EL TR\u00c1MITE"},"content":{"rendered":"\n<figure class=\"wp-block-image size-full\"><img fetchpriority=\"high\" decoding=\"async\" width=\"1366\" height=\"767\" src=\"https:\/\/ficer.com.ar\/2025\/wp-content\/uploads\/2025\/11\/tramite_f01.png\" alt=\"\" class=\"wp-image-7994\" srcset=\"https:\/\/ficer.com.ar\/2025\/wp-content\/uploads\/2025\/11\/tramite_f01.png 1366w, https:\/\/ficer.com.ar\/2025\/wp-content\/uploads\/2025\/11\/tramite_f01-300x168.png 300w, https:\/\/ficer.com.ar\/2025\/wp-content\/uploads\/2025\/11\/tramite_f01-1024x575.png 1024w, https:\/\/ficer.com.ar\/2025\/wp-content\/uploads\/2025\/11\/tramite_f01-768x431.png 768w\" sizes=\"(max-width: 1366px) 100vw, 1366px\" \/><\/figure>\n\n\n\n<div class=\"wp-block-columns is-layout-flex wp-container-core-columns-is-layout-28f84493 wp-block-columns-is-layout-flex\">\n<div class=\"wp-block-column is-layout-flow wp-block-column-is-layout-flow\" style=\"flex-basis:33.33%\">\n<p style=\"font-style:normal;font-weight:200\"><mark style=\"background-color:rgba(0, 0, 0, 0);color:#fede00\" class=\"has-inline-color\"><strong>Direcci\u00f3n:<\/strong><\/mark> Renzo Casalongue y Pablo Reato<br><strong><mark style=\"background-color:rgba(0, 0, 0, 0);color:#fede00\" class=\"has-inline-color\">A\u00f1o:<\/mark><\/strong> 2025<br><strong><mark style=\"background-color:rgba(0, 0, 0, 0);color:#fede00\" class=\"has-inline-color\">Duraci\u00f3n:<\/mark> <\/strong>13\u2019<br><strong><mark style=\"background-color:rgba(0, 0, 0, 0);color:#fede00\" class=\"has-inline-color\">Pa\u00eds:<\/mark><\/strong> Argentina<\/p>\n\n\n\n<p style=\"font-style:normal;font-weight:200\"><strong><mark style=\"background-color:rgba(0, 0, 0, 0);color:#fede00\" class=\"has-inline-color\">Int\u00e9rpretes:<\/mark><\/strong> Malena Cudini, Alessandra Waitomo, Alan Feyt, Mauro \u00c1lvarez, Danor Llano<\/p>\n\n\n\n<p style=\"font-style:normal;font-weight:200\"><strong><mark style=\"background-color:rgba(0, 0, 0, 0);color:#fede00\" class=\"has-inline-color\">Producci\u00f3n:<\/mark><\/strong> Gustavo Retamar<\/p>\n<\/div>\n\n\n\n<div class=\"wp-block-column is-layout-flow wp-block-column-is-layout-flow\" style=\"flex-basis:66.66%\">\n<h3 class=\"wp-block-heading has-large-font-size\" style=\"font-style:normal;font-weight:100\"><mark style=\"background-color:rgba(0, 0, 0, 0);color:#fede00\" class=\"has-inline-color\">Sinopsis<\/mark><\/h3>\n\n\n\n<p style=\"font-style:normal;font-weight:200\">Susana, una se\u00f1ora mayor, emprende una odisea para completar un rid\u00edculo tr\u00e1mite antes del mediod\u00eda, mientras lidia con las exigencias de las oficinas de la burocracia.<\/p>\n<\/div>\n<\/div>\n\n\n\n<div style=\"height:49px\" aria-hidden=\"true\" class=\"wp-block-spacer\"><\/div>\n\n\n\n<div class=\"wp-block-columns is-layout-flex wp-container-core-columns-is-layout-28f84493 wp-block-columns-is-layout-flex\">\n<div class=\"wp-block-column is-layout-flow wp-block-column-is-layout-flow\"><\/div>\n\n\n\n<div class=\"wp-block-column is-layout-flow wp-block-column-is-layout-flow\"><\/div>\n<\/div>\n\n\n\n<p><\/p>\n","protected":false},"excerpt":{"rendered":"<p>Cine Entrerriano<br \/>\nEL MENSAJE (Iv\u00e1n Fund)<br \/>\n20:30 \u2013 CPC 1P SALA MAYOR<\/p>\n","protected":false},"featured_media":7994,"template":"","meta":[],"categoria":[263],"programacion":[267],"director":[279],"agenda":[],"lugar":[278],"horario":[277],"class_list":["post-7990","pelicula","type-pelicula","status-publish","has-post-thumbnail","hentry","categoria-cortos-entrerrianos","programacion-martes-25-de-noviembre","director-renzo-casalongue-y-pablo-reato","lugar-sala-veronica-kuttel-vieja-usina","horario-277"],"_links":{"self":[{"href":"https:\/\/ficer.com.ar\/2025\/wp-json\/wp\/v2\/pelicula\/7990","targetHints":{"allow":["GET"]}}],"collection":[{"href":"https:\/\/ficer.com.ar\/2025\/wp-json\/wp\/v2\/pelicula"}],"about":[{"href":"https:\/\/ficer.com.ar\/2025\/wp-json\/wp\/v2\/types\/pelicula"}],"wp:featuredmedia":[{"embeddable":true,"href":"https:\/\/ficer.com.ar\/2025\/wp-json\/wp\/v2\/media\/7994"}],"wp:attachment":[{"href":"https:\/\/ficer.com.ar\/2025\/wp-json\/wp\/v2\/media?parent=7990"}],"wp:term":[{"taxonomy":"categoria","embeddable":true,"href":"https:\/\/ficer.com.ar\/2025\/wp-json\/wp\/v2\/categoria?post=7990"},{"taxonomy":"programacion","embeddable":true,"href":"https:\/\/ficer.com.ar\/2025\/wp-json\/wp\/v2\/programacion?post=7990"},{"taxonomy":"director","embeddable":true,"href":"https:\/\/ficer.com.ar\/2025\/wp-json\/wp\/v2\/director?post=7990"},{"taxonomy":"agenda","embeddable":true,"href":"https:\/\/ficer.com.ar\/2025\/wp-json\/wp\/v2\/agenda?post=7990"},{"taxonomy":"lugar","embeddable":true,"href":"https:\/\/ficer.com.ar\/2025\/wp-json\/wp\/v2\/lugar?post=7990"},{"taxonomy":"horario","embeddable":true,"href":"https:\/\/ficer.com.ar\/2025\/wp-json\/wp\/v2\/horario?post=7990"}],"curies":[{"name":"wp","href":"https:\/\/api.w.org\/{rel}","templated":true}]}}