{"id":7995,"date":"2025-11-12T10:03:51","date_gmt":"2025-11-12T13:03:51","guid":{"rendered":"https:\/\/ficer.com.ar\/2025\/?post_type=pelicula&#038;p=7995"},"modified":"2025-11-17T19:04:21","modified_gmt":"2025-11-17T22:04:21","slug":"con-hasan-en-gaza-2","status":"publish","type":"pelicula","link":"https:\/\/ficer.com.ar\/2025\/pelicula\/con-hasan-en-gaza-2\/","title":{"rendered":"CHECKER TOBI"},"content":{"rendered":"\n<figure class=\"wp-block-image size-full\"><img fetchpriority=\"high\" decoding=\"async\" width=\"2560\" height=\"1440\" src=\"https:\/\/ficer.com.ar\/2025\/wp-content\/uploads\/2025\/11\/CHECKER_TOBI_UND_DIE_REISE_ZU_DEN_FLIEGENDEN_FLUESSEN_Foto_01-scaled.jpg\" alt=\"\" class=\"wp-image-7996\" srcset=\"https:\/\/ficer.com.ar\/2025\/wp-content\/uploads\/2025\/11\/CHECKER_TOBI_UND_DIE_REISE_ZU_DEN_FLIEGENDEN_FLUESSEN_Foto_01-scaled.jpg 2560w, https:\/\/ficer.com.ar\/2025\/wp-content\/uploads\/2025\/11\/CHECKER_TOBI_UND_DIE_REISE_ZU_DEN_FLIEGENDEN_FLUESSEN_Foto_01-300x169.jpg 300w, https:\/\/ficer.com.ar\/2025\/wp-content\/uploads\/2025\/11\/CHECKER_TOBI_UND_DIE_REISE_ZU_DEN_FLIEGENDEN_FLUESSEN_Foto_01-1024x576.jpg 1024w, https:\/\/ficer.com.ar\/2025\/wp-content\/uploads\/2025\/11\/CHECKER_TOBI_UND_DIE_REISE_ZU_DEN_FLIEGENDEN_FLUESSEN_Foto_01-768x432.jpg 768w, https:\/\/ficer.com.ar\/2025\/wp-content\/uploads\/2025\/11\/CHECKER_TOBI_UND_DIE_REISE_ZU_DEN_FLIEGENDEN_FLUESSEN_Foto_01-1536x864.jpg 1536w, https:\/\/ficer.com.ar\/2025\/wp-content\/uploads\/2025\/11\/CHECKER_TOBI_UND_DIE_REISE_ZU_DEN_FLIEGENDEN_FLUESSEN_Foto_01-2048x1152.jpg 2048w\" sizes=\"(max-width: 2560px) 100vw, 2560px\" \/><\/figure>\n\n\n\n<div class=\"wp-block-columns is-layout-flex wp-container-core-columns-is-layout-28f84493 wp-block-columns-is-layout-flex\">\n<div class=\"wp-block-column is-layout-flow wp-block-column-is-layout-flow\" style=\"flex-basis:33.33%\">\n<p style=\"font-style:normal;font-weight:200\"><strong><mark style=\"background-color:rgba(0, 0, 0, 0);color:#67cdbb\" class=\"has-inline-color\">Direcci\u00f3n:<\/mark><\/strong> Johannes Honsell<br><strong><mark style=\"background-color:rgba(0, 0, 0, 0);color:#67cdbb\" class=\"has-inline-color\">A\u00f1o:<\/mark><\/strong> 2023<br><strong><mark style=\"background-color:rgba(0, 0, 0, 0);color:#67cdbb\" class=\"has-inline-color\">Duraci\u00f3n:<\/mark> <\/strong>92\u2019<br><strong><mark style=\"background-color:rgba(0, 0, 0, 0);color:#67cdbb\" class=\"has-inline-color\">Pa\u00eds:<\/mark><\/strong> Alemania<\/p>\n\n\n\n<p style=\"font-style:normal;font-weight:200\"><strong><mark style=\"background-color:rgba(0, 0, 0, 0);color:#67cdbb\" class=\"has-inline-color\">Int\u00e9rpretes:<\/mark><\/strong> Tobias Krell, Marina M. Blanke<\/p>\n\n\n\n<p style=\"font-style:normal;font-weight:200\"><strong><mark style=\"background-color:rgba(0, 0, 0, 0);color:#67cdbb\" class=\"has-inline-color\">Producci\u00f3n:<\/mark><\/strong> Fidelis Mager, Oliver Gernstl<\/p>\n<\/div>\n\n\n\n<div class=\"wp-block-column is-layout-flow wp-block-column-is-layout-flow\" style=\"flex-basis:66.66%\">\n<h3 class=\"wp-block-heading has-large-font-size\" style=\"font-style:normal;font-weight:100\"><mark style=\"background-color:rgba(0, 0, 0, 0);color:#67cdbb\" class=\"has-inline-color\">Sinopsis<\/mark><\/h3>\n\n\n\n<p style=\"font-style:normal;font-weight:200\">Tobi recibe un misterioso cofre del tesoro. Solo una persona tiene la llave: Marina, su mejor amiga desde la infancia. Pero nadie sabe d\u00f3nde est\u00e1. Tobi inicia su b\u00fasqueda y atraviesa la bah\u00eda de Ha-Long en Vietnam, el tempestuoso mar de la China Meridional y la selva amaz\u00f3nica de Brasil con un objetivo: resolver el enigma del cofre del tesoro y encontrar los misteriosos r\u00edos voladores.<\/p>\n\n\n\n<p><em><mark style=\"background-color:#ffffff;color:#67cdbb\" class=\"has-inline-color\">La funci\u00f3n es coorganizada con el Goethe-Institut de Buenos Aires<\/mark><\/em><\/p>\n\n\n\n<figure class=\"wp-block-image size-full is-resized wp-duotone-dark-grayscale\"><img decoding=\"async\" width=\"366\" height=\"171\" src=\"https:\/\/ficer.com.ar\/2025\/wp-content\/uploads\/2025\/11\/ccmatta_1.png\" alt=\"\" class=\"wp-image-7951\" style=\"width:120px;height:auto\" srcset=\"https:\/\/ficer.com.ar\/2025\/wp-content\/uploads\/2025\/11\/ccmatta_1.png 366w, https:\/\/ficer.com.ar\/2025\/wp-content\/uploads\/2025\/11\/ccmatta_1-300x140.png 300w\" sizes=\"(max-width: 366px) 100vw, 366px\" \/><\/figure>\n<\/div>\n<\/div>\n\n\n\n<div style=\"height:49px\" aria-hidden=\"true\" class=\"wp-block-spacer\"><\/div>\n\n\n\n<div class=\"wp-block-columns is-layout-flex wp-container-core-columns-is-layout-28f84493 wp-block-columns-is-layout-flex\">\n<div class=\"wp-block-column is-layout-flow wp-block-column-is-layout-flow\"><\/div>\n\n\n\n<div class=\"wp-block-column is-layout-flow wp-block-column-is-layout-flow\"><\/div>\n<\/div>\n\n\n\n<p><\/p>\n","protected":false},"excerpt":{"rendered":"<p>Cine Entrerriano<br \/>\nEL MENSAJE (Iv\u00e1n Fund)<br \/>\n20:30 \u2013 CPC 1P SALA MAYOR<\/p>\n","protected":false},"featured_media":7996,"template":"","meta":[],"categoria":[259],"programacion":[268],"director":[280],"agenda":[],"lugar":[274],"horario":[281],"class_list":["post-7995","pelicula","type-pelicula","status-publish","has-post-thumbnail","hentry","categoria-cine-infantil","programacion-miercoles-26-de-noviembre","director-johannes-honsell","lugar-cpc-1p-sala-mayor","horario-281"],"_links":{"self":[{"href":"https:\/\/ficer.com.ar\/2025\/wp-json\/wp\/v2\/pelicula\/7995","targetHints":{"allow":["GET"]}}],"collection":[{"href":"https:\/\/ficer.com.ar\/2025\/wp-json\/wp\/v2\/pelicula"}],"about":[{"href":"https:\/\/ficer.com.ar\/2025\/wp-json\/wp\/v2\/types\/pelicula"}],"wp:featuredmedia":[{"embeddable":true,"href":"https:\/\/ficer.com.ar\/2025\/wp-json\/wp\/v2\/media\/7996"}],"wp:attachment":[{"href":"https:\/\/ficer.com.ar\/2025\/wp-json\/wp\/v2\/media?parent=7995"}],"wp:term":[{"taxonomy":"categoria","embeddable":true,"href":"https:\/\/ficer.com.ar\/2025\/wp-json\/wp\/v2\/categoria?post=7995"},{"taxonomy":"programacion","embeddable":true,"href":"https:\/\/ficer.com.ar\/2025\/wp-json\/wp\/v2\/programacion?post=7995"},{"taxonomy":"director","embeddable":true,"href":"https:\/\/ficer.com.ar\/2025\/wp-json\/wp\/v2\/director?post=7995"},{"taxonomy":"agenda","embeddable":true,"href":"https:\/\/ficer.com.ar\/2025\/wp-json\/wp\/v2\/agenda?post=7995"},{"taxonomy":"lugar","embeddable":true,"href":"https:\/\/ficer.com.ar\/2025\/wp-json\/wp\/v2\/lugar?post=7995"},{"taxonomy":"horario","embeddable":true,"href":"https:\/\/ficer.com.ar\/2025\/wp-json\/wp\/v2\/horario?post=7995"}],"curies":[{"name":"wp","href":"https:\/\/api.w.org\/{rel}","templated":true}]}}