{"id":7998,"date":"2025-11-12T10:39:55","date_gmt":"2025-11-12T13:39:55","guid":{"rendered":"https:\/\/ficer.com.ar\/2025\/?post_type=pelicula&#038;p=7998"},"modified":"2025-11-17T12:38:07","modified_gmt":"2025-11-17T15:38:07","slug":"las-formas-de-la-invencion","status":"publish","type":"pelicula","link":"https:\/\/ficer.com.ar\/2025\/pelicula\/las-formas-de-la-invencion\/","title":{"rendered":"LAS FORMAS DE LA INVENCI\u00d3N"},"content":{"rendered":"\n<figure class=\"wp-block-image size-full\"><img fetchpriority=\"high\" decoding=\"async\" width=\"1920\" height=\"1080\" src=\"https:\/\/ficer.com.ar\/2025\/wp-content\/uploads\/2025\/11\/LFDLI.jpg\" alt=\"\" class=\"wp-image-8000\" srcset=\"https:\/\/ficer.com.ar\/2025\/wp-content\/uploads\/2025\/11\/LFDLI.jpg 1920w, https:\/\/ficer.com.ar\/2025\/wp-content\/uploads\/2025\/11\/LFDLI-300x169.jpg 300w, https:\/\/ficer.com.ar\/2025\/wp-content\/uploads\/2025\/11\/LFDLI-1024x576.jpg 1024w, https:\/\/ficer.com.ar\/2025\/wp-content\/uploads\/2025\/11\/LFDLI-768x432.jpg 768w, https:\/\/ficer.com.ar\/2025\/wp-content\/uploads\/2025\/11\/LFDLI-1536x864.jpg 1536w\" sizes=\"(max-width: 1920px) 100vw, 1920px\" \/><\/figure>\n\n\n\n<div class=\"wp-block-columns is-layout-flex wp-container-core-columns-is-layout-28f84493 wp-block-columns-is-layout-flex\">\n<div class=\"wp-block-column is-layout-flow wp-block-column-is-layout-flow\" style=\"flex-basis:33.33%\">\n<p style=\"font-style:normal;font-weight:200\"><strong><mark style=\"background-color:rgba(0, 0, 0, 0);color:#b860ea\" class=\"has-inline-color\">Direcci\u00f3n:<\/mark><\/strong> Maia Navas<br><strong><mark style=\"background-color:rgba(0, 0, 0, 0);color:#b860ea\" class=\"has-inline-color\">A\u00f1o:<\/mark><\/strong> 2024<br><strong><mark style=\"background-color:rgba(0, 0, 0, 0);color:#b860ea\" class=\"has-inline-color\">Duraci\u00f3n:<\/mark> <\/strong>60\u2019<br><strong><mark style=\"background-color:rgba(0, 0, 0, 0);color:#b860ea\" class=\"has-inline-color\">Pa\u00eds:<\/mark><\/strong> Argentina<\/p>\n\n\n\n<p style=\"font-style:normal;font-weight:200\"><strong><mark style=\"background-color:rgba(0, 0, 0, 0);color:#b860ea\" class=\"has-inline-color\">Int\u00e9rpretes:<\/mark><\/strong> &#8212;<\/p>\n\n\n\n<p style=\"font-style:normal;font-weight:200\"><strong><mark style=\"background-color:rgba(0, 0, 0, 0);color:#b860ea\" class=\"has-inline-color\">Producci\u00f3n:<\/mark><\/strong> Alejandra Reyero, Clarisa Navas, Eugenia Campos Guevara<\/p>\n<\/div>\n\n\n\n<div class=\"wp-block-column is-layout-flow wp-block-column-is-layout-flow\" style=\"flex-basis:66.66%\">\n<h3 class=\"wp-block-heading has-large-font-size\" style=\"font-style:normal;font-weight:100\"><mark style=\"background-color:rgba(0, 0, 0, 0);color:#b860ea\" class=\"has-inline-color\">Sinopsis<\/mark><\/h3>\n\n\n\n<p style=\"font-style:normal;font-weight:200\">Documental que recorre escenas cotidianas registradas en su mayor\u00eda con un celular entre 2018 y 2024 en un barrio perif\u00e9rico de Corrientes. En el pasaje del d\u00eda a la noche se despliegan gestos y melod\u00edas que desploman las formas impuestas de habitar y se transforman en resistencias alegres ante el avance de la ultraderecha.<\/p>\n<\/div>\n<\/div>\n\n\n\n<div style=\"height:49px\" aria-hidden=\"true\" class=\"wp-block-spacer\"><\/div>\n\n\n\n<div class=\"wp-block-columns is-layout-flex wp-container-core-columns-is-layout-28f84493 wp-block-columns-is-layout-flex\">\n<div class=\"wp-block-column is-layout-flow wp-block-column-is-layout-flow\"><\/div>\n\n\n\n<div class=\"wp-block-column is-layout-flow wp-block-column-is-layout-flow\"><\/div>\n<\/div>\n\n\n\n<p><\/p>\n","protected":false},"excerpt":{"rendered":"<p>Cine Entrerriano<br \/>\nEL MENSAJE (Iv\u00e1n Fund)<br \/>\n20:30 \u2013 CPC 1P SALA MAYOR<\/p>\n","protected":false},"featured_media":8000,"template":"","meta":[],"categoria":[262],"programacion":[268],"director":[284],"agenda":[],"lugar":[283],"horario":[285],"class_list":["post-7998","pelicula","type-pelicula","status-publish","has-post-thumbnail","hentry","categoria-correntada-cine-argentino","programacion-miercoles-26-de-noviembre","director-maia-navas","lugar-cine-las-tipas","horario-285"],"_links":{"self":[{"href":"https:\/\/ficer.com.ar\/2025\/wp-json\/wp\/v2\/pelicula\/7998","targetHints":{"allow":["GET"]}}],"collection":[{"href":"https:\/\/ficer.com.ar\/2025\/wp-json\/wp\/v2\/pelicula"}],"about":[{"href":"https:\/\/ficer.com.ar\/2025\/wp-json\/wp\/v2\/types\/pelicula"}],"wp:featuredmedia":[{"embeddable":true,"href":"https:\/\/ficer.com.ar\/2025\/wp-json\/wp\/v2\/media\/8000"}],"wp:attachment":[{"href":"https:\/\/ficer.com.ar\/2025\/wp-json\/wp\/v2\/media?parent=7998"}],"wp:term":[{"taxonomy":"categoria","embeddable":true,"href":"https:\/\/ficer.com.ar\/2025\/wp-json\/wp\/v2\/categoria?post=7998"},{"taxonomy":"programacion","embeddable":true,"href":"https:\/\/ficer.com.ar\/2025\/wp-json\/wp\/v2\/programacion?post=7998"},{"taxonomy":"director","embeddable":true,"href":"https:\/\/ficer.com.ar\/2025\/wp-json\/wp\/v2\/director?post=7998"},{"taxonomy":"agenda","embeddable":true,"href":"https:\/\/ficer.com.ar\/2025\/wp-json\/wp\/v2\/agenda?post=7998"},{"taxonomy":"lugar","embeddable":true,"href":"https:\/\/ficer.com.ar\/2025\/wp-json\/wp\/v2\/lugar?post=7998"},{"taxonomy":"horario","embeddable":true,"href":"https:\/\/ficer.com.ar\/2025\/wp-json\/wp\/v2\/horario?post=7998"}],"curies":[{"name":"wp","href":"https:\/\/api.w.org\/{rel}","templated":true}]}}