{"id":8003,"date":"2025-11-12T11:34:23","date_gmt":"2025-11-12T14:34:23","guid":{"rendered":"https:\/\/ficer.com.ar\/2025\/?post_type=pelicula&#038;p=8003"},"modified":"2025-11-17T12:38:19","modified_gmt":"2025-11-17T15:38:19","slug":"criaturas-de-la-mente","status":"publish","type":"pelicula","link":"https:\/\/ficer.com.ar\/2025\/pelicula\/criaturas-de-la-mente\/","title":{"rendered":"CRIATURAS DE LA MENTE"},"content":{"rendered":"\n<figure class=\"wp-block-image size-full\"><img fetchpriority=\"high\" decoding=\"async\" width=\"2560\" height=\"1707\" src=\"https:\/\/ficer.com.ar\/2025\/wp-content\/uploads\/2025\/11\/CRI_still02-scaled.jpeg\" alt=\"\" class=\"wp-image-8004\" srcset=\"https:\/\/ficer.com.ar\/2025\/wp-content\/uploads\/2025\/11\/CRI_still02-scaled.jpeg 2560w, https:\/\/ficer.com.ar\/2025\/wp-content\/uploads\/2025\/11\/CRI_still02-300x200.jpeg 300w, https:\/\/ficer.com.ar\/2025\/wp-content\/uploads\/2025\/11\/CRI_still02-1024x683.jpeg 1024w, https:\/\/ficer.com.ar\/2025\/wp-content\/uploads\/2025\/11\/CRI_still02-768x512.jpeg 768w, https:\/\/ficer.com.ar\/2025\/wp-content\/uploads\/2025\/11\/CRI_still02-1536x1024.jpeg 1536w, https:\/\/ficer.com.ar\/2025\/wp-content\/uploads\/2025\/11\/CRI_still02-2048x1365.jpeg 2048w\" sizes=\"(max-width: 2560px) 100vw, 2560px\" \/><\/figure>\n\n\n\n<div class=\"wp-block-columns is-layout-flex wp-container-core-columns-is-layout-28f84493 wp-block-columns-is-layout-flex\">\n<div class=\"wp-block-column is-layout-flow wp-block-column-is-layout-flow\" style=\"flex-basis:33.33%\">\n<p style=\"font-style:normal;font-weight:200\"><strong><mark style=\"background-color:rgba(0, 0, 0, 0);color:#ed5891\" class=\"has-inline-color\">Direcci\u00f3n:<\/mark><\/strong> Marcelo Gomes<br><strong><mark style=\"background-color:rgba(0, 0, 0, 0);color:#ed5891\" class=\"has-inline-color\">A\u00f1o:<\/mark><\/strong> 2025<br><strong><mark style=\"background-color:rgba(0, 0, 0, 0);color:#ed5891\" class=\"has-inline-color\">Duraci\u00f3n:<\/mark> <\/strong>84\u2019<br><strong><mark style=\"background-color:rgba(0, 0, 0, 0);color:#ed5891\" class=\"has-inline-color\">Pa\u00eds:<\/mark><\/strong> Brasil<\/p>\n\n\n\n<p style=\"font-style:normal;font-weight:200\"><strong><mark style=\"background-color:rgba(0, 0, 0, 0);color:#ed5891\" class=\"has-inline-color\">Int\u00e9rpretes:<\/mark><\/strong> Sidarta Ribeiro<\/p>\n\n\n\n<p style=\"font-style:normal;font-weight:200\"><strong><mark style=\"background-color:rgba(0, 0, 0, 0);color:#ed5891\" class=\"has-inline-color\">Producci\u00f3n:<\/mark><\/strong> Videofilmes<\/p>\n<\/div>\n\n\n\n<div class=\"wp-block-column is-layout-flow wp-block-column-is-layout-flow\" style=\"flex-basis:66.66%\">\n<h3 class=\"wp-block-heading has-large-font-size\" style=\"font-style:normal;font-weight:100\"><mark style=\"background-color:rgba(0, 0, 0, 0);color:#ed5891\" class=\"has-inline-color\">Sinopsis<\/mark><\/h3>\n\n\n\n<p style=\"font-style:normal;font-weight:200\">Durante la pandemia, Marcelo Gomes se dio cuenta de que hab\u00eda dejado de so\u00f1ar. Junto al renombrado neurocient\u00edfico brasile\u00f1o Sidarta Ribeiro se embarca en un viaje cinematogr\u00e1fico a trav\u00e9s de los paisajes antropol\u00f3gicos y cient\u00edficos de los sue\u00f1os. Bas\u00e1ndose en el concepto psicol\u00f3gico de \u201cCriaturas de la mente\u201d, la pel\u00edcula explora c\u00f3mo diferentes sociedades han entendido el inconsciente, los s\u00edmbolos, los estados de trance y el folclore. Los encuentros con un m\u00e9dium en Pernambuco, Brasil, y el pensador ind\u00edgena Ailton Krenak profundizan en esta exploraci\u00f3n.<\/p>\n\n\n\n<p><mark style=\"background-color:rgba(0, 0, 0, 0);color:#ed5891\" class=\"has-inline-color\">\u201cEstreno Nacional\u201d<\/mark><\/p>\n<\/div>\n<\/div>\n\n\n\n<div style=\"height:49px\" aria-hidden=\"true\" class=\"wp-block-spacer\"><\/div>\n\n\n\n<div class=\"wp-block-columns is-layout-flex wp-container-core-columns-is-layout-28f84493 wp-block-columns-is-layout-flex\">\n<div class=\"wp-block-column is-layout-flow wp-block-column-is-layout-flow\"><\/div>\n\n\n\n<div class=\"wp-block-column is-layout-flow wp-block-column-is-layout-flow\"><\/div>\n<\/div>\n\n\n\n<p><\/p>\n","protected":false},"excerpt":{"rendered":"<p>Cine Entrerriano<br \/>\nEL MENSAJE (Iv\u00e1n Fund)<br \/>\n20:30 \u2013 CPC 1P SALA MAYOR<\/p>\n","protected":false},"featured_media":8004,"template":"","meta":[],"categoria":[265],"programacion":[268],"director":[288],"agenda":[],"lugar":[274],"horario":[289],"class_list":["post-8003","pelicula","type-pelicula","status-publish","has-post-thumbnail","hentry","categoria-fronteras-abiertas","programacion-miercoles-26-de-noviembre","director-marcelo-gomes","lugar-cpc-1p-sala-mayor","horario-289"],"_links":{"self":[{"href":"https:\/\/ficer.com.ar\/2025\/wp-json\/wp\/v2\/pelicula\/8003","targetHints":{"allow":["GET"]}}],"collection":[{"href":"https:\/\/ficer.com.ar\/2025\/wp-json\/wp\/v2\/pelicula"}],"about":[{"href":"https:\/\/ficer.com.ar\/2025\/wp-json\/wp\/v2\/types\/pelicula"}],"wp:featuredmedia":[{"embeddable":true,"href":"https:\/\/ficer.com.ar\/2025\/wp-json\/wp\/v2\/media\/8004"}],"wp:attachment":[{"href":"https:\/\/ficer.com.ar\/2025\/wp-json\/wp\/v2\/media?parent=8003"}],"wp:term":[{"taxonomy":"categoria","embeddable":true,"href":"https:\/\/ficer.com.ar\/2025\/wp-json\/wp\/v2\/categoria?post=8003"},{"taxonomy":"programacion","embeddable":true,"href":"https:\/\/ficer.com.ar\/2025\/wp-json\/wp\/v2\/programacion?post=8003"},{"taxonomy":"director","embeddable":true,"href":"https:\/\/ficer.com.ar\/2025\/wp-json\/wp\/v2\/director?post=8003"},{"taxonomy":"agenda","embeddable":true,"href":"https:\/\/ficer.com.ar\/2025\/wp-json\/wp\/v2\/agenda?post=8003"},{"taxonomy":"lugar","embeddable":true,"href":"https:\/\/ficer.com.ar\/2025\/wp-json\/wp\/v2\/lugar?post=8003"},{"taxonomy":"horario","embeddable":true,"href":"https:\/\/ficer.com.ar\/2025\/wp-json\/wp\/v2\/horario?post=8003"}],"curies":[{"name":"wp","href":"https:\/\/api.w.org\/{rel}","templated":true}]}}