{"id":8011,"date":"2025-11-12T11:56:54","date_gmt":"2025-11-12T14:56:54","guid":{"rendered":"https:\/\/ficer.com.ar\/2025\/?post_type=pelicula&#038;p=8011"},"modified":"2025-11-17T17:33:45","modified_gmt":"2025-11-17T20:33:45","slug":"parte-del-rio","status":"publish","type":"pelicula","link":"https:\/\/ficer.com.ar\/2025\/pelicula\/parte-del-rio\/","title":{"rendered":"PARTE DEL R\u00cdO"},"content":{"rendered":"\n<figure class=\"wp-block-image size-full\"><img fetchpriority=\"high\" decoding=\"async\" width=\"2560\" height=\"1600\" src=\"https:\/\/ficer.com.ar\/2025\/wp-content\/uploads\/2025\/11\/Partedelrio-scaled.png\" alt=\"\" class=\"wp-image-8303\" srcset=\"https:\/\/ficer.com.ar\/2025\/wp-content\/uploads\/2025\/11\/Partedelrio-scaled.png 2560w, https:\/\/ficer.com.ar\/2025\/wp-content\/uploads\/2025\/11\/Partedelrio-300x188.png 300w, https:\/\/ficer.com.ar\/2025\/wp-content\/uploads\/2025\/11\/Partedelrio-1024x640.png 1024w, https:\/\/ficer.com.ar\/2025\/wp-content\/uploads\/2025\/11\/Partedelrio-768x480.png 768w, https:\/\/ficer.com.ar\/2025\/wp-content\/uploads\/2025\/11\/Partedelrio-1536x960.png 1536w, https:\/\/ficer.com.ar\/2025\/wp-content\/uploads\/2025\/11\/Partedelrio-2048x1280.png 2048w\" sizes=\"(max-width: 2560px) 100vw, 2560px\" \/><\/figure>\n\n\n\n<div class=\"wp-block-columns is-layout-flex wp-container-core-columns-is-layout-28f84493 wp-block-columns-is-layout-flex\">\n<div class=\"wp-block-column is-layout-flow wp-block-column-is-layout-flow\" style=\"flex-basis:33.33%\">\n<p style=\"font-style:normal;font-weight:200\"><strong><mark style=\"background-color:rgba(0, 0, 0, 0);color:#e7c900\" class=\"has-inline-color\">Direcci\u00f3n:<\/mark><\/strong> Fernando Solanas<br><strong><mark style=\"background-color:rgba(0, 0, 0, 0);color:#e7c900\" class=\"has-inline-color\">A\u00f1o:<\/mark><\/strong> 2025<br><strong><mark style=\"background-color:rgba(0, 0, 0, 0);color:#e7c900\" class=\"has-inline-color\">Duraci\u00f3n:<\/mark> <\/strong>14\u2019<br><strong><mark style=\"background-color:rgba(0, 0, 0, 0);color:#e7c900\" class=\"has-inline-color\">Pa\u00eds:<\/mark><\/strong> Argentina<\/p>\n\n\n\n<p style=\"font-style:normal;font-weight:200\"><strong><mark style=\"background-color:rgba(0, 0, 0, 0);color:#e7c900\" class=\"has-inline-color\">Int\u00e9rpretes:<\/mark><\/strong> Luis &#8220;Cosita&#8221; Romero (entrevistado)<\/p>\n\n\n\n<p style=\"font-style:normal;font-weight:200\"><strong><mark style=\"background-color:rgba(0, 0, 0, 0);color:#e7c900\" class=\"has-inline-color\">Producci\u00f3n:<\/mark><\/strong> Irina Mu\u00f1oz<\/p>\n<\/div>\n\n\n\n<div class=\"wp-block-column is-layout-flow wp-block-column-is-layout-flow\" style=\"flex-basis:66.66%\">\n<h3 class=\"wp-block-heading has-large-font-size\" style=\"font-style:normal;font-weight:100\"><mark style=\"background-color:rgba(0, 0, 0, 0);color:#e7c900\" class=\"has-inline-color\">Sinopsis<\/mark><\/h3>\n\n\n\n<p style=\"font-style:normal;font-weight:200\">El r\u00edo Paran\u00e1 como paisaje, cultura, tradici\u00f3n y territorio en disputa. En primera persona, Luis \u201dCosita\u201d Romero, baqueano y activista por los derechos ambientales, cuenta lo que fue la lucha contra el proyecto de la mega represa Paran\u00e1 Medio. A 30 a\u00f1os de aquella cruzada, contin\u00faa concientizando sobre el cuidado de la naturaleza y los peligros del extractivismo.<\/p>\n<\/div>\n<\/div>\n\n\n\n<div style=\"height:49px\" aria-hidden=\"true\" class=\"wp-block-spacer\"><\/div>\n\n\n\n<div class=\"wp-block-columns is-layout-flex wp-container-core-columns-is-layout-28f84493 wp-block-columns-is-layout-flex\">\n<div class=\"wp-block-column is-layout-flow wp-block-column-is-layout-flow\"><\/div>\n\n\n\n<div class=\"wp-block-column is-layout-flow wp-block-column-is-layout-flow\"><\/div>\n<\/div>\n\n\n\n<p><\/p>\n","protected":false},"excerpt":{"rendered":"<p>Cine Entrerriano<br \/>\nEL MENSAJE (Iv\u00e1n Fund)<br \/>\n20:30 \u2013 CPC 1P SALA MAYOR<\/p>\n","protected":false},"featured_media":8303,"template":"","meta":[],"categoria":[263],"programacion":[268],"director":[293],"agenda":[],"lugar":[278],"horario":[289],"class_list":["post-8011","pelicula","type-pelicula","status-publish","has-post-thumbnail","hentry","categoria-cortos-entrerrianos","programacion-miercoles-26-de-noviembre","director-fernando-solanas","lugar-sala-veronica-kuttel-vieja-usina","horario-289"],"_links":{"self":[{"href":"https:\/\/ficer.com.ar\/2025\/wp-json\/wp\/v2\/pelicula\/8011","targetHints":{"allow":["GET"]}}],"collection":[{"href":"https:\/\/ficer.com.ar\/2025\/wp-json\/wp\/v2\/pelicula"}],"about":[{"href":"https:\/\/ficer.com.ar\/2025\/wp-json\/wp\/v2\/types\/pelicula"}],"wp:featuredmedia":[{"embeddable":true,"href":"https:\/\/ficer.com.ar\/2025\/wp-json\/wp\/v2\/media\/8303"}],"wp:attachment":[{"href":"https:\/\/ficer.com.ar\/2025\/wp-json\/wp\/v2\/media?parent=8011"}],"wp:term":[{"taxonomy":"categoria","embeddable":true,"href":"https:\/\/ficer.com.ar\/2025\/wp-json\/wp\/v2\/categoria?post=8011"},{"taxonomy":"programacion","embeddable":true,"href":"https:\/\/ficer.com.ar\/2025\/wp-json\/wp\/v2\/programacion?post=8011"},{"taxonomy":"director","embeddable":true,"href":"https:\/\/ficer.com.ar\/2025\/wp-json\/wp\/v2\/director?post=8011"},{"taxonomy":"agenda","embeddable":true,"href":"https:\/\/ficer.com.ar\/2025\/wp-json\/wp\/v2\/agenda?post=8011"},{"taxonomy":"lugar","embeddable":true,"href":"https:\/\/ficer.com.ar\/2025\/wp-json\/wp\/v2\/lugar?post=8011"},{"taxonomy":"horario","embeddable":true,"href":"https:\/\/ficer.com.ar\/2025\/wp-json\/wp\/v2\/horario?post=8011"}],"curies":[{"name":"wp","href":"https:\/\/api.w.org\/{rel}","templated":true}]}}