{"id":8012,"date":"2025-11-12T12:00:20","date_gmt":"2025-11-12T15:00:20","guid":{"rendered":"https:\/\/ficer.com.ar\/2025\/?post_type=pelicula&#038;p=8012"},"modified":"2025-11-17T18:17:17","modified_gmt":"2025-11-17T21:17:17","slug":"cien-ninos-esperando-un-tren","status":"publish","type":"pelicula","link":"https:\/\/ficer.com.ar\/2025\/pelicula\/cien-ninos-esperando-un-tren\/","title":{"rendered":"CIEN NI\u00d1OS ESPERANDO UN TREN"},"content":{"rendered":"\n<figure class=\"wp-block-image size-full\"><img fetchpriority=\"high\" decoding=\"async\" width=\"1000\" height=\"560\" src=\"https:\/\/ficer.com.ar\/2025\/wp-content\/uploads\/2025\/11\/Cien_Ninos_Web.jpg\" alt=\"\" class=\"wp-image-8013\" srcset=\"https:\/\/ficer.com.ar\/2025\/wp-content\/uploads\/2025\/11\/Cien_Ninos_Web.jpg 1000w, https:\/\/ficer.com.ar\/2025\/wp-content\/uploads\/2025\/11\/Cien_Ninos_Web-300x168.jpg 300w, https:\/\/ficer.com.ar\/2025\/wp-content\/uploads\/2025\/11\/Cien_Ninos_Web-768x430.jpg 768w\" sizes=\"(max-width: 1000px) 100vw, 1000px\" \/><\/figure>\n\n\n\n<div class=\"wp-block-columns is-layout-flex wp-container-core-columns-is-layout-28f84493 wp-block-columns-is-layout-flex\">\n<div class=\"wp-block-column is-layout-flow wp-block-column-is-layout-flow\" style=\"flex-basis:33.33%\">\n<p style=\"font-style:normal;font-weight:200\"><strong><mark style=\"background-color:rgba(0, 0, 0, 0);color:#d90653\" class=\"has-inline-color\">Direcci\u00f3n:<\/mark><\/strong> Ignacio Ag\u00fcero<br><strong><mark style=\"background-color:rgba(0, 0, 0, 0);color:#d90653\" class=\"has-inline-color\">A\u00f1o:<\/mark><\/strong> 1988<br><strong><mark style=\"background-color:rgba(0, 0, 0, 0);color:#d90653\" class=\"has-inline-color\">Duraci\u00f3n:<\/mark> <\/strong>56\u2019<br><strong><mark style=\"background-color:rgba(0, 0, 0, 0);color:#d90653\" class=\"has-inline-color\">Pa\u00eds:<\/mark><\/strong> \u00a0Chile<\/p>\n\n\n\n<p style=\"font-style:normal;font-weight:200\"><strong><mark style=\"background-color:rgba(0, 0, 0, 0);color:#d90653\" class=\"has-inline-color\">Int\u00e9rpretes:<\/mark><\/strong> Alicia Vega<\/p>\n\n\n\n<p style=\"font-style:normal;font-weight:200\"><strong><mark style=\"background-color:rgba(0, 0, 0, 0);color:#d90653\" class=\"has-inline-color\">Producci\u00f3n:<\/mark><\/strong> Beatriz Gonz\u00e1lez<\/p>\n<\/div>\n\n\n\n<div class=\"wp-block-column is-layout-flow wp-block-column-is-layout-flow\" style=\"flex-basis:66.66%\">\n<h3 class=\"wp-block-heading has-large-font-size\" style=\"font-style:normal;font-weight:100\"><mark style=\"background-color:rgba(0, 0, 0, 0);color:#d90653\" class=\"has-inline-color\">Sinopsis<\/mark><\/h3>\n\n\n\n<p style=\"font-style:normal;font-weight:200\">En Cien ni\u00f1os esperando un tren, Ag\u00fcero observa a trav\u00e9s de un taller de cine para ni\u00f1os, impartido por Alicia Vega en una poblaci\u00f3n marginal, c\u00f3mo, a pesar de que nunca han ido al cine y escasamente conocen el centro de la ciudad, la realidad de esos ni\u00f1os se cuela en las historias que cuentan.<\/p>\n\n\n\n<p><strong><mark style=\"background-color:rgba(0, 0, 0, 0);color:#d90653\" class=\"has-inline-color\">\u201cCon el apoyo del Centro Cultural Matta \/ Embajada de Chile en Argentina\u201d<\/mark><\/strong><\/p>\n\n\n\n<figure class=\"wp-block-image size-full is-resized wp-duotone-dark-grayscale\"><img decoding=\"async\" width=\"545\" height=\"61\" src=\"https:\/\/ficer.com.ar\/2025\/wp-content\/uploads\/2025\/11\/ccmatta.png\" alt=\"\" class=\"wp-image-7950\" style=\"width:448px;height:auto\" srcset=\"https:\/\/ficer.com.ar\/2025\/wp-content\/uploads\/2025\/11\/ccmatta.png 545w, https:\/\/ficer.com.ar\/2025\/wp-content\/uploads\/2025\/11\/ccmatta-300x34.png 300w\" sizes=\"(max-width: 545px) 100vw, 545px\" \/><\/figure>\n<\/div>\n<\/div>\n\n\n\n<div style=\"height:49px\" aria-hidden=\"true\" class=\"wp-block-spacer\"><\/div>\n\n\n\n<div class=\"wp-block-columns is-layout-flex wp-container-core-columns-is-layout-28f84493 wp-block-columns-is-layout-flex\">\n<div class=\"wp-block-column is-layout-flow wp-block-column-is-layout-flow\"><\/div>\n\n\n\n<div class=\"wp-block-column is-layout-flow wp-block-column-is-layout-flow\"><\/div>\n<\/div>\n\n\n\n<p><\/p>\n","protected":false},"excerpt":{"rendered":"<p>Cine Entrerriano<br \/>\nEL MENSAJE (Iv\u00e1n Fund)<br \/>\n20:30 \u2013 CPC 1P SALA MAYOR<\/p>\n","protected":false},"featured_media":8013,"template":"","meta":[],"categoria":[350],"programacion":[268],"director":[294],"agenda":[],"lugar":[295],"horario":[296],"class_list":["post-8012","pelicula","type-pelicula","status-publish","has-post-thumbnail","hentry","categoria-foco-ignacio-aguero","programacion-miercoles-26-de-noviembre","director-ignacio-aguero","lugar-sala-noble","horario-296"],"_links":{"self":[{"href":"https:\/\/ficer.com.ar\/2025\/wp-json\/wp\/v2\/pelicula\/8012","targetHints":{"allow":["GET"]}}],"collection":[{"href":"https:\/\/ficer.com.ar\/2025\/wp-json\/wp\/v2\/pelicula"}],"about":[{"href":"https:\/\/ficer.com.ar\/2025\/wp-json\/wp\/v2\/types\/pelicula"}],"wp:featuredmedia":[{"embeddable":true,"href":"https:\/\/ficer.com.ar\/2025\/wp-json\/wp\/v2\/media\/8013"}],"wp:attachment":[{"href":"https:\/\/ficer.com.ar\/2025\/wp-json\/wp\/v2\/media?parent=8012"}],"wp:term":[{"taxonomy":"categoria","embeddable":true,"href":"https:\/\/ficer.com.ar\/2025\/wp-json\/wp\/v2\/categoria?post=8012"},{"taxonomy":"programacion","embeddable":true,"href":"https:\/\/ficer.com.ar\/2025\/wp-json\/wp\/v2\/programacion?post=8012"},{"taxonomy":"director","embeddable":true,"href":"https:\/\/ficer.com.ar\/2025\/wp-json\/wp\/v2\/director?post=8012"},{"taxonomy":"agenda","embeddable":true,"href":"https:\/\/ficer.com.ar\/2025\/wp-json\/wp\/v2\/agenda?post=8012"},{"taxonomy":"lugar","embeddable":true,"href":"https:\/\/ficer.com.ar\/2025\/wp-json\/wp\/v2\/lugar?post=8012"},{"taxonomy":"horario","embeddable":true,"href":"https:\/\/ficer.com.ar\/2025\/wp-json\/wp\/v2\/horario?post=8012"}],"curies":[{"name":"wp","href":"https:\/\/api.w.org\/{rel}","templated":true}]}}