{"id":8018,"date":"2025-11-12T12:28:58","date_gmt":"2025-11-12T15:28:58","guid":{"rendered":"https:\/\/ficer.com.ar\/2025\/?post_type=pelicula&#038;p=8018"},"modified":"2025-11-17T12:39:03","modified_gmt":"2025-11-17T15:39:03","slug":"emboscada","status":"publish","type":"pelicula","link":"https:\/\/ficer.com.ar\/2025\/pelicula\/emboscada\/","title":{"rendered":"EMBOSCADA"},"content":{"rendered":"\n<figure class=\"wp-block-image size-full\"><img fetchpriority=\"high\" decoding=\"async\" width=\"1920\" height=\"801\" src=\"https:\/\/ficer.com.ar\/2025\/wp-content\/uploads\/2025\/11\/emboscada.png\" alt=\"\" class=\"wp-image-8024\" srcset=\"https:\/\/ficer.com.ar\/2025\/wp-content\/uploads\/2025\/11\/emboscada.png 1920w, https:\/\/ficer.com.ar\/2025\/wp-content\/uploads\/2025\/11\/emboscada-300x125.png 300w, https:\/\/ficer.com.ar\/2025\/wp-content\/uploads\/2025\/11\/emboscada-1024x427.png 1024w, https:\/\/ficer.com.ar\/2025\/wp-content\/uploads\/2025\/11\/emboscada-768x320.png 768w, https:\/\/ficer.com.ar\/2025\/wp-content\/uploads\/2025\/11\/emboscada-1536x641.png 1536w\" sizes=\"(max-width: 1920px) 100vw, 1920px\" \/><\/figure>\n\n\n\n<div class=\"wp-block-columns is-layout-flex wp-container-core-columns-is-layout-28f84493 wp-block-columns-is-layout-flex\">\n<div class=\"wp-block-column is-layout-flow wp-block-column-is-layout-flow\" style=\"flex-basis:33.33%\">\n<p style=\"font-style:normal;font-weight:200\"><strong><mark style=\"background-color:rgba(0, 0, 0, 0);color:#6db561\" class=\"has-inline-color\">Direcci\u00f3n:<\/mark><\/strong> Mauro Bedendo<br><strong><mark style=\"background-color:rgba(0, 0, 0, 0);color:#6db561\" class=\"has-inline-color\">A\u00f1o:<\/mark><\/strong> 2025<br><strong><mark style=\"background-color:rgba(0, 0, 0, 0);color:#6db561\" class=\"has-inline-color\">Duraci\u00f3n:<\/mark> <\/strong>95\u2019<br><strong><mark style=\"background-color:rgba(0, 0, 0, 0);color:#6db561\" class=\"has-inline-color\">Pa\u00eds:<\/mark><\/strong> \u00a0Argentina<\/p>\n\n\n\n<p style=\"font-style:normal;font-weight:200\"><strong><mark style=\"background-color:rgba(0, 0, 0, 0);color:#6db561\" class=\"has-inline-color\">Int\u00e9rpretes:<\/mark><\/strong> Osvaldo Laport, Roly Serrano, Juan Carlos Gallego, Erika de Sautu Riestra, Luis Ventura<\/p>\n\n\n\n<p style=\"font-style:normal;font-weight:200\"><strong><mark style=\"background-color:rgba(0, 0, 0, 0);color:#6db561\" class=\"has-inline-color\">Producci\u00f3n:<\/mark><\/strong> Patricia Calder\u00f3n (ALASUR), Marcelo Atelman, Lucas Calabrese y Mauro Bedendo<\/p>\n<\/div>\n\n\n\n<div class=\"wp-block-column is-layout-flow wp-block-column-is-layout-flow\" style=\"flex-basis:66.66%\">\n<h3 class=\"wp-block-heading has-large-font-size\" style=\"font-style:normal;font-weight:100\"><mark style=\"background-color:rgba(0, 0, 0, 0);color:#6db561\" class=\"has-inline-color\">Sinopsis<\/mark><\/h3>\n\n\n\n<p style=\"font-style:normal;font-weight:200\">El Tano, un corresponsal de guerra y fot\u00f3grafo profesional, se convierte en un s\u00edmbolo de rebeli\u00f3n durante el &#8220;corralito&#8221; de 2001, al recuperar sus ahorros con un acto desesperado y extremo. Tras cumplir condena por su acci\u00f3n, ahora en libertad, es perseguido por polic\u00edas corruptos que buscan su fortuna escondida. Con una mochila llena de dinero, un arma y su c\u00e1mara, el protagonista huye hacia el \u00fanico refugio seguro: su pasado.<\/p>\n<\/div>\n<\/div>\n\n\n\n<div style=\"height:49px\" aria-hidden=\"true\" class=\"wp-block-spacer\"><\/div>\n\n\n\n<div class=\"wp-block-columns is-layout-flex wp-container-core-columns-is-layout-28f84493 wp-block-columns-is-layout-flex\">\n<div class=\"wp-block-column is-layout-flow wp-block-column-is-layout-flow\"><\/div>\n\n\n\n<div class=\"wp-block-column is-layout-flow wp-block-column-is-layout-flow\"><\/div>\n<\/div>\n\n\n\n<p><\/p>\n","protected":false},"excerpt":{"rendered":"<p>Cine Entrerriano<br \/>\nEL MENSAJE (Iv\u00e1n Fund)<br \/>\n20:30 \u2013 CPC 1P SALA MAYOR<\/p>\n","protected":false},"featured_media":8024,"template":"","meta":[],"categoria":[258],"programacion":[268],"director":[300],"agenda":[],"lugar":[274],"horario":[277],"class_list":["post-8018","pelicula","type-pelicula","status-publish","has-post-thumbnail","hentry","categoria-cine-entrerriano","programacion-miercoles-26-de-noviembre","director-mauro-bedendo","lugar-cpc-1p-sala-mayor","horario-277"],"_links":{"self":[{"href":"https:\/\/ficer.com.ar\/2025\/wp-json\/wp\/v2\/pelicula\/8018","targetHints":{"allow":["GET"]}}],"collection":[{"href":"https:\/\/ficer.com.ar\/2025\/wp-json\/wp\/v2\/pelicula"}],"about":[{"href":"https:\/\/ficer.com.ar\/2025\/wp-json\/wp\/v2\/types\/pelicula"}],"wp:featuredmedia":[{"embeddable":true,"href":"https:\/\/ficer.com.ar\/2025\/wp-json\/wp\/v2\/media\/8024"}],"wp:attachment":[{"href":"https:\/\/ficer.com.ar\/2025\/wp-json\/wp\/v2\/media?parent=8018"}],"wp:term":[{"taxonomy":"categoria","embeddable":true,"href":"https:\/\/ficer.com.ar\/2025\/wp-json\/wp\/v2\/categoria?post=8018"},{"taxonomy":"programacion","embeddable":true,"href":"https:\/\/ficer.com.ar\/2025\/wp-json\/wp\/v2\/programacion?post=8018"},{"taxonomy":"director","embeddable":true,"href":"https:\/\/ficer.com.ar\/2025\/wp-json\/wp\/v2\/director?post=8018"},{"taxonomy":"agenda","embeddable":true,"href":"https:\/\/ficer.com.ar\/2025\/wp-json\/wp\/v2\/agenda?post=8018"},{"taxonomy":"lugar","embeddable":true,"href":"https:\/\/ficer.com.ar\/2025\/wp-json\/wp\/v2\/lugar?post=8018"},{"taxonomy":"horario","embeddable":true,"href":"https:\/\/ficer.com.ar\/2025\/wp-json\/wp\/v2\/horario?post=8018"}],"curies":[{"name":"wp","href":"https:\/\/api.w.org\/{rel}","templated":true}]}}