{"id":8149,"date":"2025-11-14T13:30:43","date_gmt":"2025-11-14T16:30:43","guid":{"rendered":"https:\/\/ficer.com.ar\/2025\/?post_type=pelicula&#038;p=8149"},"modified":"2025-11-18T10:10:34","modified_gmt":"2025-11-18T13:10:34","slug":"los-inundados","status":"publish","type":"pelicula","link":"https:\/\/ficer.com.ar\/2025\/pelicula\/los-inundados\/","title":{"rendered":"LOS INUNDADOS"},"content":{"rendered":"\n<figure class=\"wp-block-image size-full\"><img fetchpriority=\"high\" decoding=\"async\" width=\"1440\" height=\"1080\" src=\"https:\/\/ficer.com.ar\/2025\/wp-content\/uploads\/2025\/11\/losinundados_1.jpg\" alt=\"\" class=\"wp-image-8150\" srcset=\"https:\/\/ficer.com.ar\/2025\/wp-content\/uploads\/2025\/11\/losinundados_1.jpg 1440w, https:\/\/ficer.com.ar\/2025\/wp-content\/uploads\/2025\/11\/losinundados_1-300x225.jpg 300w, https:\/\/ficer.com.ar\/2025\/wp-content\/uploads\/2025\/11\/losinundados_1-1024x768.jpg 1024w, https:\/\/ficer.com.ar\/2025\/wp-content\/uploads\/2025\/11\/losinundados_1-768x576.jpg 768w\" sizes=\"(max-width: 1440px) 100vw, 1440px\" \/><\/figure>\n\n\n\n<div class=\"wp-block-columns is-layout-flex wp-container-core-columns-is-layout-28f84493 wp-block-columns-is-layout-flex\">\n<div class=\"wp-block-column is-layout-flow wp-block-column-is-layout-flow\" style=\"flex-basis:33.33%\">\n<p style=\"font-style:normal;font-weight:200\"><strong><mark style=\"background-color:#ffffff;color:#e83a4c\" class=\"has-inline-color\">Direcci\u00f3n:<\/mark><\/strong><mark style=\"background-color:#ffffff\" class=\"has-inline-color\"> <\/mark>Fernando Birri<br><strong><mark style=\"background-color:#ffffff;color:#e83a4c\" class=\"has-inline-color\">A\u00f1o:<\/mark><\/strong><mark style=\"background-color:#ffffff\" class=\"has-inline-color\"> 1962<br><\/mark><strong><mark style=\"background-color:#ffffff;color:#e83a4c\" class=\"has-inline-color\">Duraci\u00f3n:<\/mark><\/strong><mark style=\"background-color:#ffffff\" class=\"has-inline-color\"><strong> <\/strong>87\u2019<br><\/mark><strong><mark style=\"background-color:#ffffff;color:#e83a4c\" class=\"has-inline-color\">Pa\u00eds:<\/mark><\/strong><mark style=\"background-color:#ffffff\" class=\"has-inline-color\"> &nbsp;Argentina<\/mark><\/p>\n\n\n\n<p style=\"font-style:normal;font-weight:200\"><strong><mark style=\"background-color:#ffffff;color:#e83a4c\" class=\"has-inline-color\">Int\u00e9rpretes:<\/mark><\/strong><mark style=\"background-color:#ffffff\" class=\"has-inline-color\"> <\/mark>Pirucho G\u00f3mez, Lola Palombo, Mar\u00eda Vera, H\u00e9ctor Palavecino<\/p>\n\n\n\n<p style=\"font-style:normal;font-weight:200\"><strong><mark style=\"background-color:#ffffff;color:#e83a4c\" class=\"has-inline-color\">Producci\u00f3n:<\/mark><\/strong><mark style=\"background-color:#ffffff\" class=\"has-inline-color\"> <\/mark>Productora Argentina Nuestra<\/p>\n<\/div>\n\n\n\n<div class=\"wp-block-column is-layout-flow wp-block-column-is-layout-flow\" style=\"flex-basis:66.66%\">\n<h3 class=\"wp-block-heading has-large-font-size\" style=\"font-style:normal;font-weight:100\"><mark style=\"background-color:#ffffff;color:#e83a4c\" class=\"has-inline-color\">Sinopsis<\/mark><\/h3>\n\n\n\n<p style=\"font-style:normal;font-weight:200\">La familia Gait\u00e1n y sus vecinos de un barrio ubicado en el sur de la ciudad de Santa Fe deben evacuar debido a la crecida del Salado. Las familias son ubicadas en vagones de un tren en el centro de la ciudad donde sus vidas empiezan a entrelazarse con otras clases sociales y con pol\u00edticos que quieren obtener r\u00e9dito de la tragedia.<\/p>\n\n\n\n<p><mark style=\"background-color:rgba(0, 0, 0, 0);color:#e83a4c\" class=\"has-inline-color\">Con apoyo del &#8220;Archivo Birri&#8221;<\/mark><\/p>\n<\/div>\n<\/div>\n\n\n\n<div style=\"height:49px\" aria-hidden=\"true\" class=\"wp-block-spacer\"><\/div>\n\n\n\n<div class=\"wp-block-columns is-layout-flex wp-container-core-columns-is-layout-28f84493 wp-block-columns-is-layout-flex\">\n<div class=\"wp-block-column is-layout-flow wp-block-column-is-layout-flow\"><\/div>\n\n\n\n<div class=\"wp-block-column is-layout-flow wp-block-column-is-layout-flow\"><\/div>\n<\/div>\n\n\n\n<p><\/p>\n","protected":false},"excerpt":{"rendered":"<p>Cine Entrerriano<br \/>\nEL MENSAJE (Iv\u00e1n Fund)<br \/>\n20:30 \u2013 CPC 1P SALA MAYOR<\/p>\n","protected":false},"featured_media":8150,"template":"","meta":[],"categoria":[261],"programacion":[268],"director":[306],"agenda":[],"lugar":[295],"horario":[307],"class_list":["post-8149","pelicula","type-pelicula","status-publish","has-post-thumbnail","hentry","categoria-cinemateca-presenta","programacion-miercoles-26-de-noviembre","director-fernando-birri","lugar-sala-noble","horario-307"],"_links":{"self":[{"href":"https:\/\/ficer.com.ar\/2025\/wp-json\/wp\/v2\/pelicula\/8149","targetHints":{"allow":["GET"]}}],"collection":[{"href":"https:\/\/ficer.com.ar\/2025\/wp-json\/wp\/v2\/pelicula"}],"about":[{"href":"https:\/\/ficer.com.ar\/2025\/wp-json\/wp\/v2\/types\/pelicula"}],"wp:featuredmedia":[{"embeddable":true,"href":"https:\/\/ficer.com.ar\/2025\/wp-json\/wp\/v2\/media\/8150"}],"wp:attachment":[{"href":"https:\/\/ficer.com.ar\/2025\/wp-json\/wp\/v2\/media?parent=8149"}],"wp:term":[{"taxonomy":"categoria","embeddable":true,"href":"https:\/\/ficer.com.ar\/2025\/wp-json\/wp\/v2\/categoria?post=8149"},{"taxonomy":"programacion","embeddable":true,"href":"https:\/\/ficer.com.ar\/2025\/wp-json\/wp\/v2\/programacion?post=8149"},{"taxonomy":"director","embeddable":true,"href":"https:\/\/ficer.com.ar\/2025\/wp-json\/wp\/v2\/director?post=8149"},{"taxonomy":"agenda","embeddable":true,"href":"https:\/\/ficer.com.ar\/2025\/wp-json\/wp\/v2\/agenda?post=8149"},{"taxonomy":"lugar","embeddable":true,"href":"https:\/\/ficer.com.ar\/2025\/wp-json\/wp\/v2\/lugar?post=8149"},{"taxonomy":"horario","embeddable":true,"href":"https:\/\/ficer.com.ar\/2025\/wp-json\/wp\/v2\/horario?post=8149"}],"curies":[{"name":"wp","href":"https:\/\/api.w.org\/{rel}","templated":true}]}}