{"id":8153,"date":"2025-11-14T16:20:40","date_gmt":"2025-11-14T19:20:40","guid":{"rendered":"https:\/\/ficer.com.ar\/2025\/?post_type=pelicula&#038;p=8153"},"modified":"2025-11-18T10:10:09","modified_gmt":"2025-11-18T13:10:09","slug":"el-principe-de-nanawa","status":"publish","type":"pelicula","link":"https:\/\/ficer.com.ar\/2025\/pelicula\/el-principe-de-nanawa\/","title":{"rendered":"EL PR\u00cdNCIPE DE NANAWA"},"content":{"rendered":"\n<figure class=\"wp-block-image size-full\"><img fetchpriority=\"high\" decoding=\"async\" width=\"1920\" height=\"1080\" src=\"https:\/\/ficer.com.ar\/2025\/wp-content\/uploads\/2025\/11\/EPDN.png\" alt=\"\" class=\"wp-image-8155\" srcset=\"https:\/\/ficer.com.ar\/2025\/wp-content\/uploads\/2025\/11\/EPDN.png 1920w, https:\/\/ficer.com.ar\/2025\/wp-content\/uploads\/2025\/11\/EPDN-300x169.png 300w, https:\/\/ficer.com.ar\/2025\/wp-content\/uploads\/2025\/11\/EPDN-1024x576.png 1024w, https:\/\/ficer.com.ar\/2025\/wp-content\/uploads\/2025\/11\/EPDN-768x432.png 768w, https:\/\/ficer.com.ar\/2025\/wp-content\/uploads\/2025\/11\/EPDN-1536x864.png 1536w\" sizes=\"(max-width: 1920px) 100vw, 1920px\" \/><\/figure>\n\n\n\n<div class=\"wp-block-columns is-layout-flex wp-container-core-columns-is-layout-28f84493 wp-block-columns-is-layout-flex\">\n<div class=\"wp-block-column is-layout-flow wp-block-column-is-layout-flow\" style=\"flex-basis:33.33%\">\n<p style=\"font-style:normal;font-weight:200\"><strong><mark style=\"background-color:#ffffff;color:#0f56aa\" class=\"has-inline-color\">Direcci\u00f3n:<\/mark><\/strong><mark style=\"background-color:#ffffff\" class=\"has-inline-color\"> <\/mark>Clarisa Navas<br><strong><mark style=\"background-color:#ffffff;color:#0f56aa\" class=\"has-inline-color\">A\u00f1o:<\/mark><\/strong><mark style=\"background-color:#ffffff\" class=\"has-inline-color\"> 2025<br><\/mark><strong><mark style=\"background-color:#ffffff;color:#0f56aa\" class=\"has-inline-color\">Duraci\u00f3n:<\/mark><\/strong><mark style=\"background-color:#ffffff\" class=\"has-inline-color\"><strong> <\/strong>212\u2019<br><\/mark><strong><mark style=\"background-color:#ffffff;color:#0f56aa\" class=\"has-inline-color\">Pa\u00eds:<\/mark><\/strong><mark style=\"background-color:#ffffff\" class=\"has-inline-color\"> Argentina<\/mark><\/p>\n\n\n\n<p style=\"font-style:normal;font-weight:200\"><strong><mark style=\"background-color:#ffffff;color:#0f56aa\" class=\"has-inline-color\">Int\u00e9rpretes:<\/mark><\/strong><mark style=\"background-color:#ffffff\" class=\"has-inline-color\"> <\/mark>\u00c1ngel Omar Stegmayer Caballero<\/p>\n\n\n\n<p style=\"font-style:normal;font-weight:200\"><strong><mark style=\"background-color:#ffffff;color:#0f56aa\" class=\"has-inline-color\">Producci\u00f3n:<\/mark><\/strong><mark style=\"background-color:#ffffff\" class=\"has-inline-color\"> <\/mark>Eugenia Campos Guevara, Gentil cine en coproducci\u00f3n con Yaguapir\u00fa cine (Argentina), Tekoha Audiovisual (Paraguay), Invasi\u00f3n cine (Colombia) y Autentika films (Alemania)<\/p>\n<\/div>\n\n\n\n<div class=\"wp-block-column is-layout-flow wp-block-column-is-layout-flow\" style=\"flex-basis:66.66%\">\n<h3 class=\"wp-block-heading has-large-font-size\" style=\"font-style:normal;font-weight:100\"><mark style=\"background-color:#ffffff;color:#0f56aa\" class=\"has-inline-color\">Sinopsis<\/mark><\/h3>\n\n\n\n<p style=\"font-style:normal;font-weight:200\">Una pasarela divide Argentina de Paraguay. En el aire flota el guaran\u00ed y el castellano. La gente corre alborotada traficando de todo. En medio de ese ritmo vertiginoso la directora conoci\u00f3 a \u00c1ngel, a sus nueve a\u00f1os. Al escucharlo hablar se emocion\u00f3 tanto que prometi\u00f3 volver a verlo. Un a\u00f1o despu\u00e9s regres\u00f3 y comenzaron a hacer una pel\u00edcula juntos. Despu\u00e9s de diez a\u00f1os, el paso de la ni\u00f1ez a la adolescencia se mueve en estas im\u00e1genes entre preguntas, ausencias y una potencia \u00fanica de vivir y resistir contra todo.<\/p>\n\n\n\n<p><strong><mark style=\"background-color:rgba(0, 0, 0, 0);color:#0f56aa\" class=\"has-inline-color\">Con intervalo de 10&#8242;<\/mark><\/strong><\/p>\n<\/div>\n<\/div>\n\n\n\n<div style=\"height:49px\" aria-hidden=\"true\" class=\"wp-block-spacer\"><\/div>\n\n\n\n<div class=\"wp-block-columns is-layout-flex wp-container-core-columns-is-layout-28f84493 wp-block-columns-is-layout-flex\">\n<div class=\"wp-block-column is-layout-flow wp-block-column-is-layout-flow\"><\/div>\n\n\n\n<div class=\"wp-block-column is-layout-flow wp-block-column-is-layout-flow\"><\/div>\n<\/div>\n\n\n\n<p><\/p>\n","protected":false},"excerpt":{"rendered":"<p>Cine Entrerriano<br \/>\nEL MENSAJE (Iv\u00e1n Fund)<br \/>\n20:30 \u2013 CPC 1P SALA MAYOR<\/p>\n","protected":false},"featured_media":8155,"template":"","meta":[],"categoria":[266],"programacion":[269],"director":[309],"agenda":[],"lugar":[283],"horario":[310],"class_list":["post-8153","pelicula","type-pelicula","status-publish","has-post-thumbnail","hentry","categoria-seccion-oficial","programacion-jueves-27-de-noviembre","director-clarisa-navas","lugar-cine-las-tipas","horario-310"],"_links":{"self":[{"href":"https:\/\/ficer.com.ar\/2025\/wp-json\/wp\/v2\/pelicula\/8153","targetHints":{"allow":["GET"]}}],"collection":[{"href":"https:\/\/ficer.com.ar\/2025\/wp-json\/wp\/v2\/pelicula"}],"about":[{"href":"https:\/\/ficer.com.ar\/2025\/wp-json\/wp\/v2\/types\/pelicula"}],"wp:featuredmedia":[{"embeddable":true,"href":"https:\/\/ficer.com.ar\/2025\/wp-json\/wp\/v2\/media\/8155"}],"wp:attachment":[{"href":"https:\/\/ficer.com.ar\/2025\/wp-json\/wp\/v2\/media?parent=8153"}],"wp:term":[{"taxonomy":"categoria","embeddable":true,"href":"https:\/\/ficer.com.ar\/2025\/wp-json\/wp\/v2\/categoria?post=8153"},{"taxonomy":"programacion","embeddable":true,"href":"https:\/\/ficer.com.ar\/2025\/wp-json\/wp\/v2\/programacion?post=8153"},{"taxonomy":"director","embeddable":true,"href":"https:\/\/ficer.com.ar\/2025\/wp-json\/wp\/v2\/director?post=8153"},{"taxonomy":"agenda","embeddable":true,"href":"https:\/\/ficer.com.ar\/2025\/wp-json\/wp\/v2\/agenda?post=8153"},{"taxonomy":"lugar","embeddable":true,"href":"https:\/\/ficer.com.ar\/2025\/wp-json\/wp\/v2\/lugar?post=8153"},{"taxonomy":"horario","embeddable":true,"href":"https:\/\/ficer.com.ar\/2025\/wp-json\/wp\/v2\/horario?post=8153"}],"curies":[{"name":"wp","href":"https:\/\/api.w.org\/{rel}","templated":true}]}}