{"id":8156,"date":"2025-11-14T16:32:12","date_gmt":"2025-11-14T19:32:12","guid":{"rendered":"https:\/\/ficer.com.ar\/2025\/?post_type=pelicula&#038;p=8156"},"modified":"2025-11-18T10:09:56","modified_gmt":"2025-11-18T13:09:56","slug":"caian-del-cielo","status":"publish","type":"pelicula","link":"https:\/\/ficer.com.ar\/2025\/pelicula\/caian-del-cielo\/","title":{"rendered":"CA\u00cdAN DEL CIELO"},"content":{"rendered":"\n<figure class=\"wp-block-image size-full is-resized\"><img fetchpriority=\"high\" decoding=\"async\" width=\"775\" height=\"487\" src=\"https:\/\/ficer.com.ar\/2025\/wp-content\/uploads\/2025\/11\/CdC-1.jpg\" alt=\"\" class=\"wp-image-8157\" style=\"width:800px;height:auto\" srcset=\"https:\/\/ficer.com.ar\/2025\/wp-content\/uploads\/2025\/11\/CdC-1.jpg 775w, https:\/\/ficer.com.ar\/2025\/wp-content\/uploads\/2025\/11\/CdC-1-300x189.jpg 300w, https:\/\/ficer.com.ar\/2025\/wp-content\/uploads\/2025\/11\/CdC-1-768x483.jpg 768w\" sizes=\"(max-width: 775px) 100vw, 775px\" \/><\/figure>\n\n\n\n<div class=\"wp-block-columns is-layout-flex wp-container-core-columns-is-layout-28f84493 wp-block-columns-is-layout-flex\">\n<div class=\"wp-block-column is-layout-flow wp-block-column-is-layout-flow\" style=\"flex-basis:33.33%\">\n<p style=\"font-style:normal;font-weight:200\"><strong><mark style=\"background-color:#ffffff;color:#b860ea\" class=\"has-inline-color\">Direcci\u00f3n:<\/mark><\/strong><mark style=\"background-color:#ffffff\" class=\"has-inline-color\"> <\/mark>Rub\u00e9n Plataneo<br><strong><mark style=\"background-color:#ffffff;color:#b860ea\" class=\"has-inline-color\">A\u00f1o:<\/mark><\/strong><mark style=\"background-color:#ffffff\" class=\"has-inline-color\"> 2025<br><\/mark><strong><mark style=\"background-color:#ffffff;color:#b860ea\" class=\"has-inline-color\">Duraci\u00f3n:<\/mark><\/strong><mark style=\"background-color:#ffffff\" class=\"has-inline-color\"><strong> <\/strong>79\u2019<br><\/mark><strong><mark style=\"background-color:#ffffff;color:#b860ea\" class=\"has-inline-color\">Pa\u00eds:<\/mark><\/strong><mark style=\"background-color:#ffffff\" class=\"has-inline-color\"> Argentina<\/mark><\/p>\n\n\n\n<p style=\"font-style:normal;font-weight:200\"><strong><mark style=\"background-color:#ffffff;color:#b860ea\" class=\"has-inline-color\">Int\u00e9rpretes:<\/mark><\/strong><mark style=\"background-color:#ffffff\" class=\"has-inline-color\"> <\/mark>Valeria Silva, Otilia Acu\u00f1a De Elias, Alejandro El\u00edas, Delmo Puliotti, Tom\u00e1s Vogel, Hern\u00e1n Rosa<\/p>\n\n\n\n<p style=\"font-style:normal;font-weight:200\"><strong><mark style=\"background-color:#ffffff;color:#b860ea\" class=\"has-inline-color\">Producci\u00f3n:<\/mark><\/strong><mark style=\"background-color:#ffffff\" class=\"has-inline-color\"> <\/mark>CAlanda Producciones e Inimaginaria Producciones en asociaci\u00f3n con Cinespuma<\/p>\n<\/div>\n\n\n\n<div class=\"wp-block-column is-layout-flow wp-block-column-is-layout-flow\" style=\"flex-basis:66.66%\">\n<h3 class=\"wp-block-heading has-large-font-size\" style=\"font-style:normal;font-weight:100\"><mark style=\"background-color:#ffffff;color:#b860ea\" class=\"has-inline-color\">Sinopsis<\/mark><\/h3>\n\n\n\n<p style=\"font-style:normal;font-weight:200\">Antrop\u00f3logos forenses buscan enterramientos ocultos en un monte que fuera propiedad del Ej\u00e9rcito en las afueras de Santa Fe. En paralelo, se investiga documentaci\u00f3n hallada de la represi\u00f3n dictatorial. Valeria, hija de desaparecidos, coordina ambas tareas. Otilia, Madre de Plaza de Mayo, cumple m\u00e1s de 100 a\u00f1os y espera noticias del pasado. El director pone en escena parte de sus recuerdos de la colimba en el mismo monte.<\/p>\n<\/div>\n<\/div>\n\n\n\n<div style=\"height:49px\" aria-hidden=\"true\" class=\"wp-block-spacer\"><\/div>\n\n\n\n<div class=\"wp-block-columns is-layout-flex wp-container-core-columns-is-layout-28f84493 wp-block-columns-is-layout-flex\">\n<div class=\"wp-block-column is-layout-flow wp-block-column-is-layout-flow\"><\/div>\n\n\n\n<div class=\"wp-block-column is-layout-flow wp-block-column-is-layout-flow\"><\/div>\n<\/div>\n\n\n\n<p><\/p>\n","protected":false},"excerpt":{"rendered":"<p>Cine Entrerriano<br \/>\nEL MENSAJE (Iv\u00e1n Fund)<br \/>\n20:30 \u2013 CPC 1P SALA MAYOR<\/p>\n","protected":false},"featured_media":8157,"template":"","meta":[],"categoria":[262],"programacion":[269],"director":[311],"agenda":[],"lugar":[287],"horario":[285],"class_list":["post-8156","pelicula","type-pelicula","status-publish","has-post-thumbnail","hentry","categoria-correntada-cine-argentino","programacion-jueves-27-de-noviembre","director-ruben-plataneo","lugar-cine-circulo","horario-285"],"_links":{"self":[{"href":"https:\/\/ficer.com.ar\/2025\/wp-json\/wp\/v2\/pelicula\/8156","targetHints":{"allow":["GET"]}}],"collection":[{"href":"https:\/\/ficer.com.ar\/2025\/wp-json\/wp\/v2\/pelicula"}],"about":[{"href":"https:\/\/ficer.com.ar\/2025\/wp-json\/wp\/v2\/types\/pelicula"}],"wp:featuredmedia":[{"embeddable":true,"href":"https:\/\/ficer.com.ar\/2025\/wp-json\/wp\/v2\/media\/8157"}],"wp:attachment":[{"href":"https:\/\/ficer.com.ar\/2025\/wp-json\/wp\/v2\/media?parent=8156"}],"wp:term":[{"taxonomy":"categoria","embeddable":true,"href":"https:\/\/ficer.com.ar\/2025\/wp-json\/wp\/v2\/categoria?post=8156"},{"taxonomy":"programacion","embeddable":true,"href":"https:\/\/ficer.com.ar\/2025\/wp-json\/wp\/v2\/programacion?post=8156"},{"taxonomy":"director","embeddable":true,"href":"https:\/\/ficer.com.ar\/2025\/wp-json\/wp\/v2\/director?post=8156"},{"taxonomy":"agenda","embeddable":true,"href":"https:\/\/ficer.com.ar\/2025\/wp-json\/wp\/v2\/agenda?post=8156"},{"taxonomy":"lugar","embeddable":true,"href":"https:\/\/ficer.com.ar\/2025\/wp-json\/wp\/v2\/lugar?post=8156"},{"taxonomy":"horario","embeddable":true,"href":"https:\/\/ficer.com.ar\/2025\/wp-json\/wp\/v2\/horario?post=8156"}],"curies":[{"name":"wp","href":"https:\/\/api.w.org\/{rel}","templated":true}]}}