{"id":8162,"date":"2025-11-14T16:56:13","date_gmt":"2025-11-14T19:56:13","guid":{"rendered":"https:\/\/ficer.com.ar\/2025\/?post_type=pelicula&#038;p=8162"},"modified":"2025-11-18T10:09:22","modified_gmt":"2025-11-18T13:09:22","slug":"el-otro-dia","status":"publish","type":"pelicula","link":"https:\/\/ficer.com.ar\/2025\/pelicula\/el-otro-dia\/","title":{"rendered":"EL OTRO D\u00cdA"},"content":{"rendered":"\n<figure class=\"wp-block-image size-full\"><img fetchpriority=\"high\" decoding=\"async\" width=\"820\" height=\"461\" src=\"https:\/\/ficer.com.ar\/2025\/wp-content\/uploads\/2025\/11\/El-otro-dia.png\" alt=\"\" class=\"wp-image-8163\" srcset=\"https:\/\/ficer.com.ar\/2025\/wp-content\/uploads\/2025\/11\/El-otro-dia.png 820w, https:\/\/ficer.com.ar\/2025\/wp-content\/uploads\/2025\/11\/El-otro-dia-300x169.png 300w, https:\/\/ficer.com.ar\/2025\/wp-content\/uploads\/2025\/11\/El-otro-dia-768x432.png 768w\" sizes=\"(max-width: 820px) 100vw, 820px\" \/><\/figure>\n\n\n\n<div class=\"wp-block-columns is-layout-flex wp-container-core-columns-is-layout-28f84493 wp-block-columns-is-layout-flex\">\n<div class=\"wp-block-column is-layout-flow wp-block-column-is-layout-flow\" style=\"flex-basis:33.33%\">\n<p style=\"font-style:normal;font-weight:200\"><strong><mark style=\"background-color:#ffffff;color:#d90653\" class=\"has-inline-color\">Direcci\u00f3n:<\/mark><\/strong><mark style=\"background-color:#ffffff\" class=\"has-inline-color\"> <\/mark>Ignacio Ag\u00fcero<br><strong><mark style=\"background-color:#ffffff;color:#d90653\" class=\"has-inline-color\">A\u00f1o:<\/mark><\/strong><mark style=\"background-color:#ffffff\" class=\"has-inline-color\"> 2012<br><\/mark><strong><mark style=\"background-color:#ffffff;color:#d90653\" class=\"has-inline-color\">Duraci\u00f3n:<\/mark><\/strong><mark style=\"background-color:#ffffff\" class=\"has-inline-color\"> 120\u2019<br><\/mark><strong><mark style=\"background-color:#ffffff;color:#d90653\" class=\"has-inline-color\">Pa\u00eds:<\/mark><\/strong><mark style=\"background-color:#ffffff\" class=\"has-inline-color\"> Chile<\/mark><\/p>\n\n\n\n<p style=\"font-style:normal;font-weight:200\"><strong><mark style=\"background-color:#ffffff;color:#d90653\" class=\"has-inline-color\">Int\u00e9rpretes:<\/mark><\/strong><mark style=\"background-color:#ffffff\" class=\"has-inline-color\"> <\/mark>&#8211;<\/p>\n\n\n\n<p style=\"font-style:normal;font-weight:200\"><strong><mark style=\"background-color:#ffffff;color:#d90653\" class=\"has-inline-color\">Producci\u00f3n:<\/mark><\/strong><mark style=\"background-color:#ffffff\" class=\"has-inline-color\"> <\/mark>Ignacio Ag\u00fcero, Cristi\u00e1n Asp\u00e9e, Daniela Salazar<\/p>\n<\/div>\n\n\n\n<div class=\"wp-block-column is-layout-flow wp-block-column-is-layout-flow\" style=\"flex-basis:66.66%\">\n<h3 class=\"wp-block-heading has-large-font-size\" style=\"font-style:normal;font-weight:100\"><mark style=\"background-color:#ffffff;color:#d90653\" class=\"has-inline-color\">Sinopsis<\/mark><\/h3>\n\n\n\n<p style=\"font-style:normal;font-weight:200\">El director sigue el movimiento del sol que entra por las ventanas de su casa y que ilumina diversos objetos. Sigue estos movimientos durante el d\u00eda y durante el a\u00f1o, descubriendo asociaciones insospechadas entre los objetos iluminados. Tambi\u00e9n observa el patio, el tr\u00e1fico de gatos y p\u00e1jaros y la transformaci\u00f3n de las plantas con el paso de las estaciones. Estas filmaciones se interrumpen cuando desconocidos tocan el timbre de la casa y al hacerlo entran en la pel\u00edcula.<\/p>\n\n\n\n<p><mark style=\"background-color:rgba(0, 0, 0, 0);color:#d90653\" class=\"has-inline-color\">&nbsp;\u201cCon el apoyo del Centro Cultural Matta \/ Embajada de Chile en Argentina\u201d<\/mark><\/p>\n\n\n\n<figure class=\"wp-block-image size-full is-resized wp-duotone-dark-grayscale\"><img decoding=\"async\" width=\"545\" height=\"61\" src=\"https:\/\/ficer.com.ar\/2025\/wp-content\/uploads\/2025\/11\/ccmatta.png\" alt=\"\" class=\"wp-image-7950\" style=\"width:467px;height:auto\" srcset=\"https:\/\/ficer.com.ar\/2025\/wp-content\/uploads\/2025\/11\/ccmatta.png 545w, https:\/\/ficer.com.ar\/2025\/wp-content\/uploads\/2025\/11\/ccmatta-300x34.png 300w\" sizes=\"(max-width: 545px) 100vw, 545px\" \/><\/figure>\n<\/div>\n<\/div>\n\n\n\n<div style=\"height:49px\" aria-hidden=\"true\" class=\"wp-block-spacer\"><\/div>\n\n\n\n<div class=\"wp-block-columns is-layout-flex wp-container-core-columns-is-layout-28f84493 wp-block-columns-is-layout-flex\">\n<div class=\"wp-block-column is-layout-flow wp-block-column-is-layout-flow\"><\/div>\n\n\n\n<div class=\"wp-block-column is-layout-flow wp-block-column-is-layout-flow\"><\/div>\n<\/div>\n\n\n\n<p><\/p>\n","protected":false},"excerpt":{"rendered":"<p>Cine Entrerriano<br \/>\nEL MENSAJE (Iv\u00e1n Fund)<br \/>\n20:30 \u2013 CPC 1P SALA MAYOR<\/p>\n","protected":false},"featured_media":8163,"template":"","meta":[],"categoria":[350],"programacion":[269],"director":[294],"agenda":[],"lugar":[295],"horario":[289],"class_list":["post-8162","pelicula","type-pelicula","status-publish","has-post-thumbnail","hentry","categoria-foco-ignacio-aguero","programacion-jueves-27-de-noviembre","director-ignacio-aguero","lugar-sala-noble","horario-289"],"_links":{"self":[{"href":"https:\/\/ficer.com.ar\/2025\/wp-json\/wp\/v2\/pelicula\/8162","targetHints":{"allow":["GET"]}}],"collection":[{"href":"https:\/\/ficer.com.ar\/2025\/wp-json\/wp\/v2\/pelicula"}],"about":[{"href":"https:\/\/ficer.com.ar\/2025\/wp-json\/wp\/v2\/types\/pelicula"}],"wp:featuredmedia":[{"embeddable":true,"href":"https:\/\/ficer.com.ar\/2025\/wp-json\/wp\/v2\/media\/8163"}],"wp:attachment":[{"href":"https:\/\/ficer.com.ar\/2025\/wp-json\/wp\/v2\/media?parent=8162"}],"wp:term":[{"taxonomy":"categoria","embeddable":true,"href":"https:\/\/ficer.com.ar\/2025\/wp-json\/wp\/v2\/categoria?post=8162"},{"taxonomy":"programacion","embeddable":true,"href":"https:\/\/ficer.com.ar\/2025\/wp-json\/wp\/v2\/programacion?post=8162"},{"taxonomy":"director","embeddable":true,"href":"https:\/\/ficer.com.ar\/2025\/wp-json\/wp\/v2\/director?post=8162"},{"taxonomy":"agenda","embeddable":true,"href":"https:\/\/ficer.com.ar\/2025\/wp-json\/wp\/v2\/agenda?post=8162"},{"taxonomy":"lugar","embeddable":true,"href":"https:\/\/ficer.com.ar\/2025\/wp-json\/wp\/v2\/lugar?post=8162"},{"taxonomy":"horario","embeddable":true,"href":"https:\/\/ficer.com.ar\/2025\/wp-json\/wp\/v2\/horario?post=8162"}],"curies":[{"name":"wp","href":"https:\/\/api.w.org\/{rel}","templated":true}]}}