{"id":8164,"date":"2025-11-14T17:01:32","date_gmt":"2025-11-14T20:01:32","guid":{"rendered":"https:\/\/ficer.com.ar\/2025\/?post_type=pelicula&#038;p=8164"},"modified":"2025-11-18T10:09:05","modified_gmt":"2025-11-18T13:09:05","slug":"lito-y-sus-amigos","status":"publish","type":"pelicula","link":"https:\/\/ficer.com.ar\/2025\/pelicula\/lito-y-sus-amigos\/","title":{"rendered":"LITO Y SUS AMIGOS"},"content":{"rendered":"\n<figure class=\"wp-block-image size-full\"><img fetchpriority=\"high\" decoding=\"async\" width=\"2560\" height=\"1440\" src=\"https:\/\/ficer.com.ar\/2025\/wp-content\/uploads\/2025\/11\/burbujas-en-el-cielo-scaled.jpg\" alt=\"\" class=\"wp-image-8165\" srcset=\"https:\/\/ficer.com.ar\/2025\/wp-content\/uploads\/2025\/11\/burbujas-en-el-cielo-scaled.jpg 2560w, https:\/\/ficer.com.ar\/2025\/wp-content\/uploads\/2025\/11\/burbujas-en-el-cielo-300x169.jpg 300w, https:\/\/ficer.com.ar\/2025\/wp-content\/uploads\/2025\/11\/burbujas-en-el-cielo-1024x576.jpg 1024w, https:\/\/ficer.com.ar\/2025\/wp-content\/uploads\/2025\/11\/burbujas-en-el-cielo-768x432.jpg 768w, https:\/\/ficer.com.ar\/2025\/wp-content\/uploads\/2025\/11\/burbujas-en-el-cielo-1536x864.jpg 1536w, https:\/\/ficer.com.ar\/2025\/wp-content\/uploads\/2025\/11\/burbujas-en-el-cielo-2048x1152.jpg 2048w\" sizes=\"(max-width: 2560px) 100vw, 2560px\" \/><\/figure>\n\n\n\n<div class=\"wp-block-columns is-layout-flex wp-container-core-columns-is-layout-28f84493 wp-block-columns-is-layout-flex\">\n<div class=\"wp-block-column is-layout-flow wp-block-column-is-layout-flow\" style=\"flex-basis:33.33%\">\n<p style=\"font-style:normal;font-weight:200\"><strong><mark style=\"background-color:#ffffff;color:#6db561\" class=\"has-inline-color\">Direcci\u00f3n:<\/mark><\/strong><mark style=\"background-color:#ffffff\" class=\"has-inline-color\"> <\/mark>Ricardo Jaimovich<br><strong><mark style=\"background-color:#ffffff;color:#6db561\" class=\"has-inline-color\">A\u00f1o:<\/mark><\/strong><mark style=\"background-color:#ffffff\" class=\"has-inline-color\"> 2025<br><\/mark><strong><mark style=\"background-color:#ffffff;color:#6db561\" class=\"has-inline-color\">Duraci\u00f3n:<\/mark><\/strong><mark style=\"background-color:#ffffff\" class=\"has-inline-color\"> 7\u2019<br><\/mark><strong><mark style=\"background-color:#ffffff;color:#6db561\" class=\"has-inline-color\">Pa\u00eds:<\/mark><\/strong><mark style=\"background-color:#ffffff\" class=\"has-inline-color\"> Argentina<\/mark><\/p>\n\n\n\n<p style=\"font-style:normal;font-weight:200\"><strong><mark style=\"background-color:#ffffff;color:#6db561\" class=\"has-inline-color\">Int\u00e9rpretes:<\/mark><\/strong><mark style=\"background-color:#ffffff\" class=\"has-inline-color\"> <\/mark>&#8211;<\/p>\n\n\n\n<p style=\"font-style:normal;font-weight:200\"><strong><mark style=\"background-color:#ffffff;color:#6db561\" class=\"has-inline-color\">Producci\u00f3n:<\/mark><\/strong><mark style=\"background-color:#ffffff\" class=\"has-inline-color\"> <\/mark>Gustavo Bolzan<\/p>\n<\/div>\n\n\n\n<div class=\"wp-block-column is-layout-flow wp-block-column-is-layout-flow\" style=\"flex-basis:66.66%\">\n<h3 class=\"wp-block-heading has-large-font-size\" style=\"font-style:normal;font-weight:100\"><mark style=\"background-color:#ffffff;color:#6db561\" class=\"has-inline-color\">Sinopsis<\/mark><\/h3>\n\n\n\n<p style=\"font-style:normal;font-weight:200\">Lito es un carpincho que se brinda, con su mate y su termo, a hacer amigos de la fauna cercana para poder generar descubrimientos, juegos e ideas nuevas al comp\u00e1s del chamam\u00e9. Siempre cerca del r\u00edo, se encuentra con el pato, la garza, el tat\u00fa mulita, el yaguaret\u00e9, el yacar\u00e9.<\/p>\n<\/div>\n<\/div>\n\n\n\n<div style=\"height:49px\" aria-hidden=\"true\" class=\"wp-block-spacer\"><\/div>\n\n\n\n<div class=\"wp-block-columns is-layout-flex wp-container-core-columns-is-layout-28f84493 wp-block-columns-is-layout-flex\">\n<div class=\"wp-block-column is-layout-flow wp-block-column-is-layout-flow\"><\/div>\n\n\n\n<div class=\"wp-block-column is-layout-flow wp-block-column-is-layout-flow\"><\/div>\n<\/div>\n\n\n\n<p><\/p>\n","protected":false},"excerpt":{"rendered":"<p>Cine Entrerriano<br \/>\nEL MENSAJE (Iv\u00e1n Fund)<br \/>\n20:30 \u2013 CPC 1P SALA MAYOR<\/p>\n","protected":false},"featured_media":8165,"template":"","meta":[],"categoria":[263],"programacion":[269],"director":[314],"agenda":[],"lugar":[295],"horario":[289],"class_list":["post-8164","pelicula","type-pelicula","status-publish","has-post-thumbnail","hentry","categoria-cortos-entrerrianos","programacion-jueves-27-de-noviembre","director-ricardo-jaimovich","lugar-sala-noble","horario-289"],"_links":{"self":[{"href":"https:\/\/ficer.com.ar\/2025\/wp-json\/wp\/v2\/pelicula\/8164","targetHints":{"allow":["GET"]}}],"collection":[{"href":"https:\/\/ficer.com.ar\/2025\/wp-json\/wp\/v2\/pelicula"}],"about":[{"href":"https:\/\/ficer.com.ar\/2025\/wp-json\/wp\/v2\/types\/pelicula"}],"wp:featuredmedia":[{"embeddable":true,"href":"https:\/\/ficer.com.ar\/2025\/wp-json\/wp\/v2\/media\/8165"}],"wp:attachment":[{"href":"https:\/\/ficer.com.ar\/2025\/wp-json\/wp\/v2\/media?parent=8164"}],"wp:term":[{"taxonomy":"categoria","embeddable":true,"href":"https:\/\/ficer.com.ar\/2025\/wp-json\/wp\/v2\/categoria?post=8164"},{"taxonomy":"programacion","embeddable":true,"href":"https:\/\/ficer.com.ar\/2025\/wp-json\/wp\/v2\/programacion?post=8164"},{"taxonomy":"director","embeddable":true,"href":"https:\/\/ficer.com.ar\/2025\/wp-json\/wp\/v2\/director?post=8164"},{"taxonomy":"agenda","embeddable":true,"href":"https:\/\/ficer.com.ar\/2025\/wp-json\/wp\/v2\/agenda?post=8164"},{"taxonomy":"lugar","embeddable":true,"href":"https:\/\/ficer.com.ar\/2025\/wp-json\/wp\/v2\/lugar?post=8164"},{"taxonomy":"horario","embeddable":true,"href":"https:\/\/ficer.com.ar\/2025\/wp-json\/wp\/v2\/horario?post=8164"}],"curies":[{"name":"wp","href":"https:\/\/api.w.org\/{rel}","templated":true}]}}