{"id":8228,"date":"2025-11-15T10:48:39","date_gmt":"2025-11-15T13:48:39","guid":{"rendered":"https:\/\/ficer.com.ar\/2025\/?post_type=pelicula&#038;p=8228"},"modified":"2025-11-18T10:03:06","modified_gmt":"2025-11-18T13:03:06","slug":"anahi-en-la-orilla","status":"publish","type":"pelicula","link":"https:\/\/ficer.com.ar\/2025\/pelicula\/anahi-en-la-orilla\/","title":{"rendered":"ANAH\u00cd EN LA ORILLA"},"content":{"rendered":"\n<figure class=\"wp-block-image size-full\"><img fetchpriority=\"high\" decoding=\"async\" width=\"2560\" height=\"1440\" src=\"https:\/\/ficer.com.ar\/2025\/wp-content\/uploads\/2025\/11\/SebaRomeroPhoto-109-scaled.jpg\" alt=\"\" class=\"wp-image-8229\" srcset=\"https:\/\/ficer.com.ar\/2025\/wp-content\/uploads\/2025\/11\/SebaRomeroPhoto-109-scaled.jpg 2560w, https:\/\/ficer.com.ar\/2025\/wp-content\/uploads\/2025\/11\/SebaRomeroPhoto-109-300x169.jpg 300w, https:\/\/ficer.com.ar\/2025\/wp-content\/uploads\/2025\/11\/SebaRomeroPhoto-109-1024x576.jpg 1024w, https:\/\/ficer.com.ar\/2025\/wp-content\/uploads\/2025\/11\/SebaRomeroPhoto-109-768x432.jpg 768w, https:\/\/ficer.com.ar\/2025\/wp-content\/uploads\/2025\/11\/SebaRomeroPhoto-109-1536x864.jpg 1536w, https:\/\/ficer.com.ar\/2025\/wp-content\/uploads\/2025\/11\/SebaRomeroPhoto-109-2048x1152.jpg 2048w\" sizes=\"(max-width: 2560px) 100vw, 2560px\" \/><\/figure>\n\n\n\n<div class=\"wp-block-columns is-layout-flex wp-container-core-columns-is-layout-28f84493 wp-block-columns-is-layout-flex\">\n<div class=\"wp-block-column is-layout-flow wp-block-column-is-layout-flow\" style=\"flex-basis:33.33%\">\n<p style=\"font-style:normal;font-weight:200\"><strong><mark style=\"background-color:#ffffff;color:#e7c900\" class=\"has-inline-color\">Direcci\u00f3n:<\/mark><\/strong><mark style=\"background-color:#ffffff\" class=\"has-inline-color\"> <\/mark>Mat\u00edas Prete<br><strong><mark style=\"background-color:#ffffff;color:#e7c900\" class=\"has-inline-color\">A\u00f1o:<\/mark><\/strong><mark style=\"background-color:#ffffff\" class=\"has-inline-color\"> 2025<br><\/mark><strong><mark style=\"background-color:#ffffff;color:#e7c900\" class=\"has-inline-color\">Duraci\u00f3n:<\/mark><\/strong><mark style=\"background-color:#ffffff\" class=\"has-inline-color\"> 10\u2019<br><\/mark><strong><mark style=\"background-color:#ffffff;color:#e7c900\" class=\"has-inline-color\">Pa\u00eds:<\/mark><\/strong><mark style=\"background-color:#ffffff\" class=\"has-inline-color\"> Argentina<\/mark><\/p>\n\n\n\n<p style=\"font-style:normal;font-weight:200\"><strong><mark style=\"background-color:#ffffff;color:#e7c900\" class=\"has-inline-color\">Int\u00e9rpretes:<\/mark><\/strong><mark style=\"background-color:#ffffff\" class=\"has-inline-color\"> <\/mark>Anah\u00ed &#8211; Lola Eihhorst y Elina Angel, Fauno &#8211; Elias Gabriel Orsini, Ninfas &#8211; Pamela Lima Aquino, Florencia Lenardon, Betania Ambroggio<\/p>\n\n\n\n<p style=\"font-style:normal;font-weight:200\"><strong><mark style=\"background-color:#ffffff;color:#e7c900\" class=\"has-inline-color\">Producci\u00f3n:<\/mark><\/strong> Esequiel Francisco Montel<\/p>\n<\/div>\n\n\n\n<div class=\"wp-block-column is-layout-flow wp-block-column-is-layout-flow\" style=\"flex-basis:66.66%\">\n<h3 class=\"wp-block-heading has-large-font-size\" style=\"font-style:normal;font-weight:100\"><mark style=\"background-color:#ffffff;color:#e7c900\" class=\"has-inline-color\">Sinopsis<\/mark><\/h3>\n\n\n\n<p style=\"font-style:normal;font-weight:200\">El bosque no es solo un lugar, es un espejo del alma. Cuando Anah\u00ed cruza su umbral, cada encuentro con criaturas no es un azar, sino un desaf\u00edo a su propia inocencia. Estas criaturas son mucho m\u00e1s que seres fant\u00e1sticos y on\u00edricos; son la encarnaci\u00f3n de las fuerzas originarias del hombre que gu\u00edan y confunden al ser humano: el deseo, la vanidad y el misterio. En esta traves\u00eda on\u00edrica, el verdadero territorio a conquistar no es el bosque, sino el camino de la inocencia a la vida.<\/p>\n<\/div>\n<\/div>\n\n\n\n<div style=\"height:49px\" aria-hidden=\"true\" class=\"wp-block-spacer\"><\/div>\n\n\n\n<div class=\"wp-block-columns is-layout-flex wp-container-core-columns-is-layout-28f84493 wp-block-columns-is-layout-flex\">\n<div class=\"wp-block-column is-layout-flow wp-block-column-is-layout-flow\"><\/div>\n\n\n\n<div class=\"wp-block-column is-layout-flow wp-block-column-is-layout-flow\"><\/div>\n<\/div>\n\n\n\n<p><\/p>\n","protected":false},"excerpt":{"rendered":"<p>Cine Entrerriano<br \/>\nEL MENSAJE (Iv\u00e1n Fund)<br \/>\n20:30 \u2013 CPC 1P SALA MAYOR<\/p>\n","protected":false},"featured_media":8229,"template":"","meta":[],"categoria":[263],"programacion":[270],"director":[336],"agenda":[],"lugar":[278],"horario":[277],"class_list":["post-8228","pelicula","type-pelicula","status-publish","has-post-thumbnail","hentry","categoria-cortos-entrerrianos","programacion-viernes-28-de-noviembre","director-matias-prete","lugar-sala-veronica-kuttel-vieja-usina","horario-277"],"_links":{"self":[{"href":"https:\/\/ficer.com.ar\/2025\/wp-json\/wp\/v2\/pelicula\/8228","targetHints":{"allow":["GET"]}}],"collection":[{"href":"https:\/\/ficer.com.ar\/2025\/wp-json\/wp\/v2\/pelicula"}],"about":[{"href":"https:\/\/ficer.com.ar\/2025\/wp-json\/wp\/v2\/types\/pelicula"}],"wp:featuredmedia":[{"embeddable":true,"href":"https:\/\/ficer.com.ar\/2025\/wp-json\/wp\/v2\/media\/8229"}],"wp:attachment":[{"href":"https:\/\/ficer.com.ar\/2025\/wp-json\/wp\/v2\/media?parent=8228"}],"wp:term":[{"taxonomy":"categoria","embeddable":true,"href":"https:\/\/ficer.com.ar\/2025\/wp-json\/wp\/v2\/categoria?post=8228"},{"taxonomy":"programacion","embeddable":true,"href":"https:\/\/ficer.com.ar\/2025\/wp-json\/wp\/v2\/programacion?post=8228"},{"taxonomy":"director","embeddable":true,"href":"https:\/\/ficer.com.ar\/2025\/wp-json\/wp\/v2\/director?post=8228"},{"taxonomy":"agenda","embeddable":true,"href":"https:\/\/ficer.com.ar\/2025\/wp-json\/wp\/v2\/agenda?post=8228"},{"taxonomy":"lugar","embeddable":true,"href":"https:\/\/ficer.com.ar\/2025\/wp-json\/wp\/v2\/lugar?post=8228"},{"taxonomy":"horario","embeddable":true,"href":"https:\/\/ficer.com.ar\/2025\/wp-json\/wp\/v2\/horario?post=8228"}],"curies":[{"name":"wp","href":"https:\/\/api.w.org\/{rel}","templated":true}]}}