{"id":8236,"date":"2025-11-15T11:30:00","date_gmt":"2025-11-15T14:30:00","guid":{"rendered":"https:\/\/ficer.com.ar\/2025\/?post_type=pelicula&#038;p=8236"},"modified":"2025-11-18T10:01:50","modified_gmt":"2025-11-18T13:01:50","slug":"aqui-se-construye","status":"publish","type":"pelicula","link":"https:\/\/ficer.com.ar\/2025\/pelicula\/aqui-se-construye\/","title":{"rendered":"AQU\u00cd SE CONSTRUYE"},"content":{"rendered":"\n<figure class=\"wp-block-image size-full\"><img fetchpriority=\"high\" decoding=\"async\" width=\"894\" height=\"614\" src=\"https:\/\/ficer.com.ar\/2025\/wp-content\/uploads\/2025\/11\/aquiseconstruye01.jpg\" alt=\"\" class=\"wp-image-8238\" srcset=\"https:\/\/ficer.com.ar\/2025\/wp-content\/uploads\/2025\/11\/aquiseconstruye01.jpg 894w, https:\/\/ficer.com.ar\/2025\/wp-content\/uploads\/2025\/11\/aquiseconstruye01-300x206.jpg 300w, https:\/\/ficer.com.ar\/2025\/wp-content\/uploads\/2025\/11\/aquiseconstruye01-768x527.jpg 768w\" sizes=\"(max-width: 894px) 100vw, 894px\" \/><\/figure>\n\n\n\n<div class=\"wp-block-columns is-layout-flex wp-container-core-columns-is-layout-28f84493 wp-block-columns-is-layout-flex\">\n<div class=\"wp-block-column is-layout-flow wp-block-column-is-layout-flow\" style=\"flex-basis:33.33%\">\n<p style=\"font-style:normal;font-weight:200\"><strong><mark style=\"background-color:#ffffff;color:#d90653\" class=\"has-inline-color\">Direcci\u00f3n:<\/mark><\/strong> Ignacio Ag\u00fcero<br><strong><mark style=\"background-color:#ffffff;color:#d90653\" class=\"has-inline-color\">A\u00f1o:<\/mark><\/strong><mark style=\"background-color:#ffffff\" class=\"has-inline-color\"> 2000<br><\/mark><strong><mark style=\"background-color:#ffffff;color:#d90653\" class=\"has-inline-color\">Duraci\u00f3n:<\/mark><\/strong><mark style=\"background-color:#ffffff\" class=\"has-inline-color\"> 77\u2019<br><\/mark><strong><mark style=\"background-color:#ffffff;color:#d90653\" class=\"has-inline-color\">Pa\u00eds:<\/mark><\/strong> Chile<\/p>\n\n\n\n<p style=\"font-style:normal;font-weight:200\"><strong><mark style=\"background-color:#ffffff;color:#d90653\" class=\"has-inline-color\">Int\u00e9rpretes:<\/mark><\/strong><mark style=\"background-color:#ffffff\" class=\"has-inline-color\"> <\/mark>&#8211;<\/p>\n\n\n\n<p style=\"font-style:normal;font-weight:200\"><strong><mark style=\"background-color:#ffffff;color:#d90653\" class=\"has-inline-color\">Producci\u00f3n:<\/mark><\/strong> Hern\u00e1n Littin, Ignacio Ag\u00fcero<\/p>\n<\/div>\n\n\n\n<div class=\"wp-block-column is-layout-flow wp-block-column-is-layout-flow\" style=\"flex-basis:66.66%\">\n<h3 class=\"wp-block-heading has-large-font-size\" style=\"font-style:normal;font-weight:100\"><mark style=\"background-color:#ffffff;color:#d90653\" class=\"has-inline-color\">Sinopsis<\/mark><\/h3>\n\n\n\n<p style=\"font-style:normal;font-weight:200\">Un vecino sufre la demolici\u00f3n de la casa vecina y la construcci\u00f3n de un edificio sobre el mismo lugar, en un per\u00edodo de dos a\u00f1os y medio. Durante este tiempo muchas cosas ocurrir\u00e1n: una muerte y un nacimiento, demoliciones de barrios, construcciones de edificios y el paso de las estaciones. Al final, cuando el edificio est\u00e1 terminado y habitado, los nuevos vecinos miran al protagonista desde sus balcones hacia abajo, como el residuo de una cultura vencida en una guerra urbana y silenciosa. Una pel\u00edcula sobre la toma de las ciudades por un invasor sin rostro. Una pel\u00edcula sobre el transcurso del tiempo en un espacio que se transforma.<\/p>\n\n\n\n<p><mark style=\"background-color:rgba(0, 0, 0, 0);color:#d90653\" class=\"has-inline-color\">\u201cCon el apoyo del Centro Cultural Matta \/ Embajada de Chile en Argentina\u201d<\/mark><\/p>\n\n\n\n<figure class=\"wp-block-image aligncenter size-full is-resized wp-duotone-dark-grayscale\"><img decoding=\"async\" width=\"545\" height=\"61\" src=\"https:\/\/ficer.com.ar\/2025\/wp-content\/uploads\/2025\/11\/ccmatta.png\" alt=\"\" class=\"wp-image-7950\" style=\"width:294px;height:auto\" srcset=\"https:\/\/ficer.com.ar\/2025\/wp-content\/uploads\/2025\/11\/ccmatta.png 545w, https:\/\/ficer.com.ar\/2025\/wp-content\/uploads\/2025\/11\/ccmatta-300x34.png 300w\" sizes=\"(max-width: 545px) 100vw, 545px\" \/><\/figure>\n<\/div>\n<\/div>\n\n\n\n<div style=\"height:49px\" aria-hidden=\"true\" class=\"wp-block-spacer\"><\/div>\n\n\n\n<div class=\"wp-block-columns is-layout-flex wp-container-core-columns-is-layout-28f84493 wp-block-columns-is-layout-flex\">\n<div class=\"wp-block-column is-layout-flow wp-block-column-is-layout-flow\"><\/div>\n\n\n\n<div class=\"wp-block-column is-layout-flow wp-block-column-is-layout-flow\"><\/div>\n<\/div>\n\n\n\n<p><\/p>\n","protected":false},"excerpt":{"rendered":"<p>Cine Entrerriano<br \/>\nEL MENSAJE (Iv\u00e1n Fund)<br \/>\n20:30 \u2013 CPC 1P SALA MAYOR<\/p>\n","protected":false},"featured_media":8238,"template":"","meta":[],"categoria":[350],"programacion":[271],"director":[294],"agenda":[],"lugar":[278],"horario":[285],"class_list":["post-8236","pelicula","type-pelicula","status-publish","has-post-thumbnail","hentry","categoria-foco-ignacio-aguero","programacion-sabado-29-de-noviembre","director-ignacio-aguero","lugar-sala-veronica-kuttel-vieja-usina","horario-285"],"_links":{"self":[{"href":"https:\/\/ficer.com.ar\/2025\/wp-json\/wp\/v2\/pelicula\/8236","targetHints":{"allow":["GET"]}}],"collection":[{"href":"https:\/\/ficer.com.ar\/2025\/wp-json\/wp\/v2\/pelicula"}],"about":[{"href":"https:\/\/ficer.com.ar\/2025\/wp-json\/wp\/v2\/types\/pelicula"}],"wp:featuredmedia":[{"embeddable":true,"href":"https:\/\/ficer.com.ar\/2025\/wp-json\/wp\/v2\/media\/8238"}],"wp:attachment":[{"href":"https:\/\/ficer.com.ar\/2025\/wp-json\/wp\/v2\/media?parent=8236"}],"wp:term":[{"taxonomy":"categoria","embeddable":true,"href":"https:\/\/ficer.com.ar\/2025\/wp-json\/wp\/v2\/categoria?post=8236"},{"taxonomy":"programacion","embeddable":true,"href":"https:\/\/ficer.com.ar\/2025\/wp-json\/wp\/v2\/programacion?post=8236"},{"taxonomy":"director","embeddable":true,"href":"https:\/\/ficer.com.ar\/2025\/wp-json\/wp\/v2\/director?post=8236"},{"taxonomy":"agenda","embeddable":true,"href":"https:\/\/ficer.com.ar\/2025\/wp-json\/wp\/v2\/agenda?post=8236"},{"taxonomy":"lugar","embeddable":true,"href":"https:\/\/ficer.com.ar\/2025\/wp-json\/wp\/v2\/lugar?post=8236"},{"taxonomy":"horario","embeddable":true,"href":"https:\/\/ficer.com.ar\/2025\/wp-json\/wp\/v2\/horario?post=8236"}],"curies":[{"name":"wp","href":"https:\/\/api.w.org\/{rel}","templated":true}]}}