{"id":8242,"date":"2025-11-15T11:48:51","date_gmt":"2025-11-15T14:48:51","guid":{"rendered":"https:\/\/ficer.com.ar\/2025\/?post_type=pelicula&#038;p=8242"},"modified":"2025-11-18T10:00:57","modified_gmt":"2025-11-18T13:00:57","slug":"la-sabana-y-la-montana","status":"publish","type":"pelicula","link":"https:\/\/ficer.com.ar\/2025\/pelicula\/la-sabana-y-la-montana\/","title":{"rendered":"LA SABANA Y LA MONTA\u00d1A"},"content":{"rendered":"\n<figure class=\"wp-block-image size-full\"><img fetchpriority=\"high\" decoding=\"async\" width=\"2048\" height=\"1152\" src=\"https:\/\/ficer.com.ar\/2025\/wp-content\/uploads\/2025\/11\/Savanna-and-the-Mountain-2.jpg\" alt=\"\" class=\"wp-image-8243\" srcset=\"https:\/\/ficer.com.ar\/2025\/wp-content\/uploads\/2025\/11\/Savanna-and-the-Mountain-2.jpg 2048w, https:\/\/ficer.com.ar\/2025\/wp-content\/uploads\/2025\/11\/Savanna-and-the-Mountain-2-300x169.jpg 300w, https:\/\/ficer.com.ar\/2025\/wp-content\/uploads\/2025\/11\/Savanna-and-the-Mountain-2-1024x576.jpg 1024w, https:\/\/ficer.com.ar\/2025\/wp-content\/uploads\/2025\/11\/Savanna-and-the-Mountain-2-768x432.jpg 768w, https:\/\/ficer.com.ar\/2025\/wp-content\/uploads\/2025\/11\/Savanna-and-the-Mountain-2-1536x864.jpg 1536w\" sizes=\"(max-width: 2048px) 100vw, 2048px\" \/><\/figure>\n\n\n\n<div class=\"wp-block-columns is-layout-flex wp-container-core-columns-is-layout-28f84493 wp-block-columns-is-layout-flex\">\n<div class=\"wp-block-column is-layout-flow wp-block-column-is-layout-flow\" style=\"flex-basis:33.33%\">\n<p style=\"font-style:normal;font-weight:200\"><strong><mark style=\"background-color:#ffffff;color:#f78e26\" class=\"has-inline-color\">Direcci\u00f3n:<\/mark><\/strong> Paulo Carneiro<br><strong><mark style=\"background-color:#ffffff;color:#f78e26\" class=\"has-inline-color\">A\u00f1o:<\/mark><\/strong><mark style=\"background-color:#ffffff\" class=\"has-inline-color\"> 2024<br><\/mark><strong><mark style=\"background-color:#ffffff;color:#f78e26\" class=\"has-inline-color\">Duraci\u00f3n:<\/mark><\/strong><mark style=\"background-color:#ffffff\" class=\"has-inline-color\"> 77\u2019<br><\/mark><strong><mark style=\"background-color:#ffffff;color:#f78e26\" class=\"has-inline-color\">Pa\u00eds:<\/mark><\/strong> Portugal &#8211; Uruguay<\/p>\n\n\n\n<p style=\"font-style:normal;font-weight:200\"><strong><mark style=\"background-color:#ffffff;color:#f78e26\" class=\"has-inline-color\">Int\u00e9rpretes:<\/mark><\/strong><mark style=\"background-color:#ffffff\" class=\"has-inline-color\"> <\/mark>Aida Fernandes, Maria Loureiro, Elisabete Pires, Daniel Loureiro, Rita e In\u00eas M\u00f3<\/p>\n\n\n\n<p style=\"font-style:normal;font-weight:200\"><strong><mark style=\"background-color:#ffffff;color:#f78e26\" class=\"has-inline-color\">Producci\u00f3n:<\/mark><\/strong> Paulo Carneiro, Miguel de Jesus \/ Bam Bam Cinema, Alex Piperno \/ La Pobladora Cine<\/p>\n<\/div>\n\n\n\n<div class=\"wp-block-column is-layout-flow wp-block-column-is-layout-flow\" style=\"flex-basis:66.66%\">\n<h3 class=\"wp-block-heading has-large-font-size\" style=\"font-style:normal;font-weight:100\"><mark style=\"background-color:#ffffff;color:#f78e26\" class=\"has-inline-color\">Sinopsis<\/mark><\/h3>\n\n\n\n<p style=\"font-style:normal;font-weight:200\">Como en una versi\u00f3n moderna de la historia de David y Goliat, la tercera pel\u00edcula de Paulo Carneiro reconstruye, en clave <em>western<\/em>, la epopeya de un peque\u00f1o pueblo del norte de Portugal que decide luchar para detener un proyecto de megaminer\u00eda. Los propios vecinos de Covas do Barroso son quienes colaboran en la escritura del guion y act\u00faan en esta obra tan po\u00e9tica como pol\u00edtica, que recuerda el poder transformador de las comunidades cuando se organizan por el bien com\u00fan y la capacidad del cine para invitarnos a imaginar que, a veces, lo imposible puede volverse posible.<\/p>\n<\/div>\n<\/div>\n\n\n\n<div style=\"height:49px\" aria-hidden=\"true\" class=\"wp-block-spacer\"><\/div>\n\n\n\n<div class=\"wp-block-columns is-layout-flex wp-container-core-columns-is-layout-28f84493 wp-block-columns-is-layout-flex\">\n<div class=\"wp-block-column is-layout-flow wp-block-column-is-layout-flow\"><\/div>\n\n\n\n<div class=\"wp-block-column is-layout-flow wp-block-column-is-layout-flow\"><\/div>\n<\/div>\n\n\n\n<p><\/p>\n","protected":false},"excerpt":{"rendered":"<p>Cine Entrerriano<br \/>\nEL MENSAJE (Iv\u00e1n Fund)<br \/>\n20:30 \u2013 CPC 1P SALA MAYOR<\/p>\n","protected":false},"featured_media":8243,"template":"","meta":[],"categoria":[260],"programacion":[271],"director":[343],"agenda":[],"lugar":[287],"horario":[285],"class_list":["post-8242","pelicula","type-pelicula","status-publish","has-post-thumbnail","hentry","categoria-cine-internacional","programacion-sabado-29-de-noviembre","director-paulo-carneiro","lugar-cine-circulo","horario-285"],"_links":{"self":[{"href":"https:\/\/ficer.com.ar\/2025\/wp-json\/wp\/v2\/pelicula\/8242","targetHints":{"allow":["GET"]}}],"collection":[{"href":"https:\/\/ficer.com.ar\/2025\/wp-json\/wp\/v2\/pelicula"}],"about":[{"href":"https:\/\/ficer.com.ar\/2025\/wp-json\/wp\/v2\/types\/pelicula"}],"wp:featuredmedia":[{"embeddable":true,"href":"https:\/\/ficer.com.ar\/2025\/wp-json\/wp\/v2\/media\/8243"}],"wp:attachment":[{"href":"https:\/\/ficer.com.ar\/2025\/wp-json\/wp\/v2\/media?parent=8242"}],"wp:term":[{"taxonomy":"categoria","embeddable":true,"href":"https:\/\/ficer.com.ar\/2025\/wp-json\/wp\/v2\/categoria?post=8242"},{"taxonomy":"programacion","embeddable":true,"href":"https:\/\/ficer.com.ar\/2025\/wp-json\/wp\/v2\/programacion?post=8242"},{"taxonomy":"director","embeddable":true,"href":"https:\/\/ficer.com.ar\/2025\/wp-json\/wp\/v2\/director?post=8242"},{"taxonomy":"agenda","embeddable":true,"href":"https:\/\/ficer.com.ar\/2025\/wp-json\/wp\/v2\/agenda?post=8242"},{"taxonomy":"lugar","embeddable":true,"href":"https:\/\/ficer.com.ar\/2025\/wp-json\/wp\/v2\/lugar?post=8242"},{"taxonomy":"horario","embeddable":true,"href":"https:\/\/ficer.com.ar\/2025\/wp-json\/wp\/v2\/horario?post=8242"}],"curies":[{"name":"wp","href":"https:\/\/api.w.org\/{rel}","templated":true}]}}