{"id":8254,"date":"2025-11-14T18:32:00","date_gmt":"2025-11-14T21:32:00","guid":{"rendered":"https:\/\/ficer.com.ar\/2025\/?post_type=pelicula&#038;p=8254"},"modified":"2025-11-18T10:06:28","modified_gmt":"2025-11-18T13:06:28","slug":"bajo-las-banderas-el-sol","status":"publish","type":"pelicula","link":"https:\/\/ficer.com.ar\/2025\/pelicula\/bajo-las-banderas-el-sol\/","title":{"rendered":"BAJO LAS BANDERAS, EL SOL"},"content":{"rendered":"\n<figure class=\"wp-block-image size-full\"><img fetchpriority=\"high\" decoding=\"async\" width=\"2560\" height=\"1902\" src=\"https:\/\/ficer.com.ar\/2025\/wp-content\/uploads\/2025\/11\/BLBES_STILL_2-scaled.jpg\" alt=\"\" class=\"wp-image-8255\" srcset=\"https:\/\/ficer.com.ar\/2025\/wp-content\/uploads\/2025\/11\/BLBES_STILL_2-scaled.jpg 2560w, https:\/\/ficer.com.ar\/2025\/wp-content\/uploads\/2025\/11\/BLBES_STILL_2-300x223.jpg 300w, https:\/\/ficer.com.ar\/2025\/wp-content\/uploads\/2025\/11\/BLBES_STILL_2-1024x761.jpg 1024w, https:\/\/ficer.com.ar\/2025\/wp-content\/uploads\/2025\/11\/BLBES_STILL_2-768x571.jpg 768w, https:\/\/ficer.com.ar\/2025\/wp-content\/uploads\/2025\/11\/BLBES_STILL_2-1536x1141.jpg 1536w, https:\/\/ficer.com.ar\/2025\/wp-content\/uploads\/2025\/11\/BLBES_STILL_2-2048x1522.jpg 2048w\" sizes=\"(max-width: 2560px) 100vw, 2560px\" \/><\/figure>\n\n\n\n<div class=\"wp-block-columns is-layout-flex wp-container-core-columns-is-layout-28f84493 wp-block-columns-is-layout-flex\">\n<div class=\"wp-block-column is-layout-flow wp-block-column-is-layout-flow\" style=\"flex-basis:33.33%\">\n<p style=\"font-style:normal;font-weight:200\"><strong><mark style=\"background-color:#ffffff;color:#ed5891\" class=\"has-inline-color\">Direcci\u00f3n:<\/mark><\/strong><mark style=\"background-color:#ffffff\" class=\"has-inline-color\"> <\/mark>Juanjo Pereira<br><strong><mark style=\"background-color:#ffffff;color:#ed5891\" class=\"has-inline-color\">A\u00f1o:<\/mark><\/strong><mark style=\"background-color:#ffffff\" class=\"has-inline-color\"> 2025<br><\/mark><strong><mark style=\"background-color:#ffffff;color:#ed5891\" class=\"has-inline-color\">Duraci\u00f3n:<\/mark><\/strong><mark style=\"background-color:#ffffff\" class=\"has-inline-color\"> 90\u2019<br><\/mark><strong><mark style=\"background-color:#ffffff;color:#ed5891\" class=\"has-inline-color\">Pa\u00eds:<\/mark><\/strong><mark style=\"background-color:#ffffff\" class=\"has-inline-color\"> Paraguay-Argentina-Estados Unidos-Francia-Alemania<\/mark><\/p>\n\n\n\n<p style=\"font-style:normal;font-weight:200\"><strong><mark style=\"background-color:#ffffff;color:#ed5891\" class=\"has-inline-color\">Int\u00e9rpretes:<\/mark><\/strong><mark style=\"background-color:#ffffff\" class=\"has-inline-color\"> <\/mark>&#8211;<\/p>\n\n\n\n<p style=\"font-style:normal;font-weight:200\"><strong><mark style=\"background-color:#ffffff;color:#ed5891\" class=\"has-inline-color\">Producci\u00f3n:<\/mark><\/strong><mark style=\"background-color:#ffffff\" class=\"has-inline-color\"> <\/mark>Ivana Urizar, Gabriela Sabat\u00e9, Paula Zyngierman, Leandro Listorti, Juanjo Pereira<\/p>\n<\/div>\n\n\n\n<div class=\"wp-block-column is-layout-flow wp-block-column-is-layout-flow\" style=\"flex-basis:66.66%\">\n<h3 class=\"wp-block-heading has-large-font-size\" style=\"font-style:normal;font-weight:100\"><mark style=\"background-color:#ffffff;color:#ed5891\" class=\"has-inline-color\">Sinopsis<\/mark><\/h3>\n\n\n\n<p style=\"font-style:normal;font-weight:200\">En 1989, la ca\u00edda de la dictadura de Alfredo Stroessner, que dur\u00f3 35 a\u00f1os en Paraguay, marc\u00f3 el fin de uno de los reg\u00edmenes autoritarios m\u00e1s largos del mundo, pero tambi\u00e9n el abandono de los archivos audiovisuales que hab\u00edan consolidado su poder. Estas im\u00e1genes, creadas para forjar una identidad nacional y celebrar el r\u00e9gimen, quedaron relegadas al olvido. D\u00e9cadas m\u00e1s tarde, se ha recuperado en Paraguay y en el extranjero un tesoro de material in\u00e9dito y olvidado que revelan los mecanismos ocultos del poder detr\u00e1s del r\u00e9gimen de Stroessner.<\/p>\n<\/div>\n<\/div>\n\n\n\n<div style=\"height:49px\" aria-hidden=\"true\" class=\"wp-block-spacer\"><\/div>\n\n\n\n<div class=\"wp-block-columns is-layout-flex wp-container-core-columns-is-layout-28f84493 wp-block-columns-is-layout-flex\">\n<div class=\"wp-block-column is-layout-flow wp-block-column-is-layout-flow\"><\/div>\n\n\n\n<div class=\"wp-block-column is-layout-flow wp-block-column-is-layout-flow\"><\/div>\n<\/div>\n\n\n\n<p><\/p>\n","protected":false},"excerpt":{"rendered":"<p>Cine Entrerriano<br \/>\nEL MENSAJE (Iv\u00e1n Fund)<br \/>\n20:30 \u2013 CPC 1P SALA MAYOR<\/p>\n","protected":false},"featured_media":8255,"template":"","meta":[],"categoria":[265],"programacion":[270],"director":[347],"agenda":[],"lugar":[283],"horario":[281],"class_list":["post-8254","pelicula","type-pelicula","status-publish","has-post-thumbnail","hentry","categoria-fronteras-abiertas","programacion-viernes-28-de-noviembre","director-juanjo-pereira","lugar-cine-las-tipas","horario-281"],"_links":{"self":[{"href":"https:\/\/ficer.com.ar\/2025\/wp-json\/wp\/v2\/pelicula\/8254","targetHints":{"allow":["GET"]}}],"collection":[{"href":"https:\/\/ficer.com.ar\/2025\/wp-json\/wp\/v2\/pelicula"}],"about":[{"href":"https:\/\/ficer.com.ar\/2025\/wp-json\/wp\/v2\/types\/pelicula"}],"wp:featuredmedia":[{"embeddable":true,"href":"https:\/\/ficer.com.ar\/2025\/wp-json\/wp\/v2\/media\/8255"}],"wp:attachment":[{"href":"https:\/\/ficer.com.ar\/2025\/wp-json\/wp\/v2\/media?parent=8254"}],"wp:term":[{"taxonomy":"categoria","embeddable":true,"href":"https:\/\/ficer.com.ar\/2025\/wp-json\/wp\/v2\/categoria?post=8254"},{"taxonomy":"programacion","embeddable":true,"href":"https:\/\/ficer.com.ar\/2025\/wp-json\/wp\/v2\/programacion?post=8254"},{"taxonomy":"director","embeddable":true,"href":"https:\/\/ficer.com.ar\/2025\/wp-json\/wp\/v2\/director?post=8254"},{"taxonomy":"agenda","embeddable":true,"href":"https:\/\/ficer.com.ar\/2025\/wp-json\/wp\/v2\/agenda?post=8254"},{"taxonomy":"lugar","embeddable":true,"href":"https:\/\/ficer.com.ar\/2025\/wp-json\/wp\/v2\/lugar?post=8254"},{"taxonomy":"horario","embeddable":true,"href":"https:\/\/ficer.com.ar\/2025\/wp-json\/wp\/v2\/horario?post=8254"}],"curies":[{"name":"wp","href":"https:\/\/api.w.org\/{rel}","templated":true}]}}